{"id":1276,"date":"2021-01-11T05:37:18","date_gmt":"2021-01-11T05:37:18","guid":{"rendered":"https:\/\/radiocompartiendoesperanza.org\/home\/?page_id=1276"},"modified":"2024-03-31T10:05:50","modified_gmt":"2024-03-31T15:05:50","slug":"inicio","status":"publish","type":"page","link":"https:\/\/radiocompartiendoesperanza.org\/home\/","title":{"rendered":"Inicio"},"content":{"rendered":"\t\t<div data-elementor-type=\"wp-page\" data-elementor-id=\"1276\" class=\"elementor elementor-1276\">\n\t\t\t\t\t\t<section class=\"elementor-section elementor-top-section elementor-element elementor-element-141e1c61 elementor-section-full_width elementor-section-stretched elementor-section-height-default elementor-section-height-default\" data-id=\"141e1c61\" data-element_type=\"section\" data-settings=\"{&quot;stretch_section&quot;:&quot;section-stretched&quot;}\">\n\t\t\t\t\t\t<div class=\"elementor-container elementor-column-gap-default\">\n\t\t\t\t\t<div class=\"elementor-column elementor-col-100 elementor-top-column elementor-element elementor-element-113be2bc\" data-id=\"113be2bc\" data-element_type=\"column\">\n\t\t\t<div class=\"elementor-widget-wrap elementor-element-populated\">\n\t\t\t\t\t\t<div class=\"elementor-element elementor-element-624cee1 elementor-widget elementor-widget-slider_revolution\" data-id=\"624cee1\" data-element_type=\"widget\" data-widget_type=\"slider_revolution.default\">\n\t\t\t\t<div class=\"elementor-widget-container\">\n\t\t\t\n\t\t<div class=\"wp-block-themepunch-revslider\">\n\t\t\t<!-- START Home Slider REVOLUTION SLIDER 6.5.7 --><p class=\"rs-p-wp-fix\"><\/p>\n\t\t\t<rs-module-wrap id=\"rev_slider_27_1_wrapper\" data-source=\"gallery\" style=\"visibility:hidden;background:transparent;padding:0;margin:0px auto;margin-top:0;margin-bottom:0;\">\n\t\t\t\t<rs-module id=\"rev_slider_27_1\" style=\"\" data-version=\"6.5.7\">\n\t\t\t\t\t<rs-slides>\n\t\t\t\t\t\t<rs-slide style=\"position: absolute;\" data-key=\"rs-73\" data-title=\"Slide\" data-thumb=\"\/\/radiocompartiendoesperanza.org\/home\/wp-content\/uploads\/2024\/09\/slide14-50x100.png\" data-in=\"o:0;\" data-out=\"a:false;\">\n\t\t\t\t\t\t\t<img fetchpriority=\"high\" decoding=\"async\" src=\"\/\/radiocompartiendoesperanza.org\/home\/wp-content\/plugins\/revslider\/public\/assets\/assets\/dummy.png\" title=\"slide14\" width=\"3840\" height=\"1760\" class=\"rev-slidebg tp-rs-img rs-lazyload\" data-lazyload=\"\/\/radiocompartiendoesperanza.org\/home\/wp-content\/uploads\/2024\/09\/slide14.png\" data-bg=\"p:center top;\" data-panzoom=\"d:10000;ss:110%;se:100;\" data-no-retina>\n<!--\n\t\t\t\t\t\t\t--><rs-group\n\t\t\t\t\t\t\t\tid=\"slider-27-slide-73-layer-2\" \n\t\t\t\t\t\t\t\tdata-type=\"group\"\n\t\t\t\t\t\t\t\tdata-xy=\"x:r,r,l,l;xo:557px,557px,20px,20px;y:m;yo:-25px,-25px,0,0;\"\n\t\t\t\t\t\t\t\tdata-text=\"w:normal;s:20,16,12,7;l:0,20,15,9;\"\n\t\t\t\t\t\t\t\tdata-dim=\"w:629px,629px,460px,290px;h:430px,430px,360px,420px;\"\n\t\t\t\t\t\t\t\tdata-rsp_bd=\"off\"\n\t\t\t\t\t\t\t\tdata-frame_0=\"o:1;\"\n\t\t\t\t\t\t\t\tdata-frame_999=\"o:0;st:w;sR:8700;sA:9000;\"\n\t\t\t\t\t\t\t\tstyle=\"z-index:14;\"\n\t\t\t\t\t\t\t><!--\n\t\t\t\t\t\t\t\t--><rs-layer\n\t\t\t\t\t\t\t\t\tid=\"slider-27-slide-73-layer-1\" \n\t\t\t\t\t\t\t\t\tdata-type=\"text\"\n\t\t\t\t\t\t\t\t\tdata-xy=\"xo:44px,186px,60px,0;yo:-6px;\"\n\t\t\t\t\t\t\t\t\tdata-text=\"w:normal;s:18,18,16,12;l:26,26,26,24;ls:2px,2px,0px,0px;fw:700;\"\n\t\t\t\t\t\t\t\t\tdata-rsp_o=\"off\"\n\t\t\t\t\t\t\t\t\tdata-rsp_bd=\"off\"\n\t\t\t\t\t\t\t\t\tdata-frame_0=\"x:50;\"\n\t\t\t\t\t\t\t\t\tdata-frame_1=\"st:900;sp:1000;\"\n\t\t\t\t\t\t\t\t\tdata-frame_999=\"o:0;st:w;sR:7800;\"\n\t\t\t\t\t\t\t\t\tstyle=\"z-index:10;font-family:'Roboto';\"\n\t\t\t\t\t\t\t\t>RADIO COMPARTIENDO ESPERANZA \n\t\t\t\t\t\t\t\t<\/rs-layer><!--\n\n\t\t\t\t\t\t\t\t--><rs-layer\n\t\t\t\t\t\t\t\t\tid=\"slider-27-slide-73-layer-3\" \n\t\t\t\t\t\t\t\t\tdata-type=\"shape\"\n\t\t\t\t\t\t\t\t\tdata-xy=\"xo:-40px,-40px,0,0;yo:6px;\"\n\t\t\t\t\t\t\t\t\tdata-text=\"w:normal;s:20,16,12,7;l:0,20,15,9;\"\n\t\t\t\t\t\t\t\t\tdata-dim=\"w:67px,67px,40px,60px;h:3px;\"\n\t\t\t\t\t\t\t\t\tdata-vbility=\"t,t,t,f\"\n\t\t\t\t\t\t\t\t\tdata-rsp_o=\"off\"\n\t\t\t\t\t\t\t\t\tdata-rsp_bd=\"off\"\n\t\t\t\t\t\t\t\t\tdata-frame_0=\"x:-50;\"\n\t\t\t\t\t\t\t\t\tdata-frame_1=\"st:700;sp:1000;\"\n\t\t\t\t\t\t\t\t\tdata-frame_999=\"o:0;st:w;sR:8000;\"\n\t\t\t\t\t\t\t\t\tstyle=\"z-index:9;background-color:#c20b0b;\"\n\t\t\t\t\t\t\t\t> \n\t\t\t\t\t\t\t\t<\/rs-layer><!--\n\n\t\t\t\t\t\t\t\t--><rs-layer\n\t\t\t\t\t\t\t\t\tid=\"slider-27-slide-73-layer-4\" \n\t\t\t\t\t\t\t\t\tdata-type=\"text\"\n\t\t\t\t\t\t\t\t\tdata-xy=\"xo:-40px,183px,4px,-1px;yo:30px,30px,34px,30px;\"\n\t\t\t\t\t\t\t\t\tdata-text=\"w:normal;s:60,60,45,30;l:72,72,54,42;fw:700;\"\n\t\t\t\t\t\t\t\t\tdata-rsp_o=\"off\"\n\t\t\t\t\t\t\t\t\tdata-rsp_bd=\"off\"\n\t\t\t\t\t\t\t\t\tdata-frame_0=\"y:50;\"\n\t\t\t\t\t\t\t\t\tdata-frame_1=\"st:1100;sp:1000;\"\n\t\t\t\t\t\t\t\t\tdata-frame_999=\"o:0;st:w;sR:7600;\"\n\t\t\t\t\t\t\t\t\tstyle=\"z-index:12;font-family:'Libre Caslon Text';\"\n\t\t\t\t\t\t\t\t>Llevando Esperanza<br \/>\nen Cristo Jes\u00fas a todo<br \/>\nel mundo. \n\t\t\t\t\t\t\t\t<\/rs-layer><!--\n\n\t\t\t\t\t\t\t\t--><rs-layer\n\t\t\t\t\t\t\t\t\tid=\"slider-27-slide-73-layer-5\" \n\t\t\t\t\t\t\t\t\tdata-type=\"text\"\n\t\t\t\t\t\t\t\t\tdata-xy=\"xo:-37px,187px,4px,0;yo:267px,267px,214px,167px;\"\n\t\t\t\t\t\t\t\t\tdata-text=\"w:normal;s:18,18,18,15;l:28,28,28,26;\"\n\t\t\t\t\t\t\t\t\tdata-dim=\"w:604px,529px,529px,305px;\"\n\t\t\t\t\t\t\t\t\tdata-rsp_o=\"off\"\n\t\t\t\t\t\t\t\t\tdata-rsp_bd=\"off\"\n\t\t\t\t\t\t\t\t\tdata-frame_0=\"y:50;\"\n\t\t\t\t\t\t\t\t\tdata-frame_1=\"st:1300;sp:1000;\"\n\t\t\t\t\t\t\t\t\tdata-frame_999=\"o:0;st:w;sR:7400;\"\n\t\t\t\t\t\t\t\t\tstyle=\"z-index:11;font-family:'Roboto';\"\n\t\t\t\t\t\t\t\t>Transmitiendo de manera ininterrumpida, con el objetivo de llegar a m\u00e1s personas en el mundo, ofreciendo una programaci\u00f3n de total calidad, con valores y principios cristianos. \n\t\t\t\t\t\t\t\t<\/rs-layer><!--\n\t\t\t\t\t\t\t--><\/rs-group><!--\n\n\t\t\t\t\t\t\t--><rs-layer\n\t\t\t\t\t\t\t\tid=\"slider-27-slide-73-layer-7\" \n\t\t\t\t\t\t\t\tdata-type=\"shape\"\n\t\t\t\t\t\t\t\tdata-xy=\"x:c;y:m;\"\n\t\t\t\t\t\t\t\tdata-text=\"w:normal;s:20,16,12,7;l:0,20,15,9;\"\n\t\t\t\t\t\t\t\tdata-dim=\"w:100%;h:100%;\"\n\t\t\t\t\t\t\t\tdata-vbility=\"f,f,t,t\"\n\t\t\t\t\t\t\t\tdata-basealign=\"slide\"\n\t\t\t\t\t\t\t\tdata-rsp_o=\"off\"\n\t\t\t\t\t\t\t\tdata-rsp_bd=\"off\"\n\t\t\t\t\t\t\t\tdata-frame_999=\"o:0;st:w;\"\n\t\t\t\t\t\t\t\tstyle=\"z-index:8;background-color:rgba(0,0,0,0.25);\"\n\t\t\t\t\t\t\t> \n\t\t\t\t\t\t\t<\/rs-layer><!--\n-->\t\t\t\t\t\t<\/rs-slide>\n\t\t\t\t\t\t<rs-slide style=\"position: absolute;\" data-key=\"rs-75\" data-title=\"Slide\" data-thumb=\"\/\/radiocompartiendoesperanza.org\/home\/wp-content\/uploads\/2022\/09\/slider-4-50x100.jpg\" data-in=\"o:0;\" data-out=\"a:false;\">\n\t\t\t\t\t\t\t<img decoding=\"async\" src=\"\/\/radiocompartiendoesperanza.org\/home\/wp-content\/plugins\/revslider\/public\/assets\/assets\/dummy.png\" title=\"slider-4\" width=\"1920\" height=\"880\" class=\"rev-slidebg tp-rs-img rs-lazyload\" data-lazyload=\"\/\/radiocompartiendoesperanza.org\/home\/wp-content\/uploads\/2022\/09\/slider-4.jpg\" data-bg=\"p:center top;\" data-panzoom=\"d:10000;ss:110%;se:100;\" data-no-retina>\n<!--\n\t\t\t\t\t\t\t--><rs-group\n\t\t\t\t\t\t\t\tid=\"slider-27-slide-75-layer-2\" \n\t\t\t\t\t\t\t\tdata-type=\"group\"\n\t\t\t\t\t\t\t\tdata-xy=\"x:r,r,l,l;xo:48px,48px,141px,18px;y:m;yo:-25px,-25px,0,0;\"\n\t\t\t\t\t\t\t\tdata-text=\"w:normal;s:20,16,12,7;l:0,20,15,9;\"\n\t\t\t\t\t\t\t\tdata-dim=\"w:629px,629px,460px,290px;h:430px,430px,360px,420px;\"\n\t\t\t\t\t\t\t\tdata-rsp_bd=\"off\"\n\t\t\t\t\t\t\t\tdata-frame_0=\"o:1;\"\n\t\t\t\t\t\t\t\tdata-frame_999=\"o:0;st:w;sR:8700;sA:9000;\"\n\t\t\t\t\t\t\t\tstyle=\"z-index:14;\"\n\t\t\t\t\t\t\t><!--\n\t\t\t\t\t\t\t\t--><rs-layer\n\t\t\t\t\t\t\t\t\tid=\"slider-27-slide-75-layer-1\" \n\t\t\t\t\t\t\t\t\tdata-type=\"text\"\n\t\t\t\t\t\t\t\t\tdata-xy=\"xo:44px,186px,60px,0;yo:-6px;\"\n\t\t\t\t\t\t\t\t\tdata-text=\"w:normal;s:18,18,16,12;l:26,26,26,24;ls:2px,2px,0px,0px;fw:700;\"\n\t\t\t\t\t\t\t\t\tdata-rsp_o=\"off\"\n\t\t\t\t\t\t\t\t\tdata-rsp_bd=\"off\"\n\t\t\t\t\t\t\t\t\tdata-frame_0=\"x:50;\"\n\t\t\t\t\t\t\t\t\tdata-frame_1=\"st:900;sp:1000;\"\n\t\t\t\t\t\t\t\t\tdata-frame_999=\"o:0;st:w;sR:7800;\"\n\t\t\t\t\t\t\t\t\tstyle=\"z-index:10;font-family:'Roboto';\"\n\t\t\t\t\t\t\t\t>RADIO COMPARTIENDO ESPERANZA \n\t\t\t\t\t\t\t\t<\/rs-layer><!--\n\n\t\t\t\t\t\t\t\t--><rs-layer\n\t\t\t\t\t\t\t\t\tid=\"slider-27-slide-75-layer-3\" \n\t\t\t\t\t\t\t\t\tdata-type=\"shape\"\n\t\t\t\t\t\t\t\t\tdata-xy=\"xo:-40px,-40px,0,0;yo:6px;\"\n\t\t\t\t\t\t\t\t\tdata-text=\"w:normal;s:20,16,12,7;l:0,20,15,9;\"\n\t\t\t\t\t\t\t\t\tdata-dim=\"w:67px,67px,40px,60px;h:3px;\"\n\t\t\t\t\t\t\t\t\tdata-vbility=\"t,t,t,f\"\n\t\t\t\t\t\t\t\t\tdata-rsp_o=\"off\"\n\t\t\t\t\t\t\t\t\tdata-rsp_bd=\"off\"\n\t\t\t\t\t\t\t\t\tdata-frame_0=\"x:-50;\"\n\t\t\t\t\t\t\t\t\tdata-frame_1=\"st:700;sp:1000;\"\n\t\t\t\t\t\t\t\t\tdata-frame_999=\"o:0;st:w;sR:8000;\"\n\t\t\t\t\t\t\t\t\tstyle=\"z-index:9;background-color:#c20b0b;\"\n\t\t\t\t\t\t\t\t> \n\t\t\t\t\t\t\t\t<\/rs-layer><!--\n\n\t\t\t\t\t\t\t\t--><rs-layer\n\t\t\t\t\t\t\t\t\tid=\"slider-27-slide-75-layer-4\" \n\t\t\t\t\t\t\t\t\tdata-type=\"text\"\n\t\t\t\t\t\t\t\t\tdata-xy=\"xo:-40px,183px,4px,-1px;yo:30px,30px,34px,30px;\"\n\t\t\t\t\t\t\t\t\tdata-text=\"w:normal;s:60,60,45,30;l:72,72,54,42;fw:700;\"\n\t\t\t\t\t\t\t\t\tdata-rsp_o=\"off\"\n\t\t\t\t\t\t\t\t\tdata-rsp_bd=\"off\"\n\t\t\t\t\t\t\t\t\tdata-frame_0=\"y:50;\"\n\t\t\t\t\t\t\t\t\tdata-frame_1=\"st:1100;sp:1000;\"\n\t\t\t\t\t\t\t\t\tdata-frame_999=\"o:0;st:w;sR:7600;\"\n\t\t\t\t\t\t\t\t\tstyle=\"z-index:12;font-family:'Libre Caslon Text';\"\n\t\t\t\t\t\t\t\t>Llevando Esperanza<br \/>\nen Cristo Jes\u00fas a todo<br \/>\nel mundo. \n\t\t\t\t\t\t\t\t<\/rs-layer><!--\n\n\t\t\t\t\t\t\t\t--><rs-layer\n\t\t\t\t\t\t\t\t\tid=\"slider-27-slide-75-layer-5\" \n\t\t\t\t\t\t\t\t\tdata-type=\"text\"\n\t\t\t\t\t\t\t\t\tdata-xy=\"xo:-37px,187px,4px,0;yo:267px,267px,214px,167px;\"\n\t\t\t\t\t\t\t\t\tdata-text=\"w:normal;s:18,18,18,15;l:28,28,28,26;\"\n\t\t\t\t\t\t\t\t\tdata-dim=\"w:659px,659px,596px,311px;\"\n\t\t\t\t\t\t\t\t\tdata-rsp_o=\"off\"\n\t\t\t\t\t\t\t\t\tdata-rsp_bd=\"off\"\n\t\t\t\t\t\t\t\t\tdata-frame_0=\"y:50;\"\n\t\t\t\t\t\t\t\t\tdata-frame_1=\"st:1300;sp:1000;\"\n\t\t\t\t\t\t\t\t\tdata-frame_999=\"o:0;st:w;sR:7400;\"\n\t\t\t\t\t\t\t\t\tstyle=\"z-index:11;font-family:'Roboto';\"\n\t\t\t\t\t\t\t\t>Transmitiendo de manera ininterrumpida, con el objetivo de llegar a m\u00e1s personas en el mundo, ofreciendo una programaci\u00f3n de total calidad, con valores y principios cristianos. \n\t\t\t\t\t\t\t\t<\/rs-layer><!--\n\t\t\t\t\t\t\t--><\/rs-group><!--\n\n\t\t\t\t\t\t\t--><rs-layer\n\t\t\t\t\t\t\t\tid=\"slider-27-slide-75-layer-7\" \n\t\t\t\t\t\t\t\tdata-type=\"shape\"\n\t\t\t\t\t\t\t\tdata-xy=\"x:c;y:m;\"\n\t\t\t\t\t\t\t\tdata-text=\"w:normal;s:20,16,12,7;l:0,20,15,9;\"\n\t\t\t\t\t\t\t\tdata-dim=\"w:100%;h:100%;\"\n\t\t\t\t\t\t\t\tdata-vbility=\"f,f,t,t\"\n\t\t\t\t\t\t\t\tdata-basealign=\"slide\"\n\t\t\t\t\t\t\t\tdata-rsp_o=\"off\"\n\t\t\t\t\t\t\t\tdata-rsp_bd=\"off\"\n\t\t\t\t\t\t\t\tdata-frame_999=\"o:0;st:w;\"\n\t\t\t\t\t\t\t\tstyle=\"z-index:8;background-color:rgba(0,0,0,0.25);\"\n\t\t\t\t\t\t\t> \n\t\t\t\t\t\t\t<\/rs-layer><!--\n-->\t\t\t\t\t\t<\/rs-slide>\n\t\t\t\t\t<\/rs-slides>\n\t\t\t\t<\/rs-module>\n\t\t\t\t<script type=\"text\/javascript\">\n\t\t\t\t\tsetREVStartSize({c: 'rev_slider_27_1',rl:[1240,1024,778,480],el:[700,700,580,600],gw:[1230,1024,778,480],gh:[700,700,580,600],type:'standard',justify:'',layout:'fullwidth',mh:\"0\"});if (window.RS_MODULES!==undefined && window.RS_MODULES.modules!==undefined && window.RS_MODULES.modules[\"revslider271\"]!==undefined) {window.RS_MODULES.modules[\"revslider271\"].once = false;window.revapi27 = undefined;if (window.RS_MODULES.checkMinimal!==undefined) window.RS_MODULES.checkMinimal()}\n\t\t\t\t<\/script>\n\t\t\t<\/rs-module-wrap>\n\t\t\t<!-- END REVOLUTION SLIDER -->\n<\/div>\n\n\t\t\t\t<\/div>\n\t\t\t\t<\/div>\n\t\t\t\t<div class=\"elementor-element elementor-element-3f244a5 elementor-widget elementor-widget-spacer\" data-id=\"3f244a5\" data-element_type=\"widget\" data-widget_type=\"spacer.default\">\n\t\t\t\t<div class=\"elementor-widget-container\">\n\t\t\t\t\t<div class=\"elementor-spacer\">\n\t\t\t<div class=\"elementor-spacer-inner\"><\/div>\n\t\t<\/div>\n\t\t\t\t<\/div>\n\t\t\t\t<\/div>\n\t\t\t\t\t<\/div>\n\t\t<\/div>\n\t\t\t\t\t<\/div>\n\t\t<\/section>\n\t\t\t\t<section class=\"elementor-section elementor-top-section elementor-element elementor-element-d878a4a elementor-section-full_width elementor-section-stretched elementor-section-height-default elementor-section-height-default\" data-id=\"d878a4a\" data-element_type=\"section\" data-settings=\"{&quot;stretch_section&quot;:&quot;section-stretched&quot;}\">\n\t\t\t\t\t\t<div class=\"elementor-container elementor-column-gap-default\">\n\t\t\t\t\t<div class=\"elementor-column elementor-col-100 elementor-top-column elementor-element elementor-element-6f78265\" data-id=\"6f78265\" data-element_type=\"column\">\n\t\t\t<div class=\"elementor-widget-wrap elementor-element-populated\">\n\t\t\t\t\t\t<div class=\"elementor-element elementor-element-5cbe081 elementor-widget elementor-widget-text-editor\" data-id=\"5cbe081\" data-element_type=\"widget\" data-widget_type=\"text-editor.default\">\n\t\t\t\t<div class=\"elementor-widget-container\">\n\t\t\t\t\t\t\t<h2 style=\"text-align: center;\"><span style=\"font-size: 24pt;\"><strong>Escucha<span style=\"color: #ff0000;\"> en Vivo<\/span> Radio Compartiendo Esperanza<\/strong><\/span><\/h2>\t\t\t\t\t\t<\/div>\n\t\t\t\t<\/div>\n\t\t\t\t\t<\/div>\n\t\t<\/div>\n\t\t\t\t\t<\/div>\n\t\t<\/section>\n\t\t\t\t<section class=\"elementor-section elementor-top-section elementor-element elementor-element-8b02b0d elementor-section-boxed elementor-section-height-default elementor-section-height-default\" data-id=\"8b02b0d\" data-element_type=\"section\">\n\t\t\t\t\t\t<div class=\"elementor-container elementor-column-gap-default\">\n\t\t\t\t\t<div class=\"elementor-column elementor-col-100 elementor-top-column elementor-element elementor-element-54b9763\" data-id=\"54b9763\" data-element_type=\"column\">\n\t\t\t<div class=\"elementor-widget-wrap elementor-element-populated\">\n\t\t\t\t\t\t<div class=\"elementor-element elementor-element-bd2aa6c elementor-widget elementor-widget-shortcode\" data-id=\"bd2aa6c\" data-element_type=\"widget\" data-widget_type=\"shortcode.default\">\n\t\t\t\t<div class=\"elementor-widget-container\">\n\t\t\t\t\t<div class=\"elementor-shortcode\"><div class=\"radio_player\" data-player-type=\"shortcode\" data-data=\"eyJpZCI6NTM3NywidGl0bGUiOiJSYWRpbyBDb21wYXJ0aWVuZG8gRXNwZXJhbnphIiwic3RhdHVzIjoxLCJza2luIjoic2tpbjIiLCJwb3B1cF9pY29uIjowLCJwbGF5ZXJfc3RhdHVzIjoxLCJwbGF5bGlzdF9pY29uIjowLCJ2b2x1bWVfY29udHJvbCI6MSwid2lkdGgiOiIzNTAiLCJib3JkZXJfcmFkaXVzIjoiNyIsImJnX3R5cGUiOiJjb2xvciIsImJnX2ltYWdlIjoiIiwidGV4dF9jb2xvciI6IiNmZmYiLCJwbGF5ZXJfdGV4dCI6Ik9wZW4gUGxheWVyIiwic3RhdGlvbnMiOlt7InRpdGxlIjoiUmFkaW8gQ29tcGFydGllbmRvIEVzcGVyYW56YSIsInN0cmVhbSI6Imh0dHBzOlwvXC9jYXN0Ni5teS1jb250cm9sLXBhbmVsLmNvbVwvcHJveHlcL3NoYWNkYWwxP21wPVwvc3RyZWFtIiwidGh1bWJuYWlsIjoiaHR0cHM6XC9cL3JhZGlvY29tcGFydGllbmRvZXNwZXJhbnphLm9yZ1wvaG9tZVwvd3AtY29udGVudFwvdXBsb2Fkc1wvMjAyMVwvMTBcL1BFUkZJTC1SQ0UyLnBuZyIsInNvdXJjZV90eXBlIjoic3RyZWFtIn1dLCJjb2xvcl90eXBlIjoiZ3JhZGllbnQiLCJiZ19jb2xvciI6ImxpbmVhci1ncmFkaWVudCh0byBsZWZ0LCAjMjQzOTQ5IDAlLCAjNTE3ZmE0IDEwMCUpIn0=\"><\/div><\/div>\n\t\t\t\t<\/div>\n\t\t\t\t<\/div>\n\t\t\t\t\t<\/div>\n\t\t<\/div>\n\t\t\t\t\t<\/div>\n\t\t<\/section>\n\t\t\t\t<section class=\"elementor-section elementor-top-section elementor-element elementor-element-7daee6d elementor-section-stretched elementor-section-boxed elementor-section-height-default elementor-section-height-default\" data-id=\"7daee6d\" data-element_type=\"section\" data-settings=\"{&quot;stretch_section&quot;:&quot;section-stretched&quot;}\">\n\t\t\t\t\t\t<div class=\"elementor-container elementor-column-gap-default\">\n\t\t\t\t\t<div class=\"elementor-column elementor-col-100 elementor-top-column elementor-element elementor-element-84b4b22\" data-id=\"84b4b22\" data-element_type=\"column\">\n\t\t\t<div class=\"elementor-widget-wrap elementor-element-populated\">\n\t\t\t\t\t\t<section class=\"elementor-section elementor-inner-section elementor-element elementor-element-4d5f4906 elementor-section-boxed elementor-section-height-default elementor-section-height-default\" data-id=\"4d5f4906\" data-element_type=\"section\">\n\t\t\t\t\t\t<div class=\"elementor-container elementor-column-gap-default\">\n\t\t\t\t\t<div class=\"elementor-column elementor-col-50 elementor-inner-column elementor-element elementor-element-616da9d\" data-id=\"616da9d\" data-element_type=\"column\">\n\t\t\t<div class=\"elementor-widget-wrap elementor-element-populated\">\n\t\t\t\t\t\t<div class=\"elementor-element elementor-element-291f57d3 elementor-widget elementor-widget-rt-title\" data-id=\"291f57d3\" data-element_type=\"widget\" data-widget_type=\"rt-title.default\">\n\t\t\t\t<div class=\"elementor-widget-container\">\n\t\t\t<div class=\"section-defauly-style section-heading-1 left\">\n    <div class=\"heading-wrap\">\n        <h2 class=\"heading-title\"> Programaci\u00f3n siguiente <\/h2>\n        <div class=\"singnal-symbol\">\n            <div class=\"item-circle circle-1\"><\/div>\n            <div class=\"item-circle circle-2\"><\/div>\n            <div class=\"item-circle circle-3\"><\/div>\n        <\/div>\n    <\/div>\n    <\/div>\n\t\t<\/div>\n\t\t\t\t<\/div>\n\t\t\t\t\t<\/div>\n\t\t<\/div>\n\t\t\t\t<div class=\"elementor-column elementor-col-50 elementor-inner-column elementor-element elementor-element-4e8dc7bd\" data-id=\"4e8dc7bd\" data-element_type=\"column\">\n\t\t\t<div class=\"elementor-widget-wrap elementor-element-populated\">\n\t\t\t\t\t\t<div class=\"elementor-element elementor-element-4470c1e6 content-align-right content-align--mobilecenter elementor-widget elementor-widget-rt-button\" data-id=\"4470c1e6\" data-element_type=\"widget\" data-widget_type=\"rt-button.default\">\n\t\t\t\t<div class=\"elementor-widget-container\">\n\t\t\t\n<div class=\"rt-item-btn rtin-style-1\">\n\t<a href=\"https:\/\/radiocompartiendoesperanza.org\/home\/all-shows\/\">Todas<\/a>\n<\/div>\t\t<\/div>\n\t\t\t\t<\/div>\n\t\t\t\t\t<\/div>\n\t\t<\/div>\n\t\t\t\t\t<\/div>\n\t\t<\/section>\n\t\t\t\t<div class=\"elementor-element elementor-element-b6a652e elementor-widget elementor-widget-rt-upcoming-show\" data-id=\"b6a652e\" data-element_type=\"widget\" data-widget_type=\"rt-upcoming-show.default\">\n\t\t\t\t<div class=\"elementor-widget-container\">\n\t\t\t<section class=\"default-upcoming upcoming-dynamic\">\n\t<div class=\"row\">\n\t\t\t\t\t\t<div class=\"col-lg-4 col-md-4 col-sm-6 col-12\">\n\t\t\t<div class=\"show-box\">\n\t\t\t\t<div class=\"item-img\">\n\t\t\t\t\t<img decoding=\"async\" width=\"460\" height=\"460\" src=\"https:\/\/radiocompartiendoesperanza.org\/home\/wp-content\/uploads\/2023\/06\/pr-juan-ricardo-jorge-1.jpg\" class=\"attachment-fmwave-blog-single size-fmwave-blog-single wp-post-image\" alt=\"\" \/>\t\t\t\t<\/div>\t\t\t\t\n\t\t\t\t<div class=\"item-content\">\n\t\t\t\t\t<div class=\"item-date\"><i class=\"far fa-clock\"><\/i>9:00 am<\/div>\n\t\t\t\t\t<div class=\"item-info\">\n\t\t\t\t\t<h3 class=\"item-title\"><a href=\"https:\/\/radiocompartiendoesperanza.org\/home\/show\/el-primer-lugar-pr-dennys-mercedes\/\">Estudio de la Biblia &#8211; Pr. Juan R. Jorge<\/a><\/h3>\n\t\t\t\t\t<div class=\"host-name\">Alexander Lizardo<\/div>\n\t\t\t\t\t<\/div>\n\t\t\t\t<\/div>\n\t\t\t<\/div>\n\t\t<\/div>\n\t\t\t \t\t<div class=\"col-lg-4 col-md-4 col-sm-6 col-12\">\n\t\t\t<div class=\"show-box\">\n\t\t\t\t<div class=\"item-img\">\n\t\t\t\t\t<img loading=\"lazy\" decoding=\"async\" width=\"460\" height=\"460\" src=\"https:\/\/radiocompartiendoesperanza.org\/home\/wp-content\/uploads\/2023\/01\/OMAR-MEDINA-1.jpg\" class=\"attachment-fmwave-blog-single size-fmwave-blog-single wp-post-image\" alt=\"\" \/>\t\t\t\t<\/div>\t\t\t\t\n\t\t\t\t<div class=\"item-content\">\n\t\t\t\t\t<div class=\"item-date\"><i class=\"far fa-clock\"><\/i>1:00 pm<\/div>\n\t\t\t\t\t<div class=\"item-info\">\n\t\t\t\t\t<h3 class=\"item-title\"><a href=\"https:\/\/radiocompartiendoesperanza.org\/home\/show\/escuela-sabatica-omar-medina\/\">Escuela Sab\u00e1tica &#8211; Omar Medina<\/a><\/h3>\n\t\t\t\t\t<div class=\"host-name\">Alexander Lizardo<\/div>\n\t\t\t\t\t<\/div>\n\t\t\t\t<\/div>\n\t\t\t<\/div>\n\t\t<\/div>\n\t\t\t \t\t<div class=\"col-lg-4 col-md-4 col-sm-6 col-12\">\n\t\t\t<div class=\"show-box\">\n\t\t\t\t<div class=\"item-img\">\n\t\t\t\t\t<img loading=\"lazy\" decoding=\"async\" width=\"460\" height=\"460\" src=\"https:\/\/radiocompartiendoesperanza.org\/home\/wp-content\/uploads\/2023\/01\/Pedro-mendez-.jpg\" class=\"attachment-fmwave-blog-single size-fmwave-blog-single wp-post-image\" alt=\"\" \/>\t\t\t\t<\/div>\t\t\t\t\n\t\t\t\t<div class=\"item-content\">\n\t\t\t\t\t<div class=\"item-date\"><i class=\"far fa-clock\"><\/i><\/div>\n\t\t\t\t\t<div class=\"item-info\">\n\t\t\t\t\t<h3 class=\"item-title\"><a href=\"https:\/\/radiocompartiendoesperanza.org\/home\/show\/una-luz-en-el-camino-santiago-pavan\/\">Mensajes de Esperanza \u2013 Pedro M\u00e9ndez<\/a><\/h3>\n\t\t\t\t\t<div class=\"host-name\">Alexander Lizardo<\/div>\n\t\t\t\t\t<\/div>\n\t\t\t\t<\/div>\n\t\t\t<\/div>\n\t\t<\/div>\n\t\t\t \t\t<div class=\"col-lg-4 col-md-4 col-sm-6 col-12\">\n\t\t\t<div class=\"show-box\">\n\t\t\t\t<div class=\"item-img\">\n\t\t\t\t\t<img loading=\"lazy\" decoding=\"async\" width=\"460\" height=\"460\" src=\"https:\/\/radiocompartiendoesperanza.org\/home\/wp-content\/uploads\/2022\/09\/pr-juan-joaquin.jpg\" class=\"attachment-fmwave-blog-single size-fmwave-blog-single wp-post-image\" alt=\"\" \/>\t\t\t\t<\/div>\t\t\t\t\n\t\t\t\t<div class=\"item-content\">\n\t\t\t\t\t<div class=\"item-date\"><i class=\"far fa-clock\"><\/i>5:00 pm<\/div>\n\t\t\t\t\t<div class=\"item-info\">\n\t\t\t\t\t<h3 class=\"item-title\"><a href=\"https:\/\/radiocompartiendoesperanza.org\/home\/show\/ecos-del-paraiso\/\">Ecos del Para\u00edso<\/a><\/h3>\n\t\t\t\t\t<div class=\"host-name\">Salvador Demallistre<\/div>\n\t\t\t\t\t<\/div>\n\t\t\t\t<\/div>\n\t\t\t<\/div>\n\t\t<\/div>\n\t\t\t \t\t<div class=\"col-lg-4 col-md-4 col-sm-6 col-12\">\n\t\t\t<div class=\"show-box\">\n\t\t\t\t<div class=\"item-img\">\n\t\t\t\t\t<img loading=\"lazy\" decoding=\"async\" width=\"520\" height=\"460\" src=\"https:\/\/radiocompartiendoesperanza.org\/home\/wp-content\/uploads\/2022\/01\/bullon-520x520-1-520x460.png\" class=\"attachment-fmwave-blog-single size-fmwave-blog-single wp-post-image\" alt=\"\" \/>\t\t\t\t<\/div>\t\t\t\t\n\t\t\t\t<div class=\"item-content\">\n\t\t\t\t\t<div class=\"item-date\"><i class=\"far fa-clock\"><\/i>9:00 pm<\/div>\n\t\t\t\t\t<div class=\"item-info\">\n\t\t\t\t\t<h3 class=\"item-title\"><a href=\"https:\/\/radiocompartiendoesperanza.org\/home\/show\/palabras-de-vida-pr-alejandro-bullon\/\">Palabras de Vida &#8211; Pr. Alejandro Bull\u00f3n<\/a><\/h3>\n\t\t\t\t\t<div class=\"host-name\">Alexander Lizardo<\/div>\n\t\t\t\t\t<\/div>\n\t\t\t\t<\/div>\n\t\t\t<\/div>\n\t\t<\/div>\n\t\t\t \t\t<div class=\"col-lg-4 col-md-4 col-sm-6 col-12\">\n\t\t\t<div class=\"show-box\">\n\t\t\t\t<div class=\"item-img\">\n\t\t\t\t\t<img loading=\"lazy\" decoding=\"async\" width=\"520\" height=\"460\" src=\"https:\/\/radiocompartiendoesperanza.org\/home\/wp-content\/uploads\/2022\/01\/costa-520x520-Recuperado-520x460.png\" class=\"attachment-fmwave-blog-single size-fmwave-blog-single wp-post-image\" alt=\"\" \/>\t\t\t\t<\/div>\t\t\t\t\n\t\t\t\t<div class=\"item-content\">\n\t\t\t\t\t<div class=\"item-date\"><i class=\"far fa-clock\"><\/i>6:30 am<\/div>\n\t\t\t\t\t<div class=\"item-info\">\n\t\t\t\t\t<h3 class=\"item-title\"><a href=\"https:\/\/radiocompartiendoesperanza.org\/home\/show\/una-mejor-manera-de-vivir-pr-robert-costa\/\">Escrito est\u00e1 &#8211; Pr. Robert Costa<\/a><\/h3>\n\t\t\t\t\t<div class=\"host-name\">Salvador Demallistre<\/div>\n\t\t\t\t\t<\/div>\n\t\t\t\t<\/div>\n\t\t\t<\/div>\n\t\t<\/div>\n\t\t\t \t\t<div class=\"col-lg-4 col-md-4 col-sm-6 col-12\">\n\t\t\t<div class=\"show-box\">\n\t\t\t\t<div class=\"item-img\">\n\t\t\t\t\t<img loading=\"lazy\" decoding=\"async\" width=\"520\" height=\"460\" src=\"https:\/\/radiocompartiendoesperanza.org\/home\/wp-content\/uploads\/2022\/01\/frank-520x520-1-520x460.png\" class=\"attachment-fmwave-blog-single size-fmwave-blog-single wp-post-image\" alt=\"\" \/>\t\t\t\t<\/div>\t\t\t\t\n\t\t\t\t<div class=\"item-content\">\n\t\t\t\t\t<div class=\"item-date\"><i class=\"far fa-clock\"><\/i>8:00 am<\/div>\n\t\t\t\t\t<div class=\"item-info\">\n\t\t\t\t\t<h3 class=\"item-title\"><a href=\"https:\/\/radiocompartiendoesperanza.org\/home\/show\/pr-frank-gonzalez\/\">La Voz de la Esperanza &#8211; Pr. Frank Gonz\u00e1lez<\/a><\/h3>\n\t\t\t\t\t<div class=\"host-name\">Alexander Lizardo<\/div>\n\t\t\t\t\t<\/div>\n\t\t\t\t<\/div>\n\t\t\t<\/div>\n\t\t<\/div>\n\t\t\t \t\t<div class=\"col-lg-4 col-md-4 col-sm-6 col-12\">\n\t\t\t<div class=\"show-box\">\n\t\t\t\t<div class=\"item-img\">\n\t\t\t\t\t<img loading=\"lazy\" decoding=\"async\" width=\"520\" height=\"460\" src=\"https:\/\/radiocompartiendoesperanza.org\/home\/wp-content\/uploads\/2022\/01\/milton-520x520-1-520x460.png\" class=\"attachment-fmwave-blog-single size-fmwave-blog-single wp-post-image\" alt=\"\" \/>\t\t\t\t<\/div>\t\t\t\t\n\t\t\t\t<div class=\"item-content\">\n\t\t\t\t\t<div class=\"item-date\"><i class=\"far fa-clock\"><\/i>11:00 am<\/div>\n\t\t\t\t\t<div class=\"item-info\">\n\t\t\t\t\t<h3 class=\"item-title\"><a href=\"https:\/\/radiocompartiendoesperanza.org\/home\/show\/pr-milton-peverini-garcia\/\">La Voz de la Esperanza &#8211; Pr. Milton Peverini Garc\u00eda<\/a><\/h3>\n\t\t\t\t\t<div class=\"host-name\">Salvador Demallistre<\/div>\n\t\t\t\t\t<\/div>\n\t\t\t\t<\/div>\n\t\t\t<\/div>\n\t\t<\/div>\n\t\t\t \t\t<div class=\"col-lg-4 col-md-4 col-sm-6 col-12\">\n\t\t\t<div class=\"show-box\">\n\t\t\t\t<div class=\"item-img\">\n\t\t\t\t\t<img loading=\"lazy\" decoding=\"async\" width=\"640\" height=\"460\" src=\"https:\/\/radiocompartiendoesperanza.org\/home\/wp-content\/uploads\/2021\/10\/tu-historia-preferida-640x460.jpg\" class=\"attachment-fmwave-blog-single size-fmwave-blog-single wp-post-image\" alt=\"\" \/>\t\t\t\t<\/div>\t\t\t\t\n\t\t\t\t<div class=\"item-content\">\n\t\t\t\t\t<div class=\"item-date\"><i class=\"far fa-clock\"><\/i>2:00 pm<\/div>\n\t\t\t\t\t<div class=\"item-info\">\n\t\t\t\t\t<h3 class=\"item-title\"><a href=\"https:\/\/radiocompartiendoesperanza.org\/home\/show\/escuela-sabatica-studio7\/\">Tu Historia Preferida<\/a><\/h3>\n\t\t\t\t\t<div class=\"host-name\">Alexander Lizardo<\/div>\n\t\t\t\t\t<\/div>\n\t\t\t\t<\/div>\n\t\t\t<\/div>\n\t\t<\/div>\n\t\t\t \t\t<div class=\"col-lg-4 col-md-4 col-sm-6 col-12\">\n\t\t\t<div class=\"show-box\">\n\t\t\t\t<div class=\"item-img\">\n\t\t\t\t\t<img loading=\"lazy\" decoding=\"async\" width=\"520\" height=\"460\" src=\"https:\/\/radiocompartiendoesperanza.org\/home\/wp-content\/uploads\/2021\/01\/omar-grieve-520x520-1-520x460.png\" class=\"attachment-fmwave-blog-single size-fmwave-blog-single wp-post-image\" alt=\"\" \/>\t\t\t\t<\/div>\t\t\t\t\n\t\t\t\t<div class=\"item-content\">\n\t\t\t\t\t<div class=\"item-date\"><i class=\"far fa-clock\"><\/i>10:00 pm<\/div>\n\t\t\t\t\t<div class=\"item-info\">\n\t\t\t\t\t<h3 class=\"item-title\"><a href=\"https:\/\/radiocompartiendoesperanza.org\/home\/show\/restaurando-familias\/\">La Voz de la Esperanza &#8211; Pr. Omar Grieve<\/a><\/h3>\n\t\t\t\t\t<div class=\"host-name\">Alexander Lizardo<\/div>\n\t\t\t\t\t<\/div>\n\t\t\t\t<\/div>\n\t\t\t<\/div>\n\t\t<\/div>\n\t\t\t \t\t\t<\/div>\n<\/section>\t\t<\/div>\n\t\t\t\t<\/div>\n\t\t\t\t\t<\/div>\n\t\t<\/div>\n\t\t\t\t\t<\/div>\n\t\t<\/section>\n\t\t\t\t<section class=\"elementor-section elementor-top-section elementor-element elementor-element-ba96a30 elementor-section-boxed elementor-section-height-default elementor-section-height-default\" data-id=\"ba96a30\" data-element_type=\"section\">\n\t\t\t\t\t\t<div class=\"elementor-container elementor-column-gap-default\">\n\t\t\t\t\t<div class=\"elementor-column elementor-col-100 elementor-top-column elementor-element elementor-element-d8ca68c\" data-id=\"d8ca68c\" data-element_type=\"column\">\n\t\t\t<div class=\"elementor-widget-wrap elementor-element-populated\">\n\t\t\t\t\t\t<div class=\"elementor-element elementor-element-7c48b03 elementor-widget elementor-widget-image\" data-id=\"7c48b03\" data-element_type=\"widget\" data-widget_type=\"image.default\">\n\t\t\t\t<div class=\"elementor-widget-container\">\n\t\t\t\t\t\t\t\t\t\t\t\t\t<img loading=\"lazy\" decoding=\"async\" width=\"1024\" height=\"390\" src=\"https:\/\/radiocompartiendoesperanza.org\/home\/wp-content\/uploads\/2021\/10\/banner-frontal-1024x390.jpg\" class=\"attachment-large size-large wp-image-5844\" alt=\"\" srcset=\"https:\/\/radiocompartiendoesperanza.org\/home\/wp-content\/uploads\/2021\/10\/banner-frontal-1024x390.jpg 1024w, https:\/\/radiocompartiendoesperanza.org\/home\/wp-content\/uploads\/2021\/10\/banner-frontal-300x114.jpg 300w, https:\/\/radiocompartiendoesperanza.org\/home\/wp-content\/uploads\/2021\/10\/banner-frontal-768x292.jpg 768w, https:\/\/radiocompartiendoesperanza.org\/home\/wp-content\/uploads\/2021\/10\/banner-frontal-320x122.jpg 320w, https:\/\/radiocompartiendoesperanza.org\/home\/wp-content\/uploads\/2021\/10\/banner-frontal-640x244.jpg 640w, https:\/\/radiocompartiendoesperanza.org\/home\/wp-content\/uploads\/2021\/10\/banner-frontal-360x137.jpg 360w, https:\/\/radiocompartiendoesperanza.org\/home\/wp-content\/uploads\/2021\/10\/banner-frontal-720x274.jpg 720w, https:\/\/radiocompartiendoesperanza.org\/home\/wp-content\/uploads\/2021\/10\/banner-frontal-1080x411.jpg 1080w, https:\/\/radiocompartiendoesperanza.org\/home\/wp-content\/uploads\/2021\/10\/banner-frontal-800x304.jpg 800w, https:\/\/radiocompartiendoesperanza.org\/home\/wp-content\/uploads\/2021\/10\/banner-frontal.jpg 1280w\" sizes=\"(max-width: 1024px) 100vw, 1024px\" \/>\t\t\t\t\t\t\t\t\t\t\t\t\t<\/div>\n\t\t\t\t<\/div>\n\t\t\t\t\t<\/div>\n\t\t<\/div>\n\t\t\t\t\t<\/div>\n\t\t<\/section>\n\t\t\t\t<section class=\"elementor-section elementor-top-section elementor-element elementor-element-26b28a08 elementor-section-stretched elementor-section-boxed elementor-section-height-default elementor-section-height-default\" data-id=\"26b28a08\" data-element_type=\"section\" data-settings=\"{&quot;stretch_section&quot;:&quot;section-stretched&quot;}\">\n\t\t\t\t\t\t<div class=\"elementor-container elementor-column-gap-default\">\n\t\t\t\t\t<div class=\"elementor-column elementor-col-100 elementor-top-column elementor-element elementor-element-5ca75806\" data-id=\"5ca75806\" data-element_type=\"column\">\n\t\t\t<div class=\"elementor-widget-wrap elementor-element-populated\">\n\t\t\t\t\t\t<div class=\"elementor-element elementor-element-4b2549b elementor-widget elementor-widget-spacer\" data-id=\"4b2549b\" data-element_type=\"widget\" data-widget_type=\"spacer.default\">\n\t\t\t\t<div class=\"elementor-widget-container\">\n\t\t\t\t\t<div class=\"elementor-spacer\">\n\t\t\t<div class=\"elementor-spacer-inner\"><\/div>\n\t\t<\/div>\n\t\t\t\t<\/div>\n\t\t\t\t<\/div>\n\t\t\t\t<div class=\"elementor-element elementor-element-7c65a8b3 elementor-widget elementor-widget-rt-title\" data-id=\"7c65a8b3\" data-element_type=\"widget\" data-widget_type=\"rt-title.default\">\n\t\t\t\t<div class=\"elementor-widget-container\">\n\t\t\t<div class=\"section-defauly-style section-heading-1 center\">\n    <div class=\"heading-wrap\">\n        <h2 class=\"heading-title\"> Programaci\u00f3n diaria  de amor y esperanza <\/h2>\n        <div class=\"singnal-symbol\">\n            <div class=\"item-circle circle-1\"><\/div>\n            <div class=\"item-circle circle-2\"><\/div>\n            <div class=\"item-circle circle-3\"><\/div>\n        <\/div>\n    <\/div>\n    <\/div>\n\t\t<\/div>\n\t\t\t\t<\/div>\n\t\t\t\t<div class=\"elementor-element elementor-element-af07b39 elementor-widget elementor-widget-rt-schedule\" data-id=\"af07b39\" data-element_type=\"widget\" data-widget_type=\"rt-schedule.default\">\n\t\t\t\t<div class=\"elementor-widget-container\">\n\t\t\t<div class=\"schedule-tab-default show-schedule-tab\" id=\"show\">\n    <ul class=\"nav nav-tabs\">\n                    <li class=\"nav-item\">\n                <a class=\"nav-link active\" data-toggle=\"tab\" href=\"#sun-2089049246\">Sunday<\/a>\n            <\/li>\n                    <li class=\"nav-item\">\n                <a class=\"nav-link \" data-toggle=\"tab\" href=\"#mon-2089049246\">Monday<\/a>\n            <\/li>\n                    <li class=\"nav-item\">\n                <a class=\"nav-link \" data-toggle=\"tab\" href=\"#tue-2089049246\">Tuesday<\/a>\n            <\/li>\n                    <li class=\"nav-item\">\n                <a class=\"nav-link \" data-toggle=\"tab\" href=\"#wed-2089049246\">Wednesday<\/a>\n            <\/li>\n                    <li class=\"nav-item\">\n                <a class=\"nav-link \" data-toggle=\"tab\" href=\"#thu-2089049246\">Thursday<\/a>\n            <\/li>\n                    <li class=\"nav-item\">\n                <a class=\"nav-link \" data-toggle=\"tab\" href=\"#fri-2089049246\">Friday<\/a>\n            <\/li>\n                    <li class=\"nav-item\">\n                <a class=\"nav-link \" data-toggle=\"tab\" href=\"#sat-2089049246\">Saturday<\/a>\n            <\/li>\n            <\/ul>\n    <div class=\"tab-content\">\n                                <div class=\"tab-pane fade show active\" id=\"sun-2089049246\" role=\"tabpanel\">\n                <div class=\"row\">\n                                                            <div class=\"col-xl-6\">\n                            <div class=\"show-box\">\n                                <div class=\"show-time\">                                   \n                                    <div class=\"show-hour\"><span>6:30 am<\/span> <span>-<\/span><span>7:00 am<\/span><\/div>\n                                <\/div>\n                                <div class=\"media\">\n                                    <div class=\"item-img\"><img loading=\"lazy\" decoding=\"async\" width=\"80\" height=\"80\" src=\"https:\/\/radiocompartiendoesperanza.org\/home\/wp-content\/uploads\/2022\/01\/costa-520x520-Recuperado-150x150.png\" class=\"attachment-80x80 size-80x80 wp-post-image\" alt=\"\" srcset=\"https:\/\/radiocompartiendoesperanza.org\/home\/wp-content\/uploads\/2022\/01\/costa-520x520-Recuperado-150x150.png 150w, https:\/\/radiocompartiendoesperanza.org\/home\/wp-content\/uploads\/2022\/01\/costa-520x520-Recuperado-300x300.png 300w, https:\/\/radiocompartiendoesperanza.org\/home\/wp-content\/uploads\/2022\/01\/costa-520x520-Recuperado-320x320.png 320w, https:\/\/radiocompartiendoesperanza.org\/home\/wp-content\/uploads\/2022\/01\/costa-520x520-Recuperado-360x360.png 360w, https:\/\/radiocompartiendoesperanza.org\/home\/wp-content\/uploads\/2022\/01\/costa-520x520-Recuperado.png 520w\" sizes=\"(max-width: 80px) 100vw, 80px\" \/><\/div>\n                                    <div class=\"media-body\">\n                                        <h3 class=\"item-title\"><a href=\"https:\/\/radiocompartiendoesperanza.org\/home\/show\/una-mejor-manera-de-vivir-pr-robert-costa\/\">Escrito est\u00e1 - Pr. Robert Costa<\/a><\/h3>\n                                        <div class=\"item-subtitle\">Salvador Demallistre<\/div>\n                                    <\/div>\n                                <\/div>\n                                <div class=\"show-share\">\n                                                                        <label>Share on<\/label>\n                                    <div class=\"share-icon\">\n\t\t\t\t\t\t\t\t\t\t                                        \t\t\t\t\t\t\t\t\t\t                                        \t\t\t\t\t\t\t\t\t\t                                        \t\t\t\t\t\t\t\t\t\t                                        \t\t\t\t\t\t\t\t\t\t                                        \t\t\t\t\t\t\t\t\t\t                                        \t\t\t\t\t\t\t\t\t\t                                        \t\t\t\t\t\t\t\t\t\t                                    <\/div>\n                                <\/div>\n                            <\/div>\n                        <\/div>\n                                                                <div class=\"col-xl-6\">\n                            <div class=\"show-box\">\n                                <div class=\"show-time\">                                   \n                                    <div class=\"show-hour\"><span>8:00 am<\/span> <span>-<\/span><span>8:30 am<\/span><\/div>\n                                <\/div>\n                                <div class=\"media\">\n                                    <div class=\"item-img\"><img loading=\"lazy\" decoding=\"async\" width=\"80\" height=\"80\" src=\"https:\/\/radiocompartiendoesperanza.org\/home\/wp-content\/uploads\/2022\/01\/frank-520x520-1-150x150.png\" class=\"attachment-80x80 size-80x80 wp-post-image\" alt=\"\" srcset=\"https:\/\/radiocompartiendoesperanza.org\/home\/wp-content\/uploads\/2022\/01\/frank-520x520-1-150x150.png 150w, https:\/\/radiocompartiendoesperanza.org\/home\/wp-content\/uploads\/2022\/01\/frank-520x520-1-300x300.png 300w, https:\/\/radiocompartiendoesperanza.org\/home\/wp-content\/uploads\/2022\/01\/frank-520x520-1-320x320.png 320w, https:\/\/radiocompartiendoesperanza.org\/home\/wp-content\/uploads\/2022\/01\/frank-520x520-1-360x360.png 360w, https:\/\/radiocompartiendoesperanza.org\/home\/wp-content\/uploads\/2022\/01\/frank-520x520-1.png 520w\" sizes=\"(max-width: 80px) 100vw, 80px\" \/><\/div>\n                                    <div class=\"media-body\">\n                                        <h3 class=\"item-title\"><a href=\"https:\/\/radiocompartiendoesperanza.org\/home\/show\/pr-frank-gonzalez\/\">La Voz de la Esperanza - Pr. Frank Gonz\u00e1lez<\/a><\/h3>\n                                        <div class=\"item-subtitle\">Alexander Lizardo<\/div>\n                                    <\/div>\n                                <\/div>\n                                <div class=\"show-share\">\n                                                                        <label>Share on<\/label>\n                                    <div class=\"share-icon\">\n\t\t\t\t\t\t\t\t\t\t                                        \t\t\t\t\t\t\t\t\t\t                                        \t\t\t\t\t\t\t\t\t\t                                        \t\t\t\t\t\t\t\t\t\t                                        \t\t\t\t\t\t\t\t\t\t                                        \t\t\t\t\t\t\t\t\t\t                                        \t\t\t\t\t\t\t\t\t\t                                        \t\t\t\t\t\t\t\t\t\t                                    <\/div>\n                                <\/div>\n                            <\/div>\n                        <\/div>\n                                                                <div class=\"col-xl-6\">\n                            <div class=\"show-box\">\n                                <div class=\"show-time\">                                   \n                                    <div class=\"show-hour\"><span>9:00 am<\/span> <span>-<\/span><span>9:30 am<\/span><\/div>\n                                <\/div>\n                                <div class=\"media\">\n                                    <div class=\"item-img\"><img loading=\"lazy\" decoding=\"async\" width=\"80\" height=\"80\" src=\"https:\/\/radiocompartiendoesperanza.org\/home\/wp-content\/uploads\/2023\/06\/pr-juan-ricardo-jorge-1.jpg\" class=\"attachment-80x80 size-80x80 wp-post-image\" alt=\"\" \/><\/div>\n                                    <div class=\"media-body\">\n                                        <h3 class=\"item-title\"><a href=\"https:\/\/radiocompartiendoesperanza.org\/home\/show\/el-primer-lugar-pr-dennys-mercedes\/\">Estudio de la Biblia - Pr. Juan R. Jorge<\/a><\/h3>\n                                        <div class=\"item-subtitle\">Alexander Lizardo<\/div>\n                                    <\/div>\n                                <\/div>\n                                <div class=\"show-share\">\n                                                                        <label>Share on<\/label>\n                                    <div class=\"share-icon\">\n\t\t\t\t\t\t\t\t\t\t                                        \t\t\t\t\t\t\t\t\t\t                                        \t\t\t\t\t\t\t\t\t\t                                        \t\t\t\t\t\t\t\t\t\t                                        \t\t\t\t\t\t\t\t\t\t                                        \t\t\t\t\t\t\t\t\t\t                                        \t\t\t\t\t\t\t\t\t\t                                        \t\t\t\t\t\t\t\t\t\t                                    <\/div>\n                                <\/div>\n                            <\/div>\n                        <\/div>\n                                                                <div class=\"col-xl-6\">\n                            <div class=\"show-box\">\n                                <div class=\"show-time\">                                   \n                                    <div class=\"show-hour\"><span>11:00 am<\/span> <span>-<\/span><span>11:30 am<\/span><\/div>\n                                <\/div>\n                                <div class=\"media\">\n                                    <div class=\"item-img\"><img loading=\"lazy\" decoding=\"async\" width=\"80\" height=\"80\" src=\"https:\/\/radiocompartiendoesperanza.org\/home\/wp-content\/uploads\/2022\/01\/milton-520x520-1-150x150.png\" class=\"attachment-80x80 size-80x80 wp-post-image\" alt=\"\" srcset=\"https:\/\/radiocompartiendoesperanza.org\/home\/wp-content\/uploads\/2022\/01\/milton-520x520-1-150x150.png 150w, https:\/\/radiocompartiendoesperanza.org\/home\/wp-content\/uploads\/2022\/01\/milton-520x520-1-300x300.png 300w, https:\/\/radiocompartiendoesperanza.org\/home\/wp-content\/uploads\/2022\/01\/milton-520x520-1-320x320.png 320w, https:\/\/radiocompartiendoesperanza.org\/home\/wp-content\/uploads\/2022\/01\/milton-520x520-1-360x360.png 360w, https:\/\/radiocompartiendoesperanza.org\/home\/wp-content\/uploads\/2022\/01\/milton-520x520-1.png 520w\" sizes=\"(max-width: 80px) 100vw, 80px\" \/><\/div>\n                                    <div class=\"media-body\">\n                                        <h3 class=\"item-title\"><a href=\"https:\/\/radiocompartiendoesperanza.org\/home\/show\/pr-milton-peverini-garcia\/\">La Voz de la Esperanza - Pr. Milton Peverini Garc\u00eda<\/a><\/h3>\n                                        <div class=\"item-subtitle\">Salvador Demallistre<\/div>\n                                    <\/div>\n                                <\/div>\n                                <div class=\"show-share\">\n                                                                        <label>Share on<\/label>\n                                    <div class=\"share-icon\">\n\t\t\t\t\t\t\t\t\t\t                                        \t\t\t\t\t\t\t\t\t\t                                        \t\t\t\t\t\t\t\t\t\t                                        \t\t\t\t\t\t\t\t\t\t                                        \t\t\t\t\t\t\t\t\t\t                                        \t\t\t\t\t\t\t\t\t\t                                        \t\t\t\t\t\t\t\t\t\t                                        \t\t\t\t\t\t\t\t\t\t                                    <\/div>\n                                <\/div>\n                            <\/div>\n                        <\/div>\n                                                                <div class=\"col-xl-6\">\n                            <div class=\"show-box\">\n                                <div class=\"show-time\">                                   \n                                    <div class=\"show-hour\"><span>1:00 pm<\/span> <span>-<\/span><span>1:30 pm<\/span><\/div>\n                                <\/div>\n                                <div class=\"media\">\n                                    <div class=\"item-img\"><img loading=\"lazy\" decoding=\"async\" width=\"80\" height=\"80\" src=\"https:\/\/radiocompartiendoesperanza.org\/home\/wp-content\/uploads\/2023\/01\/OMAR-MEDINA-1.jpg\" class=\"attachment-80x80 size-80x80 wp-post-image\" alt=\"\" \/><\/div>\n                                    <div class=\"media-body\">\n                                        <h3 class=\"item-title\"><a href=\"https:\/\/radiocompartiendoesperanza.org\/home\/show\/escuela-sabatica-omar-medina\/\">Escuela Sab\u00e1tica - Omar Medina<\/a><\/h3>\n                                        <div class=\"item-subtitle\">Alexander Lizardo<\/div>\n                                    <\/div>\n                                <\/div>\n                                <div class=\"show-share\">\n                                                                        <label>Share on<\/label>\n                                    <div class=\"share-icon\">\n\t\t\t\t\t\t\t\t\t\t                                        \t\t\t\t\t\t\t\t\t\t                                        \t\t\t\t\t\t\t\t\t\t                                        \t\t\t\t\t\t\t\t\t\t                                        \t\t\t\t\t\t\t\t\t\t                                        \t\t\t\t\t\t\t\t\t\t                                        \t\t\t\t\t\t\t\t\t\t                                        \t\t\t\t\t\t\t\t\t\t                                    <\/div>\n                                <\/div>\n                            <\/div>\n                        <\/div>\n                                                                <div class=\"col-xl-6\">\n                            <div class=\"show-box\">\n                                <div class=\"show-time\">                                   \n                                    <div class=\"show-hour\"><span>2:00 pm<\/span> <span>-<\/span><span>2:30 pm<\/span><\/div>\n                                <\/div>\n                                <div class=\"media\">\n                                    <div class=\"item-img\"><img loading=\"lazy\" decoding=\"async\" width=\"80\" height=\"80\" src=\"https:\/\/radiocompartiendoesperanza.org\/home\/wp-content\/uploads\/2021\/10\/tu-historia-preferida-150x150.jpg\" class=\"attachment-80x80 size-80x80 wp-post-image\" alt=\"\" \/><\/div>\n                                    <div class=\"media-body\">\n                                        <h3 class=\"item-title\"><a href=\"https:\/\/radiocompartiendoesperanza.org\/home\/show\/escuela-sabatica-studio7\/\">Tu Historia Preferida<\/a><\/h3>\n                                        <div class=\"item-subtitle\">Alexander Lizardo<\/div>\n                                    <\/div>\n                                <\/div>\n                                <div class=\"show-share\">\n                                                                        <label>Share on<\/label>\n                                    <div class=\"share-icon\">\n\t\t\t\t\t\t\t\t\t\t                                        \t\t\t\t\t\t\t\t\t\t                                        \t\t\t\t\t\t\t\t\t\t                                        \t\t\t\t\t\t\t\t\t\t                                        \t\t\t\t\t\t\t\t\t\t                                        \t\t\t\t\t\t\t\t\t\t                                        \t\t\t\t\t\t\t\t\t\t                                        \t\t\t\t\t\t\t\t\t\t                                    <\/div>\n                                <\/div>\n                            <\/div>\n                        <\/div>\n                                                                <div class=\"col-xl-6\">\n                            <div class=\"show-box\">\n                                <div class=\"show-time\">                                   \n                                    <div class=\"show-hour\"><span>5:00 pm<\/span> <span>-<\/span><span>5:30 pm<\/span><\/div>\n                                <\/div>\n                                <div class=\"media\">\n                                    <div class=\"item-img\"><img loading=\"lazy\" decoding=\"async\" width=\"80\" height=\"80\" src=\"https:\/\/radiocompartiendoesperanza.org\/home\/wp-content\/uploads\/2022\/09\/pr-juan-joaquin.jpg\" class=\"attachment-80x80 size-80x80 wp-post-image\" alt=\"\" \/><\/div>\n                                    <div class=\"media-body\">\n                                        <h3 class=\"item-title\"><a href=\"https:\/\/radiocompartiendoesperanza.org\/home\/show\/ecos-del-paraiso\/\">Ecos del Para\u00edso<\/a><\/h3>\n                                        <div class=\"item-subtitle\">Salvador Demallistre<\/div>\n                                    <\/div>\n                                <\/div>\n                                <div class=\"show-share\">\n                                                                        <label>Share on<\/label>\n                                    <div class=\"share-icon\">\n\t\t\t\t\t\t\t\t\t\t                                        \t\t\t\t\t\t\t\t\t\t                                        \t\t\t\t\t\t\t\t\t\t                                        \t\t\t\t\t\t\t\t\t\t                                        \t\t\t\t\t\t\t\t\t\t                                        \t\t\t\t\t\t\t\t\t\t                                        \t\t\t\t\t\t\t\t\t\t                                        \t\t\t\t\t\t\t\t\t\t                                    <\/div>\n                                <\/div>\n                            <\/div>\n                        <\/div>\n                                                                <div class=\"col-xl-6\">\n                            <div class=\"show-box\">\n                                <div class=\"show-time\">                                   \n                                    <div class=\"show-hour\"><span>9:00 pm<\/span> <span>-<\/span><span>9:30 pm<\/span><\/div>\n                                <\/div>\n                                <div class=\"media\">\n                                    <div class=\"item-img\"><img loading=\"lazy\" decoding=\"async\" width=\"80\" height=\"80\" src=\"https:\/\/radiocompartiendoesperanza.org\/home\/wp-content\/uploads\/2022\/01\/bullon-520x520-1-150x150.png\" class=\"attachment-80x80 size-80x80 wp-post-image\" alt=\"\" srcset=\"https:\/\/radiocompartiendoesperanza.org\/home\/wp-content\/uploads\/2022\/01\/bullon-520x520-1-150x150.png 150w, https:\/\/radiocompartiendoesperanza.org\/home\/wp-content\/uploads\/2022\/01\/bullon-520x520-1-300x300.png 300w, https:\/\/radiocompartiendoesperanza.org\/home\/wp-content\/uploads\/2022\/01\/bullon-520x520-1-320x320.png 320w, https:\/\/radiocompartiendoesperanza.org\/home\/wp-content\/uploads\/2022\/01\/bullon-520x520-1-360x360.png 360w, https:\/\/radiocompartiendoesperanza.org\/home\/wp-content\/uploads\/2022\/01\/bullon-520x520-1.png 520w\" sizes=\"(max-width: 80px) 100vw, 80px\" \/><\/div>\n                                    <div class=\"media-body\">\n                                        <h3 class=\"item-title\"><a href=\"https:\/\/radiocompartiendoesperanza.org\/home\/show\/palabras-de-vida-pr-alejandro-bullon\/\">Palabras de Vida - Pr. Alejandro Bull\u00f3n<\/a><\/h3>\n                                        <div class=\"item-subtitle\">Alexander Lizardo<\/div>\n                                    <\/div>\n                                <\/div>\n                                <div class=\"show-share\">\n                                                                        <label>Share on<\/label>\n                                    <div class=\"share-icon\">\n\t\t\t\t\t\t\t\t\t\t                                        \t\t\t\t\t\t\t\t\t\t                                        \t\t\t\t\t\t\t\t\t\t                                        \t\t\t\t\t\t\t\t\t\t                                        \t\t\t\t\t\t\t\t\t\t                                        \t\t\t\t\t\t\t\t\t\t                                        \t\t\t\t\t\t\t\t\t\t                                        \t\t\t\t\t\t\t\t\t\t                                    <\/div>\n                                <\/div>\n                            <\/div>\n                        <\/div>\n                                                                <div class=\"col-xl-6\">\n                            <div class=\"show-box\">\n                                <div class=\"show-time\">                                   \n                                    <div class=\"show-hour\"><span>10:00 pm<\/span> <span>-<\/span><span>10:30 pm<\/span><\/div>\n                                <\/div>\n                                <div class=\"media\">\n                                    <div class=\"item-img\"><img loading=\"lazy\" decoding=\"async\" width=\"80\" height=\"80\" src=\"https:\/\/radiocompartiendoesperanza.org\/home\/wp-content\/uploads\/2021\/01\/omar-grieve-520x520-1-150x150.png\" class=\"attachment-80x80 size-80x80 wp-post-image\" alt=\"\" srcset=\"https:\/\/radiocompartiendoesperanza.org\/home\/wp-content\/uploads\/2021\/01\/omar-grieve-520x520-1-150x150.png 150w, https:\/\/radiocompartiendoesperanza.org\/home\/wp-content\/uploads\/2021\/01\/omar-grieve-520x520-1-300x300.png 300w, https:\/\/radiocompartiendoesperanza.org\/home\/wp-content\/uploads\/2021\/01\/omar-grieve-520x520-1-320x320.png 320w, https:\/\/radiocompartiendoesperanza.org\/home\/wp-content\/uploads\/2021\/01\/omar-grieve-520x520-1-360x360.png 360w, https:\/\/radiocompartiendoesperanza.org\/home\/wp-content\/uploads\/2021\/01\/omar-grieve-520x520-1.png 520w\" sizes=\"(max-width: 80px) 100vw, 80px\" \/><\/div>\n                                    <div class=\"media-body\">\n                                        <h3 class=\"item-title\"><a href=\"https:\/\/radiocompartiendoesperanza.org\/home\/show\/restaurando-familias\/\">La Voz de la Esperanza - Pr. Omar Grieve<\/a><\/h3>\n                                        <div class=\"item-subtitle\">Alexander Lizardo<\/div>\n                                    <\/div>\n                                <\/div>\n                                <div class=\"show-share\">\n                                                                        <label>Share on<\/label>\n                                    <div class=\"share-icon\">\n\t\t\t\t\t\t\t\t\t\t                                                                                    <a target=\"_blank\" href=\"#\"><i class=\"fab fa-facebook-f\" aria-hidden=\"true\"><\/i><\/a>\n                                        \t\t\t\t\t\t\t\t\t\t                                                                                    <a target=\"_blank\" href=\"#\"><i class=\"fab fa-twitter\" aria-hidden=\"true\"><\/i><\/a>\n                                        \t\t\t\t\t\t\t\t\t\t                                                                                    <a target=\"_blank\" href=\"#\"><i class=\"fab fa-linkedin-in\" aria-hidden=\"true\"><\/i><\/a>\n                                        \t\t\t\t\t\t\t\t\t\t                                        \t\t\t\t\t\t\t\t\t\t                                        \t\t\t\t\t\t\t\t\t\t                                                                                    <a target=\"_blank\" href=\"#\"><i class=\"fab fa-instagram\" aria-hidden=\"true\"><\/i><\/a>\n                                        \t\t\t\t\t\t\t\t\t\t                                        \t\t\t\t\t\t\t\t\t\t                                    <\/div>\n                                <\/div>\n                            <\/div>\n                        <\/div>\n                                    <\/div>\n            <\/div>\n                                <div class=\"tab-pane fade show \" id=\"mon-2089049246\" role=\"tabpanel\">\n                <div class=\"row\">\n                                                            <div class=\"col-xl-6\">\n                            <div class=\"show-box\">\n                                <div class=\"show-time\">                                   \n                                    <div class=\"show-hour\"><span>6:30 am<\/span> <span>-<\/span><span>7:00 am<\/span><\/div>\n                                <\/div>\n                                <div class=\"media\">\n                                    <div class=\"item-img\"><img loading=\"lazy\" decoding=\"async\" width=\"80\" height=\"80\" src=\"https:\/\/radiocompartiendoesperanza.org\/home\/wp-content\/uploads\/2022\/01\/costa-520x520-Recuperado-150x150.png\" class=\"attachment-80x80 size-80x80 wp-post-image\" alt=\"\" srcset=\"https:\/\/radiocompartiendoesperanza.org\/home\/wp-content\/uploads\/2022\/01\/costa-520x520-Recuperado-150x150.png 150w, https:\/\/radiocompartiendoesperanza.org\/home\/wp-content\/uploads\/2022\/01\/costa-520x520-Recuperado-300x300.png 300w, https:\/\/radiocompartiendoesperanza.org\/home\/wp-content\/uploads\/2022\/01\/costa-520x520-Recuperado-320x320.png 320w, https:\/\/radiocompartiendoesperanza.org\/home\/wp-content\/uploads\/2022\/01\/costa-520x520-Recuperado-360x360.png 360w, https:\/\/radiocompartiendoesperanza.org\/home\/wp-content\/uploads\/2022\/01\/costa-520x520-Recuperado.png 520w\" sizes=\"(max-width: 80px) 100vw, 80px\" \/><\/div>\n                                    <div class=\"media-body\">\n                                        <h3 class=\"item-title\"><a href=\"https:\/\/radiocompartiendoesperanza.org\/home\/show\/una-mejor-manera-de-vivir-pr-robert-costa\/\">Escrito est\u00e1 - Pr. Robert Costa<\/a><\/h3>\n                                        <div class=\"item-subtitle\">Salvador Demallistre<\/div>\n                                    <\/div>\n                                <\/div>\n                                <div class=\"show-share\">\n                                                                        <label>Share on<\/label>\n                                    <div class=\"share-icon\">\n\t\t\t\t\t\t\t\t\t\t                                        \t\t\t\t\t\t\t\t\t\t                                        \t\t\t\t\t\t\t\t\t\t                                        \t\t\t\t\t\t\t\t\t\t                                        \t\t\t\t\t\t\t\t\t\t                                        \t\t\t\t\t\t\t\t\t\t                                        \t\t\t\t\t\t\t\t\t\t                                        \t\t\t\t\t\t\t\t\t\t                                    <\/div>\n                                <\/div>\n                            <\/div>\n                        <\/div>\n                                                                <div class=\"col-xl-6\">\n                            <div class=\"show-box\">\n                                <div class=\"show-time\">                                   \n                                    <div class=\"show-hour\"><span>8:00 am<\/span> <span>-<\/span><span>8:30 am<\/span><\/div>\n                                <\/div>\n                                <div class=\"media\">\n                                    <div class=\"item-img\"><img loading=\"lazy\" decoding=\"async\" width=\"80\" height=\"80\" src=\"https:\/\/radiocompartiendoesperanza.org\/home\/wp-content\/uploads\/2022\/01\/frank-520x520-1-150x150.png\" class=\"attachment-80x80 size-80x80 wp-post-image\" alt=\"\" srcset=\"https:\/\/radiocompartiendoesperanza.org\/home\/wp-content\/uploads\/2022\/01\/frank-520x520-1-150x150.png 150w, https:\/\/radiocompartiendoesperanza.org\/home\/wp-content\/uploads\/2022\/01\/frank-520x520-1-300x300.png 300w, https:\/\/radiocompartiendoesperanza.org\/home\/wp-content\/uploads\/2022\/01\/frank-520x520-1-320x320.png 320w, https:\/\/radiocompartiendoesperanza.org\/home\/wp-content\/uploads\/2022\/01\/frank-520x520-1-360x360.png 360w, https:\/\/radiocompartiendoesperanza.org\/home\/wp-content\/uploads\/2022\/01\/frank-520x520-1.png 520w\" sizes=\"(max-width: 80px) 100vw, 80px\" \/><\/div>\n                                    <div class=\"media-body\">\n                                        <h3 class=\"item-title\"><a href=\"https:\/\/radiocompartiendoesperanza.org\/home\/show\/pr-frank-gonzalez\/\">La Voz de la Esperanza - Pr. Frank Gonz\u00e1lez<\/a><\/h3>\n                                        <div class=\"item-subtitle\">Alexander Lizardo<\/div>\n                                    <\/div>\n                                <\/div>\n                                <div class=\"show-share\">\n                                                                        <label>Share on<\/label>\n                                    <div class=\"share-icon\">\n\t\t\t\t\t\t\t\t\t\t                                        \t\t\t\t\t\t\t\t\t\t                                        \t\t\t\t\t\t\t\t\t\t                                        \t\t\t\t\t\t\t\t\t\t                                        \t\t\t\t\t\t\t\t\t\t                                        \t\t\t\t\t\t\t\t\t\t                                        \t\t\t\t\t\t\t\t\t\t                                        \t\t\t\t\t\t\t\t\t\t                                    <\/div>\n                                <\/div>\n                            <\/div>\n                        <\/div>\n                                                                <div class=\"col-xl-6\">\n                            <div class=\"show-box\">\n                                <div class=\"show-time\">                                   \n                                    <div class=\"show-hour\"><span>9:00 am<\/span> <span>-<\/span><span>9:30 am<\/span><\/div>\n                                <\/div>\n                                <div class=\"media\">\n                                    <div class=\"item-img\"><img loading=\"lazy\" decoding=\"async\" width=\"80\" height=\"80\" src=\"https:\/\/radiocompartiendoesperanza.org\/home\/wp-content\/uploads\/2023\/06\/pr-juan-ricardo-jorge-1.jpg\" class=\"attachment-80x80 size-80x80 wp-post-image\" alt=\"\" \/><\/div>\n                                    <div class=\"media-body\">\n                                        <h3 class=\"item-title\"><a href=\"https:\/\/radiocompartiendoesperanza.org\/home\/show\/el-primer-lugar-pr-dennys-mercedes\/\">Estudio de la Biblia - Pr. Juan R. Jorge<\/a><\/h3>\n                                        <div class=\"item-subtitle\">Alexander Lizardo<\/div>\n                                    <\/div>\n                                <\/div>\n                                <div class=\"show-share\">\n                                                                        <label>Share on<\/label>\n                                    <div class=\"share-icon\">\n\t\t\t\t\t\t\t\t\t\t                                        \t\t\t\t\t\t\t\t\t\t                                        \t\t\t\t\t\t\t\t\t\t                                        \t\t\t\t\t\t\t\t\t\t                                        \t\t\t\t\t\t\t\t\t\t                                        \t\t\t\t\t\t\t\t\t\t                                        \t\t\t\t\t\t\t\t\t\t                                        \t\t\t\t\t\t\t\t\t\t                                    <\/div>\n                                <\/div>\n                            <\/div>\n                        <\/div>\n                                                                <div class=\"col-xl-6\">\n                            <div class=\"show-box\">\n                                <div class=\"show-time\">                                   \n                                    <div class=\"show-hour\"><span>11:00 am<\/span> <span>-<\/span><span>11:30 am<\/span><\/div>\n                                <\/div>\n                                <div class=\"media\">\n                                    <div class=\"item-img\"><img loading=\"lazy\" decoding=\"async\" width=\"80\" height=\"80\" src=\"https:\/\/radiocompartiendoesperanza.org\/home\/wp-content\/uploads\/2022\/01\/milton-520x520-1-150x150.png\" class=\"attachment-80x80 size-80x80 wp-post-image\" alt=\"\" srcset=\"https:\/\/radiocompartiendoesperanza.org\/home\/wp-content\/uploads\/2022\/01\/milton-520x520-1-150x150.png 150w, https:\/\/radiocompartiendoesperanza.org\/home\/wp-content\/uploads\/2022\/01\/milton-520x520-1-300x300.png 300w, https:\/\/radiocompartiendoesperanza.org\/home\/wp-content\/uploads\/2022\/01\/milton-520x520-1-320x320.png 320w, https:\/\/radiocompartiendoesperanza.org\/home\/wp-content\/uploads\/2022\/01\/milton-520x520-1-360x360.png 360w, https:\/\/radiocompartiendoesperanza.org\/home\/wp-content\/uploads\/2022\/01\/milton-520x520-1.png 520w\" sizes=\"(max-width: 80px) 100vw, 80px\" \/><\/div>\n                                    <div class=\"media-body\">\n                                        <h3 class=\"item-title\"><a href=\"https:\/\/radiocompartiendoesperanza.org\/home\/show\/pr-milton-peverini-garcia\/\">La Voz de la Esperanza - Pr. Milton Peverini Garc\u00eda<\/a><\/h3>\n                                        <div class=\"item-subtitle\">Salvador Demallistre<\/div>\n                                    <\/div>\n                                <\/div>\n                                <div class=\"show-share\">\n                                                                        <label>Share on<\/label>\n                                    <div class=\"share-icon\">\n\t\t\t\t\t\t\t\t\t\t                                        \t\t\t\t\t\t\t\t\t\t                                        \t\t\t\t\t\t\t\t\t\t                                        \t\t\t\t\t\t\t\t\t\t                                        \t\t\t\t\t\t\t\t\t\t                                        \t\t\t\t\t\t\t\t\t\t                                        \t\t\t\t\t\t\t\t\t\t                                        \t\t\t\t\t\t\t\t\t\t                                    <\/div>\n                                <\/div>\n                            <\/div>\n                        <\/div>\n                                                                <div class=\"col-xl-6\">\n                            <div class=\"show-box\">\n                                <div class=\"show-time\">                                   \n                                    <div class=\"show-hour\"><span>1:00 pm<\/span> <span>-<\/span><span>1:30 pm<\/span><\/div>\n                                <\/div>\n                                <div class=\"media\">\n                                    <div class=\"item-img\"><img loading=\"lazy\" decoding=\"async\" width=\"80\" height=\"80\" src=\"https:\/\/radiocompartiendoesperanza.org\/home\/wp-content\/uploads\/2023\/01\/OMAR-MEDINA-1.jpg\" class=\"attachment-80x80 size-80x80 wp-post-image\" alt=\"\" \/><\/div>\n                                    <div class=\"media-body\">\n                                        <h3 class=\"item-title\"><a href=\"https:\/\/radiocompartiendoesperanza.org\/home\/show\/escuela-sabatica-omar-medina\/\">Escuela Sab\u00e1tica - Omar Medina<\/a><\/h3>\n                                        <div class=\"item-subtitle\">Alexander Lizardo<\/div>\n                                    <\/div>\n                                <\/div>\n                                <div class=\"show-share\">\n                                                                        <label>Share on<\/label>\n                                    <div class=\"share-icon\">\n\t\t\t\t\t\t\t\t\t\t                                        \t\t\t\t\t\t\t\t\t\t                                        \t\t\t\t\t\t\t\t\t\t                                        \t\t\t\t\t\t\t\t\t\t                                        \t\t\t\t\t\t\t\t\t\t                                        \t\t\t\t\t\t\t\t\t\t                                        \t\t\t\t\t\t\t\t\t\t                                        \t\t\t\t\t\t\t\t\t\t                                    <\/div>\n                                <\/div>\n                            <\/div>\n                        <\/div>\n                                                                <div class=\"col-xl-6\">\n                            <div class=\"show-box\">\n                                <div class=\"show-time\">                                   \n                                    <div class=\"show-hour\"><span>2:00 pm<\/span> <span>-<\/span><span>2:30 pm<\/span><\/div>\n                                <\/div>\n                                <div class=\"media\">\n                                    <div class=\"item-img\"><img loading=\"lazy\" decoding=\"async\" width=\"80\" height=\"80\" src=\"https:\/\/radiocompartiendoesperanza.org\/home\/wp-content\/uploads\/2021\/10\/tu-historia-preferida-150x150.jpg\" class=\"attachment-80x80 size-80x80 wp-post-image\" alt=\"\" \/><\/div>\n                                    <div class=\"media-body\">\n                                        <h3 class=\"item-title\"><a href=\"https:\/\/radiocompartiendoesperanza.org\/home\/show\/escuela-sabatica-studio7\/\">Tu Historia Preferida<\/a><\/h3>\n                                        <div class=\"item-subtitle\">Alexander Lizardo<\/div>\n                                    <\/div>\n                                <\/div>\n                                <div class=\"show-share\">\n                                                                        <label>Share on<\/label>\n                                    <div class=\"share-icon\">\n\t\t\t\t\t\t\t\t\t\t                                        \t\t\t\t\t\t\t\t\t\t                                        \t\t\t\t\t\t\t\t\t\t                                        \t\t\t\t\t\t\t\t\t\t                                        \t\t\t\t\t\t\t\t\t\t                                        \t\t\t\t\t\t\t\t\t\t                                        \t\t\t\t\t\t\t\t\t\t                                        \t\t\t\t\t\t\t\t\t\t                                    <\/div>\n                                <\/div>\n                            <\/div>\n                        <\/div>\n                                                                <div class=\"col-xl-6\">\n                            <div class=\"show-box\">\n                                <div class=\"show-time\">                                   \n                                    <div class=\"show-hour\"><span>3:00 pm<\/span> <span>-<\/span><span>3:30 pm<\/span><\/div>\n                                <\/div>\n                                <div class=\"media\">\n                                    <div class=\"item-img\"><img loading=\"lazy\" decoding=\"async\" width=\"80\" height=\"80\" src=\"https:\/\/radiocompartiendoesperanza.org\/home\/wp-content\/uploads\/2023\/01\/Pedro-mendez-.jpg\" class=\"attachment-80x80 size-80x80 wp-post-image\" alt=\"\" \/><\/div>\n                                    <div class=\"media-body\">\n                                        <h3 class=\"item-title\"><a href=\"https:\/\/radiocompartiendoesperanza.org\/home\/show\/una-luz-en-el-camino-santiago-pavan\/\">Mensajes de Esperanza \u2013 Pedro M\u00e9ndez<\/a><\/h3>\n                                        <div class=\"item-subtitle\">Alexander Lizardo<\/div>\n                                    <\/div>\n                                <\/div>\n                                <div class=\"show-share\">\n                                                                        <label>Share on<\/label>\n                                    <div class=\"share-icon\">\n\t\t\t\t\t\t\t\t\t\t                                        \t\t\t\t\t\t\t\t\t\t                                        \t\t\t\t\t\t\t\t\t\t                                        \t\t\t\t\t\t\t\t\t\t                                        \t\t\t\t\t\t\t\t\t\t                                        \t\t\t\t\t\t\t\t\t\t                                        \t\t\t\t\t\t\t\t\t\t                                        \t\t\t\t\t\t\t\t\t\t                                    <\/div>\n                                <\/div>\n                            <\/div>\n                        <\/div>\n                                                                <div class=\"col-xl-6\">\n                            <div class=\"show-box\">\n                                <div class=\"show-time\">                                   \n                                    <div class=\"show-hour\"><span>5:00 pm<\/span> <span>-<\/span><span>5:30 pm<\/span><\/div>\n                                <\/div>\n                                <div class=\"media\">\n                                    <div class=\"item-img\"><img loading=\"lazy\" decoding=\"async\" width=\"80\" height=\"80\" src=\"https:\/\/radiocompartiendoesperanza.org\/home\/wp-content\/uploads\/2022\/09\/pr-juan-joaquin.jpg\" class=\"attachment-80x80 size-80x80 wp-post-image\" alt=\"\" \/><\/div>\n                                    <div class=\"media-body\">\n                                        <h3 class=\"item-title\"><a href=\"https:\/\/radiocompartiendoesperanza.org\/home\/show\/ecos-del-paraiso\/\">Ecos del Para\u00edso<\/a><\/h3>\n                                        <div class=\"item-subtitle\">Salvador Demallistre<\/div>\n                                    <\/div>\n                                <\/div>\n                                <div class=\"show-share\">\n                                                                        <label>Share on<\/label>\n                                    <div class=\"share-icon\">\n\t\t\t\t\t\t\t\t\t\t                                        \t\t\t\t\t\t\t\t\t\t                                        \t\t\t\t\t\t\t\t\t\t                                        \t\t\t\t\t\t\t\t\t\t                                        \t\t\t\t\t\t\t\t\t\t                                        \t\t\t\t\t\t\t\t\t\t                                        \t\t\t\t\t\t\t\t\t\t                                        \t\t\t\t\t\t\t\t\t\t                                    <\/div>\n                                <\/div>\n                            <\/div>\n                        <\/div>\n                                                                <div class=\"col-xl-6\">\n                            <div class=\"show-box\">\n                                <div class=\"show-time\">                                   \n                                    <div class=\"show-hour\"><span>9:00 pm<\/span> <span>-<\/span><span>9:30 pm<\/span><\/div>\n                                <\/div>\n                                <div class=\"media\">\n                                    <div class=\"item-img\"><img loading=\"lazy\" decoding=\"async\" width=\"80\" height=\"80\" src=\"https:\/\/radiocompartiendoesperanza.org\/home\/wp-content\/uploads\/2022\/01\/bullon-520x520-1-150x150.png\" class=\"attachment-80x80 size-80x80 wp-post-image\" alt=\"\" srcset=\"https:\/\/radiocompartiendoesperanza.org\/home\/wp-content\/uploads\/2022\/01\/bullon-520x520-1-150x150.png 150w, https:\/\/radiocompartiendoesperanza.org\/home\/wp-content\/uploads\/2022\/01\/bullon-520x520-1-300x300.png 300w, https:\/\/radiocompartiendoesperanza.org\/home\/wp-content\/uploads\/2022\/01\/bullon-520x520-1-320x320.png 320w, https:\/\/radiocompartiendoesperanza.org\/home\/wp-content\/uploads\/2022\/01\/bullon-520x520-1-360x360.png 360w, https:\/\/radiocompartiendoesperanza.org\/home\/wp-content\/uploads\/2022\/01\/bullon-520x520-1.png 520w\" sizes=\"(max-width: 80px) 100vw, 80px\" \/><\/div>\n                                    <div class=\"media-body\">\n                                        <h3 class=\"item-title\"><a href=\"https:\/\/radiocompartiendoesperanza.org\/home\/show\/palabras-de-vida-pr-alejandro-bullon\/\">Palabras de Vida - Pr. Alejandro Bull\u00f3n<\/a><\/h3>\n                                        <div class=\"item-subtitle\">Alexander Lizardo<\/div>\n                                    <\/div>\n                                <\/div>\n                                <div class=\"show-share\">\n                                                                        <label>Share on<\/label>\n                                    <div class=\"share-icon\">\n\t\t\t\t\t\t\t\t\t\t                                        \t\t\t\t\t\t\t\t\t\t                                        \t\t\t\t\t\t\t\t\t\t                                        \t\t\t\t\t\t\t\t\t\t                                        \t\t\t\t\t\t\t\t\t\t                                        \t\t\t\t\t\t\t\t\t\t                                        \t\t\t\t\t\t\t\t\t\t                                        \t\t\t\t\t\t\t\t\t\t                                    <\/div>\n                                <\/div>\n                            <\/div>\n                        <\/div>\n                                                                <div class=\"col-xl-6\">\n                            <div class=\"show-box\">\n                                <div class=\"show-time\">                                   \n                                    <div class=\"show-hour\"><span>10:00 pm<\/span> <span>-<\/span><span>10:30 pm<\/span><\/div>\n                                <\/div>\n                                <div class=\"media\">\n                                    <div class=\"item-img\"><img loading=\"lazy\" decoding=\"async\" width=\"80\" height=\"80\" src=\"https:\/\/radiocompartiendoesperanza.org\/home\/wp-content\/uploads\/2021\/01\/omar-grieve-520x520-1-150x150.png\" class=\"attachment-80x80 size-80x80 wp-post-image\" alt=\"\" srcset=\"https:\/\/radiocompartiendoesperanza.org\/home\/wp-content\/uploads\/2021\/01\/omar-grieve-520x520-1-150x150.png 150w, https:\/\/radiocompartiendoesperanza.org\/home\/wp-content\/uploads\/2021\/01\/omar-grieve-520x520-1-300x300.png 300w, https:\/\/radiocompartiendoesperanza.org\/home\/wp-content\/uploads\/2021\/01\/omar-grieve-520x520-1-320x320.png 320w, https:\/\/radiocompartiendoesperanza.org\/home\/wp-content\/uploads\/2021\/01\/omar-grieve-520x520-1-360x360.png 360w, https:\/\/radiocompartiendoesperanza.org\/home\/wp-content\/uploads\/2021\/01\/omar-grieve-520x520-1.png 520w\" sizes=\"(max-width: 80px) 100vw, 80px\" \/><\/div>\n                                    <div class=\"media-body\">\n                                        <h3 class=\"item-title\"><a href=\"https:\/\/radiocompartiendoesperanza.org\/home\/show\/restaurando-familias\/\">La Voz de la Esperanza - Pr. Omar Grieve<\/a><\/h3>\n                                        <div class=\"item-subtitle\">Alexander Lizardo<\/div>\n                                    <\/div>\n                                <\/div>\n                                <div class=\"show-share\">\n                                                                        <label>Share on<\/label>\n                                    <div class=\"share-icon\">\n\t\t\t\t\t\t\t\t\t\t                                                                                    <a target=\"_blank\" href=\"#\"><i class=\"fab fa-facebook-f\" aria-hidden=\"true\"><\/i><\/a>\n                                        \t\t\t\t\t\t\t\t\t\t                                                                                    <a target=\"_blank\" href=\"#\"><i class=\"fab fa-twitter\" aria-hidden=\"true\"><\/i><\/a>\n                                        \t\t\t\t\t\t\t\t\t\t                                                                                    <a target=\"_blank\" href=\"#\"><i class=\"fab fa-linkedin-in\" aria-hidden=\"true\"><\/i><\/a>\n                                        \t\t\t\t\t\t\t\t\t\t                                        \t\t\t\t\t\t\t\t\t\t                                        \t\t\t\t\t\t\t\t\t\t                                                                                    <a target=\"_blank\" href=\"#\"><i class=\"fab fa-instagram\" aria-hidden=\"true\"><\/i><\/a>\n                                        \t\t\t\t\t\t\t\t\t\t                                        \t\t\t\t\t\t\t\t\t\t                                    <\/div>\n                                <\/div>\n                            <\/div>\n                        <\/div>\n                                    <\/div>\n            <\/div>\n                                <div class=\"tab-pane fade show \" id=\"tue-2089049246\" role=\"tabpanel\">\n                <div class=\"row\">\n                                                            <div class=\"col-xl-6\">\n                            <div class=\"show-box\">\n                                <div class=\"show-time\">                                   \n                                    <div class=\"show-hour\"><span>6:30 am<\/span> <span>-<\/span><span>7:00 am<\/span><\/div>\n                                <\/div>\n                                <div class=\"media\">\n                                    <div class=\"item-img\"><img loading=\"lazy\" decoding=\"async\" width=\"80\" height=\"80\" src=\"https:\/\/radiocompartiendoesperanza.org\/home\/wp-content\/uploads\/2022\/01\/costa-520x520-Recuperado-150x150.png\" class=\"attachment-80x80 size-80x80 wp-post-image\" alt=\"\" srcset=\"https:\/\/radiocompartiendoesperanza.org\/home\/wp-content\/uploads\/2022\/01\/costa-520x520-Recuperado-150x150.png 150w, https:\/\/radiocompartiendoesperanza.org\/home\/wp-content\/uploads\/2022\/01\/costa-520x520-Recuperado-300x300.png 300w, https:\/\/radiocompartiendoesperanza.org\/home\/wp-content\/uploads\/2022\/01\/costa-520x520-Recuperado-320x320.png 320w, https:\/\/radiocompartiendoesperanza.org\/home\/wp-content\/uploads\/2022\/01\/costa-520x520-Recuperado-360x360.png 360w, https:\/\/radiocompartiendoesperanza.org\/home\/wp-content\/uploads\/2022\/01\/costa-520x520-Recuperado.png 520w\" sizes=\"(max-width: 80px) 100vw, 80px\" \/><\/div>\n                                    <div class=\"media-body\">\n                                        <h3 class=\"item-title\"><a href=\"https:\/\/radiocompartiendoesperanza.org\/home\/show\/una-mejor-manera-de-vivir-pr-robert-costa\/\">Escrito est\u00e1 - Pr. Robert Costa<\/a><\/h3>\n                                        <div class=\"item-subtitle\">Salvador Demallistre<\/div>\n                                    <\/div>\n                                <\/div>\n                                <div class=\"show-share\">\n                                                                        <label>Share on<\/label>\n                                    <div class=\"share-icon\">\n\t\t\t\t\t\t\t\t\t\t                                        \t\t\t\t\t\t\t\t\t\t                                        \t\t\t\t\t\t\t\t\t\t                                        \t\t\t\t\t\t\t\t\t\t                                        \t\t\t\t\t\t\t\t\t\t                                        \t\t\t\t\t\t\t\t\t\t                                        \t\t\t\t\t\t\t\t\t\t                                        \t\t\t\t\t\t\t\t\t\t                                    <\/div>\n                                <\/div>\n                            <\/div>\n                        <\/div>\n                                                                <div class=\"col-xl-6\">\n                            <div class=\"show-box\">\n                                <div class=\"show-time\">                                   \n                                    <div class=\"show-hour\"><span>8:00 am<\/span> <span>-<\/span><span>8:30 am<\/span><\/div>\n                                <\/div>\n                                <div class=\"media\">\n                                    <div class=\"item-img\"><img loading=\"lazy\" decoding=\"async\" width=\"80\" height=\"80\" src=\"https:\/\/radiocompartiendoesperanza.org\/home\/wp-content\/uploads\/2022\/01\/frank-520x520-1-150x150.png\" class=\"attachment-80x80 size-80x80 wp-post-image\" alt=\"\" srcset=\"https:\/\/radiocompartiendoesperanza.org\/home\/wp-content\/uploads\/2022\/01\/frank-520x520-1-150x150.png 150w, https:\/\/radiocompartiendoesperanza.org\/home\/wp-content\/uploads\/2022\/01\/frank-520x520-1-300x300.png 300w, https:\/\/radiocompartiendoesperanza.org\/home\/wp-content\/uploads\/2022\/01\/frank-520x520-1-320x320.png 320w, https:\/\/radiocompartiendoesperanza.org\/home\/wp-content\/uploads\/2022\/01\/frank-520x520-1-360x360.png 360w, https:\/\/radiocompartiendoesperanza.org\/home\/wp-content\/uploads\/2022\/01\/frank-520x520-1.png 520w\" sizes=\"(max-width: 80px) 100vw, 80px\" \/><\/div>\n                                    <div class=\"media-body\">\n                                        <h3 class=\"item-title\"><a href=\"https:\/\/radiocompartiendoesperanza.org\/home\/show\/pr-frank-gonzalez\/\">La Voz de la Esperanza - Pr. Frank Gonz\u00e1lez<\/a><\/h3>\n                                        <div class=\"item-subtitle\">Alexander Lizardo<\/div>\n                                    <\/div>\n                                <\/div>\n                                <div class=\"show-share\">\n                                                                        <label>Share on<\/label>\n                                    <div class=\"share-icon\">\n\t\t\t\t\t\t\t\t\t\t                                        \t\t\t\t\t\t\t\t\t\t                                        \t\t\t\t\t\t\t\t\t\t                                        \t\t\t\t\t\t\t\t\t\t                                        \t\t\t\t\t\t\t\t\t\t                                        \t\t\t\t\t\t\t\t\t\t                                        \t\t\t\t\t\t\t\t\t\t                                        \t\t\t\t\t\t\t\t\t\t                                    <\/div>\n                                <\/div>\n                            <\/div>\n                        <\/div>\n                                                                <div class=\"col-xl-6\">\n                            <div class=\"show-box\">\n                                <div class=\"show-time\">                                   \n                                    <div class=\"show-hour\"><span>9:00 am<\/span> <span>-<\/span><span>9:30 am<\/span><\/div>\n                                <\/div>\n                                <div class=\"media\">\n                                    <div class=\"item-img\"><img loading=\"lazy\" decoding=\"async\" width=\"80\" height=\"80\" src=\"https:\/\/radiocompartiendoesperanza.org\/home\/wp-content\/uploads\/2023\/06\/pr-juan-ricardo-jorge-1.jpg\" class=\"attachment-80x80 size-80x80 wp-post-image\" alt=\"\" \/><\/div>\n                                    <div class=\"media-body\">\n                                        <h3 class=\"item-title\"><a href=\"https:\/\/radiocompartiendoesperanza.org\/home\/show\/el-primer-lugar-pr-dennys-mercedes\/\">Estudio de la Biblia - Pr. Juan R. Jorge<\/a><\/h3>\n                                        <div class=\"item-subtitle\">Alexander Lizardo<\/div>\n                                    <\/div>\n                                <\/div>\n                                <div class=\"show-share\">\n                                                                        <label>Share on<\/label>\n                                    <div class=\"share-icon\">\n\t\t\t\t\t\t\t\t\t\t                                        \t\t\t\t\t\t\t\t\t\t                                        \t\t\t\t\t\t\t\t\t\t                                        \t\t\t\t\t\t\t\t\t\t                                        \t\t\t\t\t\t\t\t\t\t                                        \t\t\t\t\t\t\t\t\t\t                                        \t\t\t\t\t\t\t\t\t\t                                        \t\t\t\t\t\t\t\t\t\t                                    <\/div>\n                                <\/div>\n                            <\/div>\n                        <\/div>\n                                                                <div class=\"col-xl-6\">\n                            <div class=\"show-box\">\n                                <div class=\"show-time\">                                   \n                                    <div class=\"show-hour\"><span>11:00 am<\/span> <span>-<\/span><span>11:30 am<\/span><\/div>\n                                <\/div>\n                                <div class=\"media\">\n                                    <div class=\"item-img\"><img loading=\"lazy\" decoding=\"async\" width=\"80\" height=\"80\" src=\"https:\/\/radiocompartiendoesperanza.org\/home\/wp-content\/uploads\/2022\/01\/milton-520x520-1-150x150.png\" class=\"attachment-80x80 size-80x80 wp-post-image\" alt=\"\" srcset=\"https:\/\/radiocompartiendoesperanza.org\/home\/wp-content\/uploads\/2022\/01\/milton-520x520-1-150x150.png 150w, https:\/\/radiocompartiendoesperanza.org\/home\/wp-content\/uploads\/2022\/01\/milton-520x520-1-300x300.png 300w, https:\/\/radiocompartiendoesperanza.org\/home\/wp-content\/uploads\/2022\/01\/milton-520x520-1-320x320.png 320w, https:\/\/radiocompartiendoesperanza.org\/home\/wp-content\/uploads\/2022\/01\/milton-520x520-1-360x360.png 360w, https:\/\/radiocompartiendoesperanza.org\/home\/wp-content\/uploads\/2022\/01\/milton-520x520-1.png 520w\" sizes=\"(max-width: 80px) 100vw, 80px\" \/><\/div>\n                                    <div class=\"media-body\">\n                                        <h3 class=\"item-title\"><a href=\"https:\/\/radiocompartiendoesperanza.org\/home\/show\/pr-milton-peverini-garcia\/\">La Voz de la Esperanza - Pr. Milton Peverini Garc\u00eda<\/a><\/h3>\n                                        <div class=\"item-subtitle\">Salvador Demallistre<\/div>\n                                    <\/div>\n                                <\/div>\n                                <div class=\"show-share\">\n                                                                        <label>Share on<\/label>\n                                    <div class=\"share-icon\">\n\t\t\t\t\t\t\t\t\t\t                                        \t\t\t\t\t\t\t\t\t\t                                        \t\t\t\t\t\t\t\t\t\t                                        \t\t\t\t\t\t\t\t\t\t                                        \t\t\t\t\t\t\t\t\t\t                                        \t\t\t\t\t\t\t\t\t\t                                        \t\t\t\t\t\t\t\t\t\t                                        \t\t\t\t\t\t\t\t\t\t                                    <\/div>\n                                <\/div>\n                            <\/div>\n                        <\/div>\n                                                                <div class=\"col-xl-6\">\n                            <div class=\"show-box\">\n                                <div class=\"show-time\">                                   \n                                    <div class=\"show-hour\"><span>1:00 pm<\/span> <span>-<\/span><span>1:30 pm<\/span><\/div>\n                                <\/div>\n                                <div class=\"media\">\n                                    <div class=\"item-img\"><img loading=\"lazy\" decoding=\"async\" width=\"80\" height=\"80\" src=\"https:\/\/radiocompartiendoesperanza.org\/home\/wp-content\/uploads\/2023\/01\/OMAR-MEDINA-1.jpg\" class=\"attachment-80x80 size-80x80 wp-post-image\" alt=\"\" \/><\/div>\n                                    <div class=\"media-body\">\n                                        <h3 class=\"item-title\"><a href=\"https:\/\/radiocompartiendoesperanza.org\/home\/show\/escuela-sabatica-omar-medina\/\">Escuela Sab\u00e1tica - Omar Medina<\/a><\/h3>\n                                        <div class=\"item-subtitle\">Alexander Lizardo<\/div>\n                                    <\/div>\n                                <\/div>\n                                <div class=\"show-share\">\n                                                                        <label>Share on<\/label>\n                                    <div class=\"share-icon\">\n\t\t\t\t\t\t\t\t\t\t                                        \t\t\t\t\t\t\t\t\t\t                                        \t\t\t\t\t\t\t\t\t\t                                        \t\t\t\t\t\t\t\t\t\t                                        \t\t\t\t\t\t\t\t\t\t                                        \t\t\t\t\t\t\t\t\t\t                                        \t\t\t\t\t\t\t\t\t\t                                        \t\t\t\t\t\t\t\t\t\t                                    <\/div>\n                                <\/div>\n                            <\/div>\n                        <\/div>\n                                                                <div class=\"col-xl-6\">\n                            <div class=\"show-box\">\n                                <div class=\"show-time\">                                   \n                                    <div class=\"show-hour\"><span>2:00 pm<\/span> <span>-<\/span><span>2:30 pm<\/span><\/div>\n                                <\/div>\n                                <div class=\"media\">\n                                    <div class=\"item-img\"><img loading=\"lazy\" decoding=\"async\" width=\"80\" height=\"80\" src=\"https:\/\/radiocompartiendoesperanza.org\/home\/wp-content\/uploads\/2021\/10\/tu-historia-preferida-150x150.jpg\" class=\"attachment-80x80 size-80x80 wp-post-image\" alt=\"\" \/><\/div>\n                                    <div class=\"media-body\">\n                                        <h3 class=\"item-title\"><a href=\"https:\/\/radiocompartiendoesperanza.org\/home\/show\/escuela-sabatica-studio7\/\">Tu Historia Preferida<\/a><\/h3>\n                                        <div class=\"item-subtitle\">Alexander Lizardo<\/div>\n                                    <\/div>\n                                <\/div>\n                                <div class=\"show-share\">\n                                                                        <label>Share on<\/label>\n                                    <div class=\"share-icon\">\n\t\t\t\t\t\t\t\t\t\t                                        \t\t\t\t\t\t\t\t\t\t                                        \t\t\t\t\t\t\t\t\t\t                                        \t\t\t\t\t\t\t\t\t\t                                        \t\t\t\t\t\t\t\t\t\t                                        \t\t\t\t\t\t\t\t\t\t                                        \t\t\t\t\t\t\t\t\t\t                                        \t\t\t\t\t\t\t\t\t\t                                    <\/div>\n                                <\/div>\n                            <\/div>\n                        <\/div>\n                                                                <div class=\"col-xl-6\">\n                            <div class=\"show-box\">\n                                <div class=\"show-time\">                                   \n                                    <div class=\"show-hour\"><span>3:00 pm<\/span> <span>-<\/span><span>3:30 pm<\/span><\/div>\n                                <\/div>\n                                <div class=\"media\">\n                                    <div class=\"item-img\"><img loading=\"lazy\" decoding=\"async\" width=\"80\" height=\"80\" src=\"https:\/\/radiocompartiendoesperanza.org\/home\/wp-content\/uploads\/2023\/01\/Pedro-mendez-.jpg\" class=\"attachment-80x80 size-80x80 wp-post-image\" alt=\"\" \/><\/div>\n                                    <div class=\"media-body\">\n                                        <h3 class=\"item-title\"><a href=\"https:\/\/radiocompartiendoesperanza.org\/home\/show\/una-luz-en-el-camino-santiago-pavan\/\">Mensajes de Esperanza \u2013 Pedro M\u00e9ndez<\/a><\/h3>\n                                        <div class=\"item-subtitle\">Alexander Lizardo<\/div>\n                                    <\/div>\n                                <\/div>\n                                <div class=\"show-share\">\n                                                                        <label>Share on<\/label>\n                                    <div class=\"share-icon\">\n\t\t\t\t\t\t\t\t\t\t                                        \t\t\t\t\t\t\t\t\t\t                                        \t\t\t\t\t\t\t\t\t\t                                        \t\t\t\t\t\t\t\t\t\t                                        \t\t\t\t\t\t\t\t\t\t                                        \t\t\t\t\t\t\t\t\t\t                                        \t\t\t\t\t\t\t\t\t\t                                        \t\t\t\t\t\t\t\t\t\t                                    <\/div>\n                                <\/div>\n                            <\/div>\n                        <\/div>\n                                                                <div class=\"col-xl-6\">\n                            <div class=\"show-box\">\n                                <div class=\"show-time\">                                   \n                                    <div class=\"show-hour\"><span>5:00 pm<\/span> <span>-<\/span><span>5:30 pm<\/span><\/div>\n                                <\/div>\n                                <div class=\"media\">\n                                    <div class=\"item-img\"><img loading=\"lazy\" decoding=\"async\" width=\"80\" height=\"80\" src=\"https:\/\/radiocompartiendoesperanza.org\/home\/wp-content\/uploads\/2022\/09\/pr-juan-joaquin.jpg\" class=\"attachment-80x80 size-80x80 wp-post-image\" alt=\"\" \/><\/div>\n                                    <div class=\"media-body\">\n                                        <h3 class=\"item-title\"><a href=\"https:\/\/radiocompartiendoesperanza.org\/home\/show\/ecos-del-paraiso\/\">Ecos del Para\u00edso<\/a><\/h3>\n                                        <div class=\"item-subtitle\">Salvador Demallistre<\/div>\n                                    <\/div>\n                                <\/div>\n                                <div class=\"show-share\">\n                                                                        <label>Share on<\/label>\n                                    <div class=\"share-icon\">\n\t\t\t\t\t\t\t\t\t\t                                        \t\t\t\t\t\t\t\t\t\t                                        \t\t\t\t\t\t\t\t\t\t                                        \t\t\t\t\t\t\t\t\t\t                                        \t\t\t\t\t\t\t\t\t\t                                        \t\t\t\t\t\t\t\t\t\t                                        \t\t\t\t\t\t\t\t\t\t                                        \t\t\t\t\t\t\t\t\t\t                                    <\/div>\n                                <\/div>\n                            <\/div>\n                        <\/div>\n                                                                <div class=\"col-xl-6\">\n                            <div class=\"show-box\">\n                                <div class=\"show-time\">                                   \n                                    <div class=\"show-hour\"><span>9:00 pm<\/span> <span>-<\/span><span>9:30 pm<\/span><\/div>\n                                <\/div>\n                                <div class=\"media\">\n                                    <div class=\"item-img\"><img loading=\"lazy\" decoding=\"async\" width=\"80\" height=\"80\" src=\"https:\/\/radiocompartiendoesperanza.org\/home\/wp-content\/uploads\/2022\/01\/bullon-520x520-1-150x150.png\" class=\"attachment-80x80 size-80x80 wp-post-image\" alt=\"\" srcset=\"https:\/\/radiocompartiendoesperanza.org\/home\/wp-content\/uploads\/2022\/01\/bullon-520x520-1-150x150.png 150w, https:\/\/radiocompartiendoesperanza.org\/home\/wp-content\/uploads\/2022\/01\/bullon-520x520-1-300x300.png 300w, https:\/\/radiocompartiendoesperanza.org\/home\/wp-content\/uploads\/2022\/01\/bullon-520x520-1-320x320.png 320w, https:\/\/radiocompartiendoesperanza.org\/home\/wp-content\/uploads\/2022\/01\/bullon-520x520-1-360x360.png 360w, https:\/\/radiocompartiendoesperanza.org\/home\/wp-content\/uploads\/2022\/01\/bullon-520x520-1.png 520w\" sizes=\"(max-width: 80px) 100vw, 80px\" \/><\/div>\n                                    <div class=\"media-body\">\n                                        <h3 class=\"item-title\"><a href=\"https:\/\/radiocompartiendoesperanza.org\/home\/show\/palabras-de-vida-pr-alejandro-bullon\/\">Palabras de Vida - Pr. Alejandro Bull\u00f3n<\/a><\/h3>\n                                        <div class=\"item-subtitle\">Alexander Lizardo<\/div>\n                                    <\/div>\n                                <\/div>\n                                <div class=\"show-share\">\n                                                                        <label>Share on<\/label>\n                                    <div class=\"share-icon\">\n\t\t\t\t\t\t\t\t\t\t                                        \t\t\t\t\t\t\t\t\t\t                                        \t\t\t\t\t\t\t\t\t\t                                        \t\t\t\t\t\t\t\t\t\t                                        \t\t\t\t\t\t\t\t\t\t                                        \t\t\t\t\t\t\t\t\t\t                                        \t\t\t\t\t\t\t\t\t\t                                        \t\t\t\t\t\t\t\t\t\t                                    <\/div>\n                                <\/div>\n                            <\/div>\n                        <\/div>\n                                                                <div class=\"col-xl-6\">\n                            <div class=\"show-box\">\n                                <div class=\"show-time\">                                   \n                                    <div class=\"show-hour\"><span>10:00 pm<\/span> <span>-<\/span><span>10:30 pm<\/span><\/div>\n                                <\/div>\n                                <div class=\"media\">\n                                    <div class=\"item-img\"><img loading=\"lazy\" decoding=\"async\" width=\"80\" height=\"80\" src=\"https:\/\/radiocompartiendoesperanza.org\/home\/wp-content\/uploads\/2021\/01\/omar-grieve-520x520-1-150x150.png\" class=\"attachment-80x80 size-80x80 wp-post-image\" alt=\"\" srcset=\"https:\/\/radiocompartiendoesperanza.org\/home\/wp-content\/uploads\/2021\/01\/omar-grieve-520x520-1-150x150.png 150w, https:\/\/radiocompartiendoesperanza.org\/home\/wp-content\/uploads\/2021\/01\/omar-grieve-520x520-1-300x300.png 300w, https:\/\/radiocompartiendoesperanza.org\/home\/wp-content\/uploads\/2021\/01\/omar-grieve-520x520-1-320x320.png 320w, https:\/\/radiocompartiendoesperanza.org\/home\/wp-content\/uploads\/2021\/01\/omar-grieve-520x520-1-360x360.png 360w, https:\/\/radiocompartiendoesperanza.org\/home\/wp-content\/uploads\/2021\/01\/omar-grieve-520x520-1.png 520w\" sizes=\"(max-width: 80px) 100vw, 80px\" \/><\/div>\n                                    <div class=\"media-body\">\n                                        <h3 class=\"item-title\"><a href=\"https:\/\/radiocompartiendoesperanza.org\/home\/show\/restaurando-familias\/\">La Voz de la Esperanza - Pr. Omar Grieve<\/a><\/h3>\n                                        <div class=\"item-subtitle\">Alexander Lizardo<\/div>\n                                    <\/div>\n                                <\/div>\n                                <div class=\"show-share\">\n                                                                        <label>Share on<\/label>\n                                    <div class=\"share-icon\">\n\t\t\t\t\t\t\t\t\t\t                                                                                    <a target=\"_blank\" href=\"#\"><i class=\"fab fa-facebook-f\" aria-hidden=\"true\"><\/i><\/a>\n                                        \t\t\t\t\t\t\t\t\t\t                                                                                    <a target=\"_blank\" href=\"#\"><i class=\"fab fa-twitter\" aria-hidden=\"true\"><\/i><\/a>\n                                        \t\t\t\t\t\t\t\t\t\t                                                                                    <a target=\"_blank\" href=\"#\"><i class=\"fab fa-linkedin-in\" aria-hidden=\"true\"><\/i><\/a>\n                                        \t\t\t\t\t\t\t\t\t\t                                        \t\t\t\t\t\t\t\t\t\t                                        \t\t\t\t\t\t\t\t\t\t                                                                                    <a target=\"_blank\" href=\"#\"><i class=\"fab fa-instagram\" aria-hidden=\"true\"><\/i><\/a>\n                                        \t\t\t\t\t\t\t\t\t\t                                        \t\t\t\t\t\t\t\t\t\t                                    <\/div>\n                                <\/div>\n                            <\/div>\n                        <\/div>\n                                    <\/div>\n            <\/div>\n                                <div class=\"tab-pane fade show \" id=\"wed-2089049246\" role=\"tabpanel\">\n                <div class=\"row\">\n                                                            <div class=\"col-xl-6\">\n                            <div class=\"show-box\">\n                                <div class=\"show-time\">                                   \n                                    <div class=\"show-hour\"><span>6:30 am<\/span> <span>-<\/span><span>7:00 am<\/span><\/div>\n                                <\/div>\n                                <div class=\"media\">\n                                    <div class=\"item-img\"><img loading=\"lazy\" decoding=\"async\" width=\"80\" height=\"80\" src=\"https:\/\/radiocompartiendoesperanza.org\/home\/wp-content\/uploads\/2022\/01\/costa-520x520-Recuperado-150x150.png\" class=\"attachment-80x80 size-80x80 wp-post-image\" alt=\"\" srcset=\"https:\/\/radiocompartiendoesperanza.org\/home\/wp-content\/uploads\/2022\/01\/costa-520x520-Recuperado-150x150.png 150w, https:\/\/radiocompartiendoesperanza.org\/home\/wp-content\/uploads\/2022\/01\/costa-520x520-Recuperado-300x300.png 300w, https:\/\/radiocompartiendoesperanza.org\/home\/wp-content\/uploads\/2022\/01\/costa-520x520-Recuperado-320x320.png 320w, https:\/\/radiocompartiendoesperanza.org\/home\/wp-content\/uploads\/2022\/01\/costa-520x520-Recuperado-360x360.png 360w, https:\/\/radiocompartiendoesperanza.org\/home\/wp-content\/uploads\/2022\/01\/costa-520x520-Recuperado.png 520w\" sizes=\"(max-width: 80px) 100vw, 80px\" \/><\/div>\n                                    <div class=\"media-body\">\n                                        <h3 class=\"item-title\"><a href=\"https:\/\/radiocompartiendoesperanza.org\/home\/show\/una-mejor-manera-de-vivir-pr-robert-costa\/\">Escrito est\u00e1 - Pr. Robert Costa<\/a><\/h3>\n                                        <div class=\"item-subtitle\">Salvador Demallistre<\/div>\n                                    <\/div>\n                                <\/div>\n                                <div class=\"show-share\">\n                                                                        <label>Share on<\/label>\n                                    <div class=\"share-icon\">\n\t\t\t\t\t\t\t\t\t\t                                        \t\t\t\t\t\t\t\t\t\t                                        \t\t\t\t\t\t\t\t\t\t                                        \t\t\t\t\t\t\t\t\t\t                                        \t\t\t\t\t\t\t\t\t\t                                        \t\t\t\t\t\t\t\t\t\t                                        \t\t\t\t\t\t\t\t\t\t                                        \t\t\t\t\t\t\t\t\t\t                                    <\/div>\n                                <\/div>\n                            <\/div>\n                        <\/div>\n                                                                <div class=\"col-xl-6\">\n                            <div class=\"show-box\">\n                                <div class=\"show-time\">                                   \n                                    <div class=\"show-hour\"><span>8:00 am<\/span> <span>-<\/span><span>8:30 am<\/span><\/div>\n                                <\/div>\n                                <div class=\"media\">\n                                    <div class=\"item-img\"><img loading=\"lazy\" decoding=\"async\" width=\"80\" height=\"80\" src=\"https:\/\/radiocompartiendoesperanza.org\/home\/wp-content\/uploads\/2022\/01\/frank-520x520-1-150x150.png\" class=\"attachment-80x80 size-80x80 wp-post-image\" alt=\"\" srcset=\"https:\/\/radiocompartiendoesperanza.org\/home\/wp-content\/uploads\/2022\/01\/frank-520x520-1-150x150.png 150w, https:\/\/radiocompartiendoesperanza.org\/home\/wp-content\/uploads\/2022\/01\/frank-520x520-1-300x300.png 300w, https:\/\/radiocompartiendoesperanza.org\/home\/wp-content\/uploads\/2022\/01\/frank-520x520-1-320x320.png 320w, https:\/\/radiocompartiendoesperanza.org\/home\/wp-content\/uploads\/2022\/01\/frank-520x520-1-360x360.png 360w, https:\/\/radiocompartiendoesperanza.org\/home\/wp-content\/uploads\/2022\/01\/frank-520x520-1.png 520w\" sizes=\"(max-width: 80px) 100vw, 80px\" \/><\/div>\n                                    <div class=\"media-body\">\n                                        <h3 class=\"item-title\"><a href=\"https:\/\/radiocompartiendoesperanza.org\/home\/show\/pr-frank-gonzalez\/\">La Voz de la Esperanza - Pr. Frank Gonz\u00e1lez<\/a><\/h3>\n                                        <div class=\"item-subtitle\">Alexander Lizardo<\/div>\n                                    <\/div>\n                                <\/div>\n                                <div class=\"show-share\">\n                                                                        <label>Share on<\/label>\n                                    <div class=\"share-icon\">\n\t\t\t\t\t\t\t\t\t\t                                        \t\t\t\t\t\t\t\t\t\t                                        \t\t\t\t\t\t\t\t\t\t                                        \t\t\t\t\t\t\t\t\t\t                                        \t\t\t\t\t\t\t\t\t\t                                        \t\t\t\t\t\t\t\t\t\t                                        \t\t\t\t\t\t\t\t\t\t                                        \t\t\t\t\t\t\t\t\t\t                                    <\/div>\n                                <\/div>\n                            <\/div>\n                        <\/div>\n                                                                <div class=\"col-xl-6\">\n                            <div class=\"show-box\">\n                                <div class=\"show-time\">                                   \n                                    <div class=\"show-hour\"><span>9:00 am<\/span> <span>-<\/span><span>9:30 am<\/span><\/div>\n                                <\/div>\n                                <div class=\"media\">\n                                    <div class=\"item-img\"><img loading=\"lazy\" decoding=\"async\" width=\"80\" height=\"80\" src=\"https:\/\/radiocompartiendoesperanza.org\/home\/wp-content\/uploads\/2023\/06\/pr-juan-ricardo-jorge-1.jpg\" class=\"attachment-80x80 size-80x80 wp-post-image\" alt=\"\" \/><\/div>\n                                    <div class=\"media-body\">\n                                        <h3 class=\"item-title\"><a href=\"https:\/\/radiocompartiendoesperanza.org\/home\/show\/el-primer-lugar-pr-dennys-mercedes\/\">Estudio de la Biblia - Pr. Juan R. Jorge<\/a><\/h3>\n                                        <div class=\"item-subtitle\">Alexander Lizardo<\/div>\n                                    <\/div>\n                                <\/div>\n                                <div class=\"show-share\">\n                                                                        <label>Share on<\/label>\n                                    <div class=\"share-icon\">\n\t\t\t\t\t\t\t\t\t\t                                        \t\t\t\t\t\t\t\t\t\t                                        \t\t\t\t\t\t\t\t\t\t                                        \t\t\t\t\t\t\t\t\t\t                                        \t\t\t\t\t\t\t\t\t\t                                        \t\t\t\t\t\t\t\t\t\t                                        \t\t\t\t\t\t\t\t\t\t                                        \t\t\t\t\t\t\t\t\t\t                                    <\/div>\n                                <\/div>\n                            <\/div>\n                        <\/div>\n                                                                <div class=\"col-xl-6\">\n                            <div class=\"show-box\">\n                                <div class=\"show-time\">                                   \n                                    <div class=\"show-hour\"><span>11:00 am<\/span> <span>-<\/span><span>11:30 am<\/span><\/div>\n                                <\/div>\n                                <div class=\"media\">\n                                    <div class=\"item-img\"><img loading=\"lazy\" decoding=\"async\" width=\"80\" height=\"80\" src=\"https:\/\/radiocompartiendoesperanza.org\/home\/wp-content\/uploads\/2022\/01\/milton-520x520-1-150x150.png\" class=\"attachment-80x80 size-80x80 wp-post-image\" alt=\"\" srcset=\"https:\/\/radiocompartiendoesperanza.org\/home\/wp-content\/uploads\/2022\/01\/milton-520x520-1-150x150.png 150w, https:\/\/radiocompartiendoesperanza.org\/home\/wp-content\/uploads\/2022\/01\/milton-520x520-1-300x300.png 300w, https:\/\/radiocompartiendoesperanza.org\/home\/wp-content\/uploads\/2022\/01\/milton-520x520-1-320x320.png 320w, https:\/\/radiocompartiendoesperanza.org\/home\/wp-content\/uploads\/2022\/01\/milton-520x520-1-360x360.png 360w, https:\/\/radiocompartiendoesperanza.org\/home\/wp-content\/uploads\/2022\/01\/milton-520x520-1.png 520w\" sizes=\"(max-width: 80px) 100vw, 80px\" \/><\/div>\n                                    <div class=\"media-body\">\n                                        <h3 class=\"item-title\"><a href=\"https:\/\/radiocompartiendoesperanza.org\/home\/show\/pr-milton-peverini-garcia\/\">La Voz de la Esperanza - Pr. Milton Peverini Garc\u00eda<\/a><\/h3>\n                                        <div class=\"item-subtitle\">Salvador Demallistre<\/div>\n                                    <\/div>\n                                <\/div>\n                                <div class=\"show-share\">\n                                                                        <label>Share on<\/label>\n                                    <div class=\"share-icon\">\n\t\t\t\t\t\t\t\t\t\t                                        \t\t\t\t\t\t\t\t\t\t                                        \t\t\t\t\t\t\t\t\t\t                                        \t\t\t\t\t\t\t\t\t\t                                        \t\t\t\t\t\t\t\t\t\t                                        \t\t\t\t\t\t\t\t\t\t                                        \t\t\t\t\t\t\t\t\t\t                                        \t\t\t\t\t\t\t\t\t\t                                    <\/div>\n                                <\/div>\n                            <\/div>\n                        <\/div>\n                                                                <div class=\"col-xl-6\">\n                            <div class=\"show-box\">\n                                <div class=\"show-time\">                                   \n                                    <div class=\"show-hour\"><span>1:00 pm<\/span> <span>-<\/span><span>1:30 pm<\/span><\/div>\n                                <\/div>\n                                <div class=\"media\">\n                                    <div class=\"item-img\"><img loading=\"lazy\" decoding=\"async\" width=\"80\" height=\"80\" src=\"https:\/\/radiocompartiendoesperanza.org\/home\/wp-content\/uploads\/2023\/01\/OMAR-MEDINA-1.jpg\" class=\"attachment-80x80 size-80x80 wp-post-image\" alt=\"\" \/><\/div>\n                                    <div class=\"media-body\">\n                                        <h3 class=\"item-title\"><a href=\"https:\/\/radiocompartiendoesperanza.org\/home\/show\/escuela-sabatica-omar-medina\/\">Escuela Sab\u00e1tica - Omar Medina<\/a><\/h3>\n                                        <div class=\"item-subtitle\">Alexander Lizardo<\/div>\n                                    <\/div>\n                                <\/div>\n                                <div class=\"show-share\">\n                                                                        <label>Share on<\/label>\n                                    <div class=\"share-icon\">\n\t\t\t\t\t\t\t\t\t\t                                        \t\t\t\t\t\t\t\t\t\t                                        \t\t\t\t\t\t\t\t\t\t                                        \t\t\t\t\t\t\t\t\t\t                                        \t\t\t\t\t\t\t\t\t\t                                        \t\t\t\t\t\t\t\t\t\t                                        \t\t\t\t\t\t\t\t\t\t                                        \t\t\t\t\t\t\t\t\t\t                                    <\/div>\n                                <\/div>\n                            <\/div>\n                        <\/div>\n                                                                <div class=\"col-xl-6\">\n                            <div class=\"show-box\">\n                                <div class=\"show-time\">                                   \n                                    <div class=\"show-hour\"><span>2:00 pm<\/span> <span>-<\/span><span>2:30 pm<\/span><\/div>\n                                <\/div>\n                                <div class=\"media\">\n                                    <div class=\"item-img\"><img loading=\"lazy\" decoding=\"async\" width=\"80\" height=\"80\" src=\"https:\/\/radiocompartiendoesperanza.org\/home\/wp-content\/uploads\/2021\/10\/tu-historia-preferida-150x150.jpg\" class=\"attachment-80x80 size-80x80 wp-post-image\" alt=\"\" \/><\/div>\n                                    <div class=\"media-body\">\n                                        <h3 class=\"item-title\"><a href=\"https:\/\/radiocompartiendoesperanza.org\/home\/show\/escuela-sabatica-studio7\/\">Tu Historia Preferida<\/a><\/h3>\n                                        <div class=\"item-subtitle\">Alexander Lizardo<\/div>\n                                    <\/div>\n                                <\/div>\n                                <div class=\"show-share\">\n                                                                        <label>Share on<\/label>\n                                    <div class=\"share-icon\">\n\t\t\t\t\t\t\t\t\t\t                                        \t\t\t\t\t\t\t\t\t\t                                        \t\t\t\t\t\t\t\t\t\t                                        \t\t\t\t\t\t\t\t\t\t                                        \t\t\t\t\t\t\t\t\t\t                                        \t\t\t\t\t\t\t\t\t\t                                        \t\t\t\t\t\t\t\t\t\t                                        \t\t\t\t\t\t\t\t\t\t                                    <\/div>\n                                <\/div>\n                            <\/div>\n                        <\/div>\n                                                                <div class=\"col-xl-6\">\n                            <div class=\"show-box\">\n                                <div class=\"show-time\">                                   \n                                    <div class=\"show-hour\"><span>3:00 pm<\/span> <span>-<\/span><span>3:30 pm<\/span><\/div>\n                                <\/div>\n                                <div class=\"media\">\n                                    <div class=\"item-img\"><img loading=\"lazy\" decoding=\"async\" width=\"80\" height=\"80\" src=\"https:\/\/radiocompartiendoesperanza.org\/home\/wp-content\/uploads\/2023\/01\/Pedro-mendez-.jpg\" class=\"attachment-80x80 size-80x80 wp-post-image\" alt=\"\" \/><\/div>\n                                    <div class=\"media-body\">\n                                        <h3 class=\"item-title\"><a href=\"https:\/\/radiocompartiendoesperanza.org\/home\/show\/una-luz-en-el-camino-santiago-pavan\/\">Mensajes de Esperanza \u2013 Pedro M\u00e9ndez<\/a><\/h3>\n                                        <div class=\"item-subtitle\">Alexander Lizardo<\/div>\n                                    <\/div>\n                                <\/div>\n                                <div class=\"show-share\">\n                                                                        <label>Share on<\/label>\n                                    <div class=\"share-icon\">\n\t\t\t\t\t\t\t\t\t\t                                        \t\t\t\t\t\t\t\t\t\t                                        \t\t\t\t\t\t\t\t\t\t                                        \t\t\t\t\t\t\t\t\t\t                                        \t\t\t\t\t\t\t\t\t\t                                        \t\t\t\t\t\t\t\t\t\t                                        \t\t\t\t\t\t\t\t\t\t                                        \t\t\t\t\t\t\t\t\t\t                                    <\/div>\n                                <\/div>\n                            <\/div>\n                        <\/div>\n                                                                <div class=\"col-xl-6\">\n                            <div class=\"show-box\">\n                                <div class=\"show-time\">                                   \n                                    <div class=\"show-hour\"><span>5:00 pm<\/span> <span>-<\/span><span>5:30 pm<\/span><\/div>\n                                <\/div>\n                                <div class=\"media\">\n                                    <div class=\"item-img\"><img loading=\"lazy\" decoding=\"async\" width=\"80\" height=\"80\" src=\"https:\/\/radiocompartiendoesperanza.org\/home\/wp-content\/uploads\/2022\/09\/pr-juan-joaquin.jpg\" class=\"attachment-80x80 size-80x80 wp-post-image\" alt=\"\" \/><\/div>\n                                    <div class=\"media-body\">\n                                        <h3 class=\"item-title\"><a href=\"https:\/\/radiocompartiendoesperanza.org\/home\/show\/ecos-del-paraiso\/\">Ecos del Para\u00edso<\/a><\/h3>\n                                        <div class=\"item-subtitle\">Salvador Demallistre<\/div>\n                                    <\/div>\n                                <\/div>\n                                <div class=\"show-share\">\n                                                                        <label>Share on<\/label>\n                                    <div class=\"share-icon\">\n\t\t\t\t\t\t\t\t\t\t                                        \t\t\t\t\t\t\t\t\t\t                                        \t\t\t\t\t\t\t\t\t\t                                        \t\t\t\t\t\t\t\t\t\t                                        \t\t\t\t\t\t\t\t\t\t                                        \t\t\t\t\t\t\t\t\t\t                                        \t\t\t\t\t\t\t\t\t\t                                        \t\t\t\t\t\t\t\t\t\t                                    <\/div>\n                                <\/div>\n                            <\/div>\n                        <\/div>\n                                                                <div class=\"col-xl-6\">\n                            <div class=\"show-box\">\n                                <div class=\"show-time\">                                   \n                                    <div class=\"show-hour\"><span>9:00 pm<\/span> <span>-<\/span><span>9:30 pm<\/span><\/div>\n                                <\/div>\n                                <div class=\"media\">\n                                    <div class=\"item-img\"><img loading=\"lazy\" decoding=\"async\" width=\"80\" height=\"80\" src=\"https:\/\/radiocompartiendoesperanza.org\/home\/wp-content\/uploads\/2022\/01\/bullon-520x520-1-150x150.png\" class=\"attachment-80x80 size-80x80 wp-post-image\" alt=\"\" srcset=\"https:\/\/radiocompartiendoesperanza.org\/home\/wp-content\/uploads\/2022\/01\/bullon-520x520-1-150x150.png 150w, https:\/\/radiocompartiendoesperanza.org\/home\/wp-content\/uploads\/2022\/01\/bullon-520x520-1-300x300.png 300w, https:\/\/radiocompartiendoesperanza.org\/home\/wp-content\/uploads\/2022\/01\/bullon-520x520-1-320x320.png 320w, https:\/\/radiocompartiendoesperanza.org\/home\/wp-content\/uploads\/2022\/01\/bullon-520x520-1-360x360.png 360w, https:\/\/radiocompartiendoesperanza.org\/home\/wp-content\/uploads\/2022\/01\/bullon-520x520-1.png 520w\" sizes=\"(max-width: 80px) 100vw, 80px\" \/><\/div>\n                                    <div class=\"media-body\">\n                                        <h3 class=\"item-title\"><a href=\"https:\/\/radiocompartiendoesperanza.org\/home\/show\/palabras-de-vida-pr-alejandro-bullon\/\">Palabras de Vida - Pr. Alejandro Bull\u00f3n<\/a><\/h3>\n                                        <div class=\"item-subtitle\">Alexander Lizardo<\/div>\n                                    <\/div>\n                                <\/div>\n                                <div class=\"show-share\">\n                                                                        <label>Share on<\/label>\n                                    <div class=\"share-icon\">\n\t\t\t\t\t\t\t\t\t\t                                        \t\t\t\t\t\t\t\t\t\t                                        \t\t\t\t\t\t\t\t\t\t                                        \t\t\t\t\t\t\t\t\t\t                                        \t\t\t\t\t\t\t\t\t\t                                        \t\t\t\t\t\t\t\t\t\t                                        \t\t\t\t\t\t\t\t\t\t                                        \t\t\t\t\t\t\t\t\t\t                                    <\/div>\n                                <\/div>\n                            <\/div>\n                        <\/div>\n                                                                <div class=\"col-xl-6\">\n                            <div class=\"show-box\">\n                                <div class=\"show-time\">                                   \n                                    <div class=\"show-hour\"><span>10:00 pm<\/span> <span>-<\/span><span>10:30 pm<\/span><\/div>\n                                <\/div>\n                                <div class=\"media\">\n                                    <div class=\"item-img\"><img loading=\"lazy\" decoding=\"async\" width=\"80\" height=\"80\" src=\"https:\/\/radiocompartiendoesperanza.org\/home\/wp-content\/uploads\/2021\/01\/omar-grieve-520x520-1-150x150.png\" class=\"attachment-80x80 size-80x80 wp-post-image\" alt=\"\" srcset=\"https:\/\/radiocompartiendoesperanza.org\/home\/wp-content\/uploads\/2021\/01\/omar-grieve-520x520-1-150x150.png 150w, https:\/\/radiocompartiendoesperanza.org\/home\/wp-content\/uploads\/2021\/01\/omar-grieve-520x520-1-300x300.png 300w, https:\/\/radiocompartiendoesperanza.org\/home\/wp-content\/uploads\/2021\/01\/omar-grieve-520x520-1-320x320.png 320w, https:\/\/radiocompartiendoesperanza.org\/home\/wp-content\/uploads\/2021\/01\/omar-grieve-520x520-1-360x360.png 360w, https:\/\/radiocompartiendoesperanza.org\/home\/wp-content\/uploads\/2021\/01\/omar-grieve-520x520-1.png 520w\" sizes=\"(max-width: 80px) 100vw, 80px\" \/><\/div>\n                                    <div class=\"media-body\">\n                                        <h3 class=\"item-title\"><a href=\"https:\/\/radiocompartiendoesperanza.org\/home\/show\/restaurando-familias\/\">La Voz de la Esperanza - Pr. Omar Grieve<\/a><\/h3>\n                                        <div class=\"item-subtitle\">Alexander Lizardo<\/div>\n                                    <\/div>\n                                <\/div>\n                                <div class=\"show-share\">\n                                                                        <label>Share on<\/label>\n                                    <div class=\"share-icon\">\n\t\t\t\t\t\t\t\t\t\t                                                                                    <a target=\"_blank\" href=\"#\"><i class=\"fab fa-facebook-f\" aria-hidden=\"true\"><\/i><\/a>\n                                        \t\t\t\t\t\t\t\t\t\t                                                                                    <a target=\"_blank\" href=\"#\"><i class=\"fab fa-twitter\" aria-hidden=\"true\"><\/i><\/a>\n                                        \t\t\t\t\t\t\t\t\t\t                                                                                    <a target=\"_blank\" href=\"#\"><i class=\"fab fa-linkedin-in\" aria-hidden=\"true\"><\/i><\/a>\n                                        \t\t\t\t\t\t\t\t\t\t                                        \t\t\t\t\t\t\t\t\t\t                                        \t\t\t\t\t\t\t\t\t\t                                                                                    <a target=\"_blank\" href=\"#\"><i class=\"fab fa-instagram\" aria-hidden=\"true\"><\/i><\/a>\n                                        \t\t\t\t\t\t\t\t\t\t                                        \t\t\t\t\t\t\t\t\t\t                                    <\/div>\n                                <\/div>\n                            <\/div>\n                        <\/div>\n                                    <\/div>\n            <\/div>\n                                <div class=\"tab-pane fade show \" id=\"thu-2089049246\" role=\"tabpanel\">\n                <div class=\"row\">\n                                                            <div class=\"col-xl-6\">\n                            <div class=\"show-box\">\n                                <div class=\"show-time\">                                   \n                                    <div class=\"show-hour\"><span>6:30 am<\/span> <span>-<\/span><span>7:00 am<\/span><\/div>\n                                <\/div>\n                                <div class=\"media\">\n                                    <div class=\"item-img\"><img loading=\"lazy\" decoding=\"async\" width=\"80\" height=\"80\" src=\"https:\/\/radiocompartiendoesperanza.org\/home\/wp-content\/uploads\/2022\/01\/costa-520x520-Recuperado-150x150.png\" class=\"attachment-80x80 size-80x80 wp-post-image\" alt=\"\" srcset=\"https:\/\/radiocompartiendoesperanza.org\/home\/wp-content\/uploads\/2022\/01\/costa-520x520-Recuperado-150x150.png 150w, https:\/\/radiocompartiendoesperanza.org\/home\/wp-content\/uploads\/2022\/01\/costa-520x520-Recuperado-300x300.png 300w, https:\/\/radiocompartiendoesperanza.org\/home\/wp-content\/uploads\/2022\/01\/costa-520x520-Recuperado-320x320.png 320w, https:\/\/radiocompartiendoesperanza.org\/home\/wp-content\/uploads\/2022\/01\/costa-520x520-Recuperado-360x360.png 360w, https:\/\/radiocompartiendoesperanza.org\/home\/wp-content\/uploads\/2022\/01\/costa-520x520-Recuperado.png 520w\" sizes=\"(max-width: 80px) 100vw, 80px\" \/><\/div>\n                                    <div class=\"media-body\">\n                                        <h3 class=\"item-title\"><a href=\"https:\/\/radiocompartiendoesperanza.org\/home\/show\/una-mejor-manera-de-vivir-pr-robert-costa\/\">Escrito est\u00e1 - Pr. Robert Costa<\/a><\/h3>\n                                        <div class=\"item-subtitle\">Salvador Demallistre<\/div>\n                                    <\/div>\n                                <\/div>\n                                <div class=\"show-share\">\n                                                                        <label>Share on<\/label>\n                                    <div class=\"share-icon\">\n\t\t\t\t\t\t\t\t\t\t                                        \t\t\t\t\t\t\t\t\t\t                                        \t\t\t\t\t\t\t\t\t\t                                        \t\t\t\t\t\t\t\t\t\t                                        \t\t\t\t\t\t\t\t\t\t                                        \t\t\t\t\t\t\t\t\t\t                                        \t\t\t\t\t\t\t\t\t\t                                        \t\t\t\t\t\t\t\t\t\t                                    <\/div>\n                                <\/div>\n                            <\/div>\n                        <\/div>\n                                                                <div class=\"col-xl-6\">\n                            <div class=\"show-box\">\n                                <div class=\"show-time\">                                   \n                                    <div class=\"show-hour\"><span>8:00 am<\/span> <span>-<\/span><span>8:30 am<\/span><\/div>\n                                <\/div>\n                                <div class=\"media\">\n                                    <div class=\"item-img\"><img loading=\"lazy\" decoding=\"async\" width=\"80\" height=\"80\" src=\"https:\/\/radiocompartiendoesperanza.org\/home\/wp-content\/uploads\/2022\/01\/frank-520x520-1-150x150.png\" class=\"attachment-80x80 size-80x80 wp-post-image\" alt=\"\" srcset=\"https:\/\/radiocompartiendoesperanza.org\/home\/wp-content\/uploads\/2022\/01\/frank-520x520-1-150x150.png 150w, https:\/\/radiocompartiendoesperanza.org\/home\/wp-content\/uploads\/2022\/01\/frank-520x520-1-300x300.png 300w, https:\/\/radiocompartiendoesperanza.org\/home\/wp-content\/uploads\/2022\/01\/frank-520x520-1-320x320.png 320w, https:\/\/radiocompartiendoesperanza.org\/home\/wp-content\/uploads\/2022\/01\/frank-520x520-1-360x360.png 360w, https:\/\/radiocompartiendoesperanza.org\/home\/wp-content\/uploads\/2022\/01\/frank-520x520-1.png 520w\" sizes=\"(max-width: 80px) 100vw, 80px\" \/><\/div>\n                                    <div class=\"media-body\">\n                                        <h3 class=\"item-title\"><a href=\"https:\/\/radiocompartiendoesperanza.org\/home\/show\/pr-frank-gonzalez\/\">La Voz de la Esperanza - Pr. Frank Gonz\u00e1lez<\/a><\/h3>\n                                        <div class=\"item-subtitle\">Alexander Lizardo<\/div>\n                                    <\/div>\n                                <\/div>\n                                <div class=\"show-share\">\n                                                                        <label>Share on<\/label>\n                                    <div class=\"share-icon\">\n\t\t\t\t\t\t\t\t\t\t                                        \t\t\t\t\t\t\t\t\t\t                                        \t\t\t\t\t\t\t\t\t\t                                        \t\t\t\t\t\t\t\t\t\t                                        \t\t\t\t\t\t\t\t\t\t                                        \t\t\t\t\t\t\t\t\t\t                                        \t\t\t\t\t\t\t\t\t\t                                        \t\t\t\t\t\t\t\t\t\t                                    <\/div>\n                                <\/div>\n                            <\/div>\n                        <\/div>\n                                                                <div class=\"col-xl-6\">\n                            <div class=\"show-box\">\n                                <div class=\"show-time\">                                   \n                                    <div class=\"show-hour\"><span>9:00 am<\/span> <span>-<\/span><span>9:30 am<\/span><\/div>\n                                <\/div>\n                                <div class=\"media\">\n                                    <div class=\"item-img\"><img loading=\"lazy\" decoding=\"async\" width=\"80\" height=\"80\" src=\"https:\/\/radiocompartiendoesperanza.org\/home\/wp-content\/uploads\/2023\/06\/pr-juan-ricardo-jorge-1.jpg\" class=\"attachment-80x80 size-80x80 wp-post-image\" alt=\"\" \/><\/div>\n                                    <div class=\"media-body\">\n                                        <h3 class=\"item-title\"><a href=\"https:\/\/radiocompartiendoesperanza.org\/home\/show\/el-primer-lugar-pr-dennys-mercedes\/\">Estudio de la Biblia - Pr. Juan R. Jorge<\/a><\/h3>\n                                        <div class=\"item-subtitle\">Alexander Lizardo<\/div>\n                                    <\/div>\n                                <\/div>\n                                <div class=\"show-share\">\n                                                                        <label>Share on<\/label>\n                                    <div class=\"share-icon\">\n\t\t\t\t\t\t\t\t\t\t                                        \t\t\t\t\t\t\t\t\t\t                                        \t\t\t\t\t\t\t\t\t\t                                        \t\t\t\t\t\t\t\t\t\t                                        \t\t\t\t\t\t\t\t\t\t                                        \t\t\t\t\t\t\t\t\t\t                                        \t\t\t\t\t\t\t\t\t\t                                        \t\t\t\t\t\t\t\t\t\t                                    <\/div>\n                                <\/div>\n                            <\/div>\n                        <\/div>\n                                                                <div class=\"col-xl-6\">\n                            <div class=\"show-box\">\n                                <div class=\"show-time\">                                   \n                                    <div class=\"show-hour\"><span>11:00 am<\/span> <span>-<\/span><span>11:30 am<\/span><\/div>\n                                <\/div>\n                                <div class=\"media\">\n                                    <div class=\"item-img\"><img loading=\"lazy\" decoding=\"async\" width=\"80\" height=\"80\" src=\"https:\/\/radiocompartiendoesperanza.org\/home\/wp-content\/uploads\/2022\/01\/milton-520x520-1-150x150.png\" class=\"attachment-80x80 size-80x80 wp-post-image\" alt=\"\" srcset=\"https:\/\/radiocompartiendoesperanza.org\/home\/wp-content\/uploads\/2022\/01\/milton-520x520-1-150x150.png 150w, https:\/\/radiocompartiendoesperanza.org\/home\/wp-content\/uploads\/2022\/01\/milton-520x520-1-300x300.png 300w, https:\/\/radiocompartiendoesperanza.org\/home\/wp-content\/uploads\/2022\/01\/milton-520x520-1-320x320.png 320w, https:\/\/radiocompartiendoesperanza.org\/home\/wp-content\/uploads\/2022\/01\/milton-520x520-1-360x360.png 360w, https:\/\/radiocompartiendoesperanza.org\/home\/wp-content\/uploads\/2022\/01\/milton-520x520-1.png 520w\" sizes=\"(max-width: 80px) 100vw, 80px\" \/><\/div>\n                                    <div class=\"media-body\">\n                                        <h3 class=\"item-title\"><a href=\"https:\/\/radiocompartiendoesperanza.org\/home\/show\/pr-milton-peverini-garcia\/\">La Voz de la Esperanza - Pr. Milton Peverini Garc\u00eda<\/a><\/h3>\n                                        <div class=\"item-subtitle\">Salvador Demallistre<\/div>\n                                    <\/div>\n                                <\/div>\n                                <div class=\"show-share\">\n                                                                        <label>Share on<\/label>\n                                    <div class=\"share-icon\">\n\t\t\t\t\t\t\t\t\t\t                                        \t\t\t\t\t\t\t\t\t\t                                        \t\t\t\t\t\t\t\t\t\t                                        \t\t\t\t\t\t\t\t\t\t                                        \t\t\t\t\t\t\t\t\t\t                                        \t\t\t\t\t\t\t\t\t\t                                        \t\t\t\t\t\t\t\t\t\t                                        \t\t\t\t\t\t\t\t\t\t                                    <\/div>\n                                <\/div>\n                            <\/div>\n                        <\/div>\n                                                                <div class=\"col-xl-6\">\n                            <div class=\"show-box\">\n                                <div class=\"show-time\">                                   \n                                    <div class=\"show-hour\"><span>1:00 pm<\/span> <span>-<\/span><span>1:30 pm<\/span><\/div>\n                                <\/div>\n                                <div class=\"media\">\n                                    <div class=\"item-img\"><img loading=\"lazy\" decoding=\"async\" width=\"80\" height=\"80\" src=\"https:\/\/radiocompartiendoesperanza.org\/home\/wp-content\/uploads\/2023\/01\/OMAR-MEDINA-1.jpg\" class=\"attachment-80x80 size-80x80 wp-post-image\" alt=\"\" \/><\/div>\n                                    <div class=\"media-body\">\n                                        <h3 class=\"item-title\"><a href=\"https:\/\/radiocompartiendoesperanza.org\/home\/show\/escuela-sabatica-omar-medina\/\">Escuela Sab\u00e1tica - Omar Medina<\/a><\/h3>\n                                        <div class=\"item-subtitle\">Alexander Lizardo<\/div>\n                                    <\/div>\n                                <\/div>\n                                <div class=\"show-share\">\n                                                                        <label>Share on<\/label>\n                                    <div class=\"share-icon\">\n\t\t\t\t\t\t\t\t\t\t                                        \t\t\t\t\t\t\t\t\t\t                                        \t\t\t\t\t\t\t\t\t\t                                        \t\t\t\t\t\t\t\t\t\t                                        \t\t\t\t\t\t\t\t\t\t                                        \t\t\t\t\t\t\t\t\t\t                                        \t\t\t\t\t\t\t\t\t\t                                        \t\t\t\t\t\t\t\t\t\t                                    <\/div>\n                                <\/div>\n                            <\/div>\n                        <\/div>\n                                                                <div class=\"col-xl-6\">\n                            <div class=\"show-box\">\n                                <div class=\"show-time\">                                   \n                                    <div class=\"show-hour\"><span>2:00 pm<\/span> <span>-<\/span><span>2:30 pm<\/span><\/div>\n                                <\/div>\n                                <div class=\"media\">\n                                    <div class=\"item-img\"><img loading=\"lazy\" decoding=\"async\" width=\"80\" height=\"80\" src=\"https:\/\/radiocompartiendoesperanza.org\/home\/wp-content\/uploads\/2021\/10\/tu-historia-preferida-150x150.jpg\" class=\"attachment-80x80 size-80x80 wp-post-image\" alt=\"\" \/><\/div>\n                                    <div class=\"media-body\">\n                                        <h3 class=\"item-title\"><a href=\"https:\/\/radiocompartiendoesperanza.org\/home\/show\/escuela-sabatica-studio7\/\">Tu Historia Preferida<\/a><\/h3>\n                                        <div class=\"item-subtitle\">Alexander Lizardo<\/div>\n                                    <\/div>\n                                <\/div>\n                                <div class=\"show-share\">\n                                                                        <label>Share on<\/label>\n                                    <div class=\"share-icon\">\n\t\t\t\t\t\t\t\t\t\t                                        \t\t\t\t\t\t\t\t\t\t                                        \t\t\t\t\t\t\t\t\t\t                                        \t\t\t\t\t\t\t\t\t\t                                        \t\t\t\t\t\t\t\t\t\t                                        \t\t\t\t\t\t\t\t\t\t                                        \t\t\t\t\t\t\t\t\t\t                                        \t\t\t\t\t\t\t\t\t\t                                    <\/div>\n                                <\/div>\n                            <\/div>\n                        <\/div>\n                                                                <div class=\"col-xl-6\">\n                            <div class=\"show-box\">\n                                <div class=\"show-time\">                                   \n                                    <div class=\"show-hour\"><span>3:00 pm<\/span> <span>-<\/span><span>3:30 pm<\/span><\/div>\n                                <\/div>\n                                <div class=\"media\">\n                                    <div class=\"item-img\"><img loading=\"lazy\" decoding=\"async\" width=\"80\" height=\"80\" src=\"https:\/\/radiocompartiendoesperanza.org\/home\/wp-content\/uploads\/2023\/01\/Pedro-mendez-.jpg\" class=\"attachment-80x80 size-80x80 wp-post-image\" alt=\"\" \/><\/div>\n                                    <div class=\"media-body\">\n                                        <h3 class=\"item-title\"><a href=\"https:\/\/radiocompartiendoesperanza.org\/home\/show\/una-luz-en-el-camino-santiago-pavan\/\">Mensajes de Esperanza \u2013 Pedro M\u00e9ndez<\/a><\/h3>\n                                        <div class=\"item-subtitle\">Alexander Lizardo<\/div>\n                                    <\/div>\n                                <\/div>\n                                <div class=\"show-share\">\n                                                                        <label>Share on<\/label>\n                                    <div class=\"share-icon\">\n\t\t\t\t\t\t\t\t\t\t                                        \t\t\t\t\t\t\t\t\t\t                                        \t\t\t\t\t\t\t\t\t\t                                        \t\t\t\t\t\t\t\t\t\t                                        \t\t\t\t\t\t\t\t\t\t                                        \t\t\t\t\t\t\t\t\t\t                                        \t\t\t\t\t\t\t\t\t\t                                        \t\t\t\t\t\t\t\t\t\t                                    <\/div>\n                                <\/div>\n                            <\/div>\n                        <\/div>\n                                                                <div class=\"col-xl-6\">\n                            <div class=\"show-box\">\n                                <div class=\"show-time\">                                   \n                                    <div class=\"show-hour\"><span>5:00 pm<\/span> <span>-<\/span><span>5:30 pm<\/span><\/div>\n                                <\/div>\n                                <div class=\"media\">\n                                    <div class=\"item-img\"><img loading=\"lazy\" decoding=\"async\" width=\"80\" height=\"80\" src=\"https:\/\/radiocompartiendoesperanza.org\/home\/wp-content\/uploads\/2022\/09\/pr-juan-joaquin.jpg\" class=\"attachment-80x80 size-80x80 wp-post-image\" alt=\"\" \/><\/div>\n                                    <div class=\"media-body\">\n                                        <h3 class=\"item-title\"><a href=\"https:\/\/radiocompartiendoesperanza.org\/home\/show\/ecos-del-paraiso\/\">Ecos del Para\u00edso<\/a><\/h3>\n                                        <div class=\"item-subtitle\">Salvador Demallistre<\/div>\n                                    <\/div>\n                                <\/div>\n                                <div class=\"show-share\">\n                                                                        <label>Share on<\/label>\n                                    <div class=\"share-icon\">\n\t\t\t\t\t\t\t\t\t\t                                        \t\t\t\t\t\t\t\t\t\t                                        \t\t\t\t\t\t\t\t\t\t                                        \t\t\t\t\t\t\t\t\t\t                                        \t\t\t\t\t\t\t\t\t\t                                        \t\t\t\t\t\t\t\t\t\t                                        \t\t\t\t\t\t\t\t\t\t                                        \t\t\t\t\t\t\t\t\t\t                                    <\/div>\n                                <\/div>\n                            <\/div>\n                        <\/div>\n                                                                <div class=\"col-xl-6\">\n                            <div class=\"show-box\">\n                                <div class=\"show-time\">                                   \n                                    <div class=\"show-hour\"><span>9:00 pm<\/span> <span>-<\/span><span>9:30 pm<\/span><\/div>\n                                <\/div>\n                                <div class=\"media\">\n                                    <div class=\"item-img\"><img loading=\"lazy\" decoding=\"async\" width=\"80\" height=\"80\" src=\"https:\/\/radiocompartiendoesperanza.org\/home\/wp-content\/uploads\/2022\/01\/bullon-520x520-1-150x150.png\" class=\"attachment-80x80 size-80x80 wp-post-image\" alt=\"\" srcset=\"https:\/\/radiocompartiendoesperanza.org\/home\/wp-content\/uploads\/2022\/01\/bullon-520x520-1-150x150.png 150w, https:\/\/radiocompartiendoesperanza.org\/home\/wp-content\/uploads\/2022\/01\/bullon-520x520-1-300x300.png 300w, https:\/\/radiocompartiendoesperanza.org\/home\/wp-content\/uploads\/2022\/01\/bullon-520x520-1-320x320.png 320w, https:\/\/radiocompartiendoesperanza.org\/home\/wp-content\/uploads\/2022\/01\/bullon-520x520-1-360x360.png 360w, https:\/\/radiocompartiendoesperanza.org\/home\/wp-content\/uploads\/2022\/01\/bullon-520x520-1.png 520w\" sizes=\"(max-width: 80px) 100vw, 80px\" \/><\/div>\n                                    <div class=\"media-body\">\n                                        <h3 class=\"item-title\"><a href=\"https:\/\/radiocompartiendoesperanza.org\/home\/show\/palabras-de-vida-pr-alejandro-bullon\/\">Palabras de Vida - Pr. Alejandro Bull\u00f3n<\/a><\/h3>\n                                        <div class=\"item-subtitle\">Alexander Lizardo<\/div>\n                                    <\/div>\n                                <\/div>\n                                <div class=\"show-share\">\n                                                                        <label>Share on<\/label>\n                                    <div class=\"share-icon\">\n\t\t\t\t\t\t\t\t\t\t                                        \t\t\t\t\t\t\t\t\t\t                                        \t\t\t\t\t\t\t\t\t\t                                        \t\t\t\t\t\t\t\t\t\t                                        \t\t\t\t\t\t\t\t\t\t                                        \t\t\t\t\t\t\t\t\t\t                                        \t\t\t\t\t\t\t\t\t\t                                        \t\t\t\t\t\t\t\t\t\t                                    <\/div>\n                                <\/div>\n                            <\/div>\n                        <\/div>\n                                                                <div class=\"col-xl-6\">\n                            <div class=\"show-box\">\n                                <div class=\"show-time\">                                   \n                                    <div class=\"show-hour\"><span>10:00 pm<\/span> <span>-<\/span><span>10:30 pm<\/span><\/div>\n                                <\/div>\n                                <div class=\"media\">\n                                    <div class=\"item-img\"><img loading=\"lazy\" decoding=\"async\" width=\"80\" height=\"80\" src=\"https:\/\/radiocompartiendoesperanza.org\/home\/wp-content\/uploads\/2021\/01\/omar-grieve-520x520-1-150x150.png\" class=\"attachment-80x80 size-80x80 wp-post-image\" alt=\"\" srcset=\"https:\/\/radiocompartiendoesperanza.org\/home\/wp-content\/uploads\/2021\/01\/omar-grieve-520x520-1-150x150.png 150w, https:\/\/radiocompartiendoesperanza.org\/home\/wp-content\/uploads\/2021\/01\/omar-grieve-520x520-1-300x300.png 300w, https:\/\/radiocompartiendoesperanza.org\/home\/wp-content\/uploads\/2021\/01\/omar-grieve-520x520-1-320x320.png 320w, https:\/\/radiocompartiendoesperanza.org\/home\/wp-content\/uploads\/2021\/01\/omar-grieve-520x520-1-360x360.png 360w, https:\/\/radiocompartiendoesperanza.org\/home\/wp-content\/uploads\/2021\/01\/omar-grieve-520x520-1.png 520w\" sizes=\"(max-width: 80px) 100vw, 80px\" \/><\/div>\n                                    <div class=\"media-body\">\n                                        <h3 class=\"item-title\"><a href=\"https:\/\/radiocompartiendoesperanza.org\/home\/show\/restaurando-familias\/\">La Voz de la Esperanza - Pr. Omar Grieve<\/a><\/h3>\n                                        <div class=\"item-subtitle\">Alexander Lizardo<\/div>\n                                    <\/div>\n                                <\/div>\n                                <div class=\"show-share\">\n                                                                        <label>Share on<\/label>\n                                    <div class=\"share-icon\">\n\t\t\t\t\t\t\t\t\t\t                                                                                    <a target=\"_blank\" href=\"#\"><i class=\"fab fa-facebook-f\" aria-hidden=\"true\"><\/i><\/a>\n                                        \t\t\t\t\t\t\t\t\t\t                                                                                    <a target=\"_blank\" href=\"#\"><i class=\"fab fa-twitter\" aria-hidden=\"true\"><\/i><\/a>\n                                        \t\t\t\t\t\t\t\t\t\t                                                                                    <a target=\"_blank\" href=\"#\"><i class=\"fab fa-linkedin-in\" aria-hidden=\"true\"><\/i><\/a>\n                                        \t\t\t\t\t\t\t\t\t\t                                        \t\t\t\t\t\t\t\t\t\t                                        \t\t\t\t\t\t\t\t\t\t                                                                                    <a target=\"_blank\" href=\"#\"><i class=\"fab fa-instagram\" aria-hidden=\"true\"><\/i><\/a>\n                                        \t\t\t\t\t\t\t\t\t\t                                        \t\t\t\t\t\t\t\t\t\t                                    <\/div>\n                                <\/div>\n                            <\/div>\n                        <\/div>\n                                    <\/div>\n            <\/div>\n                                <div class=\"tab-pane fade show \" id=\"fri-2089049246\" role=\"tabpanel\">\n                <div class=\"row\">\n                                                            <div class=\"col-xl-6\">\n                            <div class=\"show-box\">\n                                <div class=\"show-time\">                                   \n                                    <div class=\"show-hour\"><span>6:30 am<\/span> <span>-<\/span><span>7:30 am<\/span><\/div>\n                                <\/div>\n                                <div class=\"media\">\n                                    <div class=\"item-img\"><img loading=\"lazy\" decoding=\"async\" width=\"80\" height=\"80\" src=\"https:\/\/radiocompartiendoesperanza.org\/home\/wp-content\/uploads\/2022\/01\/costa-520x520-Recuperado-150x150.png\" class=\"attachment-80x80 size-80x80 wp-post-image\" alt=\"\" srcset=\"https:\/\/radiocompartiendoesperanza.org\/home\/wp-content\/uploads\/2022\/01\/costa-520x520-Recuperado-150x150.png 150w, https:\/\/radiocompartiendoesperanza.org\/home\/wp-content\/uploads\/2022\/01\/costa-520x520-Recuperado-300x300.png 300w, https:\/\/radiocompartiendoesperanza.org\/home\/wp-content\/uploads\/2022\/01\/costa-520x520-Recuperado-320x320.png 320w, https:\/\/radiocompartiendoesperanza.org\/home\/wp-content\/uploads\/2022\/01\/costa-520x520-Recuperado-360x360.png 360w, https:\/\/radiocompartiendoesperanza.org\/home\/wp-content\/uploads\/2022\/01\/costa-520x520-Recuperado.png 520w\" sizes=\"(max-width: 80px) 100vw, 80px\" \/><\/div>\n                                    <div class=\"media-body\">\n                                        <h3 class=\"item-title\"><a href=\"https:\/\/radiocompartiendoesperanza.org\/home\/show\/una-mejor-manera-de-vivir-pr-robert-costa\/\">Escrito est\u00e1 - Pr. Robert Costa<\/a><\/h3>\n                                        <div class=\"item-subtitle\">Salvador Demallistre<\/div>\n                                    <\/div>\n                                <\/div>\n                                <div class=\"show-share\">\n                                                                        <label>Share on<\/label>\n                                    <div class=\"share-icon\">\n\t\t\t\t\t\t\t\t\t\t                                        \t\t\t\t\t\t\t\t\t\t                                        \t\t\t\t\t\t\t\t\t\t                                        \t\t\t\t\t\t\t\t\t\t                                        \t\t\t\t\t\t\t\t\t\t                                        \t\t\t\t\t\t\t\t\t\t                                        \t\t\t\t\t\t\t\t\t\t                                        \t\t\t\t\t\t\t\t\t\t                                    <\/div>\n                                <\/div>\n                            <\/div>\n                        <\/div>\n                                                                <div class=\"col-xl-6\">\n                            <div class=\"show-box\">\n                                <div class=\"show-time\">                                   \n                                    <div class=\"show-hour\"><span>8:00 am<\/span> <span>-<\/span><span>8:30 am<\/span><\/div>\n                                <\/div>\n                                <div class=\"media\">\n                                    <div class=\"item-img\"><img loading=\"lazy\" decoding=\"async\" width=\"80\" height=\"80\" src=\"https:\/\/radiocompartiendoesperanza.org\/home\/wp-content\/uploads\/2022\/01\/frank-520x520-1-150x150.png\" class=\"attachment-80x80 size-80x80 wp-post-image\" alt=\"\" srcset=\"https:\/\/radiocompartiendoesperanza.org\/home\/wp-content\/uploads\/2022\/01\/frank-520x520-1-150x150.png 150w, https:\/\/radiocompartiendoesperanza.org\/home\/wp-content\/uploads\/2022\/01\/frank-520x520-1-300x300.png 300w, https:\/\/radiocompartiendoesperanza.org\/home\/wp-content\/uploads\/2022\/01\/frank-520x520-1-320x320.png 320w, https:\/\/radiocompartiendoesperanza.org\/home\/wp-content\/uploads\/2022\/01\/frank-520x520-1-360x360.png 360w, https:\/\/radiocompartiendoesperanza.org\/home\/wp-content\/uploads\/2022\/01\/frank-520x520-1.png 520w\" sizes=\"(max-width: 80px) 100vw, 80px\" \/><\/div>\n                                    <div class=\"media-body\">\n                                        <h3 class=\"item-title\"><a href=\"https:\/\/radiocompartiendoesperanza.org\/home\/show\/pr-frank-gonzalez\/\">La Voz de la Esperanza - Pr. Frank Gonz\u00e1lez<\/a><\/h3>\n                                        <div class=\"item-subtitle\">Alexander Lizardo<\/div>\n                                    <\/div>\n                                <\/div>\n                                <div class=\"show-share\">\n                                                                        <label>Share on<\/label>\n                                    <div class=\"share-icon\">\n\t\t\t\t\t\t\t\t\t\t                                        \t\t\t\t\t\t\t\t\t\t                                        \t\t\t\t\t\t\t\t\t\t                                        \t\t\t\t\t\t\t\t\t\t                                        \t\t\t\t\t\t\t\t\t\t                                        \t\t\t\t\t\t\t\t\t\t                                        \t\t\t\t\t\t\t\t\t\t                                        \t\t\t\t\t\t\t\t\t\t                                    <\/div>\n                                <\/div>\n                            <\/div>\n                        <\/div>\n                                                                <div class=\"col-xl-6\">\n                            <div class=\"show-box\">\n                                <div class=\"show-time\">                                   \n                                    <div class=\"show-hour\"><span>9:00 am<\/span> <span>-<\/span><span>9:30 am<\/span><\/div>\n                                <\/div>\n                                <div class=\"media\">\n                                    <div class=\"item-img\"><img loading=\"lazy\" decoding=\"async\" width=\"80\" height=\"80\" src=\"https:\/\/radiocompartiendoesperanza.org\/home\/wp-content\/uploads\/2023\/06\/pr-juan-ricardo-jorge-1.jpg\" class=\"attachment-80x80 size-80x80 wp-post-image\" alt=\"\" \/><\/div>\n                                    <div class=\"media-body\">\n                                        <h3 class=\"item-title\"><a href=\"https:\/\/radiocompartiendoesperanza.org\/home\/show\/el-primer-lugar-pr-dennys-mercedes\/\">Estudio de la Biblia - Pr. Juan R. Jorge<\/a><\/h3>\n                                        <div class=\"item-subtitle\">Alexander Lizardo<\/div>\n                                    <\/div>\n                                <\/div>\n                                <div class=\"show-share\">\n                                                                        <label>Share on<\/label>\n                                    <div class=\"share-icon\">\n\t\t\t\t\t\t\t\t\t\t                                        \t\t\t\t\t\t\t\t\t\t                                        \t\t\t\t\t\t\t\t\t\t                                        \t\t\t\t\t\t\t\t\t\t                                        \t\t\t\t\t\t\t\t\t\t                                        \t\t\t\t\t\t\t\t\t\t                                        \t\t\t\t\t\t\t\t\t\t                                        \t\t\t\t\t\t\t\t\t\t                                    <\/div>\n                                <\/div>\n                            <\/div>\n                        <\/div>\n                                                                <div class=\"col-xl-6\">\n                            <div class=\"show-box\">\n                                <div class=\"show-time\">                                   \n                                    <div class=\"show-hour\"><span>11:00 am<\/span> <span>-<\/span><span>11:30 am<\/span><\/div>\n                                <\/div>\n                                <div class=\"media\">\n                                    <div class=\"item-img\"><img loading=\"lazy\" decoding=\"async\" width=\"80\" height=\"80\" src=\"https:\/\/radiocompartiendoesperanza.org\/home\/wp-content\/uploads\/2022\/01\/milton-520x520-1-150x150.png\" class=\"attachment-80x80 size-80x80 wp-post-image\" alt=\"\" srcset=\"https:\/\/radiocompartiendoesperanza.org\/home\/wp-content\/uploads\/2022\/01\/milton-520x520-1-150x150.png 150w, https:\/\/radiocompartiendoesperanza.org\/home\/wp-content\/uploads\/2022\/01\/milton-520x520-1-300x300.png 300w, https:\/\/radiocompartiendoesperanza.org\/home\/wp-content\/uploads\/2022\/01\/milton-520x520-1-320x320.png 320w, https:\/\/radiocompartiendoesperanza.org\/home\/wp-content\/uploads\/2022\/01\/milton-520x520-1-360x360.png 360w, https:\/\/radiocompartiendoesperanza.org\/home\/wp-content\/uploads\/2022\/01\/milton-520x520-1.png 520w\" sizes=\"(max-width: 80px) 100vw, 80px\" \/><\/div>\n                                    <div class=\"media-body\">\n                                        <h3 class=\"item-title\"><a href=\"https:\/\/radiocompartiendoesperanza.org\/home\/show\/pr-milton-peverini-garcia\/\">La Voz de la Esperanza - Pr. Milton Peverini Garc\u00eda<\/a><\/h3>\n                                        <div class=\"item-subtitle\">Salvador Demallistre<\/div>\n                                    <\/div>\n                                <\/div>\n                                <div class=\"show-share\">\n                                                                        <label>Share on<\/label>\n                                    <div class=\"share-icon\">\n\t\t\t\t\t\t\t\t\t\t                                        \t\t\t\t\t\t\t\t\t\t                                        \t\t\t\t\t\t\t\t\t\t                                        \t\t\t\t\t\t\t\t\t\t                                        \t\t\t\t\t\t\t\t\t\t                                        \t\t\t\t\t\t\t\t\t\t                                        \t\t\t\t\t\t\t\t\t\t                                        \t\t\t\t\t\t\t\t\t\t                                    <\/div>\n                                <\/div>\n                            <\/div>\n                        <\/div>\n                                                                <div class=\"col-xl-6\">\n                            <div class=\"show-box\">\n                                <div class=\"show-time\">                                   \n                                    <div class=\"show-hour\"><span>1:00 pm<\/span> <span>-<\/span><span>1:30 pm<\/span><\/div>\n                                <\/div>\n                                <div class=\"media\">\n                                    <div class=\"item-img\"><img loading=\"lazy\" decoding=\"async\" width=\"80\" height=\"80\" src=\"https:\/\/radiocompartiendoesperanza.org\/home\/wp-content\/uploads\/2023\/01\/OMAR-MEDINA-1.jpg\" class=\"attachment-80x80 size-80x80 wp-post-image\" alt=\"\" \/><\/div>\n                                    <div class=\"media-body\">\n                                        <h3 class=\"item-title\"><a href=\"https:\/\/radiocompartiendoesperanza.org\/home\/show\/escuela-sabatica-omar-medina\/\">Escuela Sab\u00e1tica - Omar Medina<\/a><\/h3>\n                                        <div class=\"item-subtitle\">Alexander Lizardo<\/div>\n                                    <\/div>\n                                <\/div>\n                                <div class=\"show-share\">\n                                                                        <label>Share on<\/label>\n                                    <div class=\"share-icon\">\n\t\t\t\t\t\t\t\t\t\t                                        \t\t\t\t\t\t\t\t\t\t                                        \t\t\t\t\t\t\t\t\t\t                                        \t\t\t\t\t\t\t\t\t\t                                        \t\t\t\t\t\t\t\t\t\t                                        \t\t\t\t\t\t\t\t\t\t                                        \t\t\t\t\t\t\t\t\t\t                                        \t\t\t\t\t\t\t\t\t\t                                    <\/div>\n                                <\/div>\n                            <\/div>\n                        <\/div>\n                                                                <div class=\"col-xl-6\">\n                            <div class=\"show-box\">\n                                <div class=\"show-time\">                                   \n                                    <div class=\"show-hour\"><span>2:00 pm<\/span> <span>-<\/span><span>2:30 pm<\/span><\/div>\n                                <\/div>\n                                <div class=\"media\">\n                                    <div class=\"item-img\"><img loading=\"lazy\" decoding=\"async\" width=\"80\" height=\"80\" src=\"https:\/\/radiocompartiendoesperanza.org\/home\/wp-content\/uploads\/2021\/10\/tu-historia-preferida-150x150.jpg\" class=\"attachment-80x80 size-80x80 wp-post-image\" alt=\"\" \/><\/div>\n                                    <div class=\"media-body\">\n                                        <h3 class=\"item-title\"><a href=\"https:\/\/radiocompartiendoesperanza.org\/home\/show\/escuela-sabatica-studio7\/\">Tu Historia Preferida<\/a><\/h3>\n                                        <div class=\"item-subtitle\">Alexander Lizardo<\/div>\n                                    <\/div>\n                                <\/div>\n                                <div class=\"show-share\">\n                                                                        <label>Share on<\/label>\n                                    <div class=\"share-icon\">\n\t\t\t\t\t\t\t\t\t\t                                        \t\t\t\t\t\t\t\t\t\t                                        \t\t\t\t\t\t\t\t\t\t                                        \t\t\t\t\t\t\t\t\t\t                                        \t\t\t\t\t\t\t\t\t\t                                        \t\t\t\t\t\t\t\t\t\t                                        \t\t\t\t\t\t\t\t\t\t                                        \t\t\t\t\t\t\t\t\t\t                                    <\/div>\n                                <\/div>\n                            <\/div>\n                        <\/div>\n                                                                <div class=\"col-xl-6\">\n                            <div class=\"show-box\">\n                                <div class=\"show-time\">                                   \n                                    <div class=\"show-hour\"><span>3:00 pm<\/span> <span>-<\/span><span>3:30 pm<\/span><\/div>\n                                <\/div>\n                                <div class=\"media\">\n                                    <div class=\"item-img\"><img loading=\"lazy\" decoding=\"async\" width=\"80\" height=\"80\" src=\"https:\/\/radiocompartiendoesperanza.org\/home\/wp-content\/uploads\/2023\/01\/Pedro-mendez-.jpg\" class=\"attachment-80x80 size-80x80 wp-post-image\" alt=\"\" \/><\/div>\n                                    <div class=\"media-body\">\n                                        <h3 class=\"item-title\"><a href=\"https:\/\/radiocompartiendoesperanza.org\/home\/show\/una-luz-en-el-camino-santiago-pavan\/\">Mensajes de Esperanza \u2013 Pedro M\u00e9ndez<\/a><\/h3>\n                                        <div class=\"item-subtitle\">Alexander Lizardo<\/div>\n                                    <\/div>\n                                <\/div>\n                                <div class=\"show-share\">\n                                                                        <label>Share on<\/label>\n                                    <div class=\"share-icon\">\n\t\t\t\t\t\t\t\t\t\t                                        \t\t\t\t\t\t\t\t\t\t                                        \t\t\t\t\t\t\t\t\t\t                                        \t\t\t\t\t\t\t\t\t\t                                        \t\t\t\t\t\t\t\t\t\t                                        \t\t\t\t\t\t\t\t\t\t                                        \t\t\t\t\t\t\t\t\t\t                                        \t\t\t\t\t\t\t\t\t\t                                    <\/div>\n                                <\/div>\n                            <\/div>\n                        <\/div>\n                                                                <div class=\"col-xl-6\">\n                            <div class=\"show-box\">\n                                <div class=\"show-time\">                                   \n                                    <div class=\"show-hour\"><span>5:00 pm<\/span> <span>-<\/span><span>5:30 pm<\/span><\/div>\n                                <\/div>\n                                <div class=\"media\">\n                                    <div class=\"item-img\"><img loading=\"lazy\" decoding=\"async\" width=\"80\" height=\"80\" src=\"https:\/\/radiocompartiendoesperanza.org\/home\/wp-content\/uploads\/2022\/09\/pr-juan-joaquin.jpg\" class=\"attachment-80x80 size-80x80 wp-post-image\" alt=\"\" \/><\/div>\n                                    <div class=\"media-body\">\n                                        <h3 class=\"item-title\"><a href=\"https:\/\/radiocompartiendoesperanza.org\/home\/show\/ecos-del-paraiso\/\">Ecos del Para\u00edso<\/a><\/h3>\n                                        <div class=\"item-subtitle\">Salvador Demallistre<\/div>\n                                    <\/div>\n                                <\/div>\n                                <div class=\"show-share\">\n                                                                        <label>Share on<\/label>\n                                    <div class=\"share-icon\">\n\t\t\t\t\t\t\t\t\t\t                                        \t\t\t\t\t\t\t\t\t\t                                        \t\t\t\t\t\t\t\t\t\t                                        \t\t\t\t\t\t\t\t\t\t                                        \t\t\t\t\t\t\t\t\t\t                                        \t\t\t\t\t\t\t\t\t\t                                        \t\t\t\t\t\t\t\t\t\t                                        \t\t\t\t\t\t\t\t\t\t                                    <\/div>\n                                <\/div>\n                            <\/div>\n                        <\/div>\n                                                                <div class=\"col-xl-6\">\n                            <div class=\"show-box\">\n                                <div class=\"show-time\">                                   \n                                    <div class=\"show-hour\"><span>9:00 pm<\/span> <span>-<\/span><span>9:30 pm<\/span><\/div>\n                                <\/div>\n                                <div class=\"media\">\n                                    <div class=\"item-img\"><img loading=\"lazy\" decoding=\"async\" width=\"80\" height=\"80\" src=\"https:\/\/radiocompartiendoesperanza.org\/home\/wp-content\/uploads\/2022\/01\/bullon-520x520-1-150x150.png\" class=\"attachment-80x80 size-80x80 wp-post-image\" alt=\"\" srcset=\"https:\/\/radiocompartiendoesperanza.org\/home\/wp-content\/uploads\/2022\/01\/bullon-520x520-1-150x150.png 150w, https:\/\/radiocompartiendoesperanza.org\/home\/wp-content\/uploads\/2022\/01\/bullon-520x520-1-300x300.png 300w, https:\/\/radiocompartiendoesperanza.org\/home\/wp-content\/uploads\/2022\/01\/bullon-520x520-1-320x320.png 320w, https:\/\/radiocompartiendoesperanza.org\/home\/wp-content\/uploads\/2022\/01\/bullon-520x520-1-360x360.png 360w, https:\/\/radiocompartiendoesperanza.org\/home\/wp-content\/uploads\/2022\/01\/bullon-520x520-1.png 520w\" sizes=\"(max-width: 80px) 100vw, 80px\" \/><\/div>\n                                    <div class=\"media-body\">\n                                        <h3 class=\"item-title\"><a href=\"https:\/\/radiocompartiendoesperanza.org\/home\/show\/palabras-de-vida-pr-alejandro-bullon\/\">Palabras de Vida - Pr. Alejandro Bull\u00f3n<\/a><\/h3>\n                                        <div class=\"item-subtitle\">Alexander Lizardo<\/div>\n                                    <\/div>\n                                <\/div>\n                                <div class=\"show-share\">\n                                                                        <label>Share on<\/label>\n                                    <div class=\"share-icon\">\n\t\t\t\t\t\t\t\t\t\t                                        \t\t\t\t\t\t\t\t\t\t                                        \t\t\t\t\t\t\t\t\t\t                                        \t\t\t\t\t\t\t\t\t\t                                        \t\t\t\t\t\t\t\t\t\t                                        \t\t\t\t\t\t\t\t\t\t                                        \t\t\t\t\t\t\t\t\t\t                                        \t\t\t\t\t\t\t\t\t\t                                    <\/div>\n                                <\/div>\n                            <\/div>\n                        <\/div>\n                                                                <div class=\"col-xl-6\">\n                            <div class=\"show-box\">\n                                <div class=\"show-time\">                                   \n                                    <div class=\"show-hour\"><span>10:00 pm<\/span> <span>-<\/span><span>10:30 pm<\/span><\/div>\n                                <\/div>\n                                <div class=\"media\">\n                                    <div class=\"item-img\"><img loading=\"lazy\" decoding=\"async\" width=\"80\" height=\"80\" src=\"https:\/\/radiocompartiendoesperanza.org\/home\/wp-content\/uploads\/2021\/01\/omar-grieve-520x520-1-150x150.png\" class=\"attachment-80x80 size-80x80 wp-post-image\" alt=\"\" srcset=\"https:\/\/radiocompartiendoesperanza.org\/home\/wp-content\/uploads\/2021\/01\/omar-grieve-520x520-1-150x150.png 150w, https:\/\/radiocompartiendoesperanza.org\/home\/wp-content\/uploads\/2021\/01\/omar-grieve-520x520-1-300x300.png 300w, https:\/\/radiocompartiendoesperanza.org\/home\/wp-content\/uploads\/2021\/01\/omar-grieve-520x520-1-320x320.png 320w, https:\/\/radiocompartiendoesperanza.org\/home\/wp-content\/uploads\/2021\/01\/omar-grieve-520x520-1-360x360.png 360w, https:\/\/radiocompartiendoesperanza.org\/home\/wp-content\/uploads\/2021\/01\/omar-grieve-520x520-1.png 520w\" sizes=\"(max-width: 80px) 100vw, 80px\" \/><\/div>\n                                    <div class=\"media-body\">\n                                        <h3 class=\"item-title\"><a href=\"https:\/\/radiocompartiendoesperanza.org\/home\/show\/restaurando-familias\/\">La Voz de la Esperanza - Pr. Omar Grieve<\/a><\/h3>\n                                        <div class=\"item-subtitle\">Alexander Lizardo<\/div>\n                                    <\/div>\n                                <\/div>\n                                <div class=\"show-share\">\n                                                                        <label>Share on<\/label>\n                                    <div class=\"share-icon\">\n\t\t\t\t\t\t\t\t\t\t                                                                                    <a target=\"_blank\" href=\"#\"><i class=\"fab fa-facebook-f\" aria-hidden=\"true\"><\/i><\/a>\n                                        \t\t\t\t\t\t\t\t\t\t                                                                                    <a target=\"_blank\" href=\"#\"><i class=\"fab fa-twitter\" aria-hidden=\"true\"><\/i><\/a>\n                                        \t\t\t\t\t\t\t\t\t\t                                                                                    <a target=\"_blank\" href=\"#\"><i class=\"fab fa-linkedin-in\" aria-hidden=\"true\"><\/i><\/a>\n                                        \t\t\t\t\t\t\t\t\t\t                                        \t\t\t\t\t\t\t\t\t\t                                        \t\t\t\t\t\t\t\t\t\t                                                                                    <a target=\"_blank\" href=\"#\"><i class=\"fab fa-instagram\" aria-hidden=\"true\"><\/i><\/a>\n                                        \t\t\t\t\t\t\t\t\t\t                                        \t\t\t\t\t\t\t\t\t\t                                    <\/div>\n                                <\/div>\n                            <\/div>\n                        <\/div>\n                                    <\/div>\n            <\/div>\n                                <div class=\"tab-pane fade show \" id=\"sat-2089049246\" role=\"tabpanel\">\n                <div class=\"row\">\n                                                            <div class=\"col-xl-6\">\n                            <div class=\"show-box\">\n                                <div class=\"show-time\">                                   \n                                    <div class=\"show-hour\"><span>6:30 am<\/span> <span>-<\/span><span>7:00 am<\/span><\/div>\n                                <\/div>\n                                <div class=\"media\">\n                                    <div class=\"item-img\"><img loading=\"lazy\" decoding=\"async\" width=\"80\" height=\"80\" src=\"https:\/\/radiocompartiendoesperanza.org\/home\/wp-content\/uploads\/2022\/01\/costa-520x520-Recuperado-150x150.png\" class=\"attachment-80x80 size-80x80 wp-post-image\" alt=\"\" srcset=\"https:\/\/radiocompartiendoesperanza.org\/home\/wp-content\/uploads\/2022\/01\/costa-520x520-Recuperado-150x150.png 150w, https:\/\/radiocompartiendoesperanza.org\/home\/wp-content\/uploads\/2022\/01\/costa-520x520-Recuperado-300x300.png 300w, https:\/\/radiocompartiendoesperanza.org\/home\/wp-content\/uploads\/2022\/01\/costa-520x520-Recuperado-320x320.png 320w, https:\/\/radiocompartiendoesperanza.org\/home\/wp-content\/uploads\/2022\/01\/costa-520x520-Recuperado-360x360.png 360w, https:\/\/radiocompartiendoesperanza.org\/home\/wp-content\/uploads\/2022\/01\/costa-520x520-Recuperado.png 520w\" sizes=\"(max-width: 80px) 100vw, 80px\" \/><\/div>\n                                    <div class=\"media-body\">\n                                        <h3 class=\"item-title\"><a href=\"https:\/\/radiocompartiendoesperanza.org\/home\/show\/una-mejor-manera-de-vivir-pr-robert-costa\/\">Escrito est\u00e1 - Pr. Robert Costa<\/a><\/h3>\n                                        <div class=\"item-subtitle\">Salvador Demallistre<\/div>\n                                    <\/div>\n                                <\/div>\n                                <div class=\"show-share\">\n                                                                        <label>Share on<\/label>\n                                    <div class=\"share-icon\">\n\t\t\t\t\t\t\t\t\t\t                                        \t\t\t\t\t\t\t\t\t\t                                        \t\t\t\t\t\t\t\t\t\t                                        \t\t\t\t\t\t\t\t\t\t                                        \t\t\t\t\t\t\t\t\t\t                                        \t\t\t\t\t\t\t\t\t\t                                        \t\t\t\t\t\t\t\t\t\t                                        \t\t\t\t\t\t\t\t\t\t                                    <\/div>\n                                <\/div>\n                            <\/div>\n                        <\/div>\n                                                                <div class=\"col-xl-6\">\n                            <div class=\"show-box\">\n                                <div class=\"show-time\">                                   \n                                    <div class=\"show-hour\"><span>8:00 am<\/span> <span>-<\/span><span>8:30 am<\/span><\/div>\n                                <\/div>\n                                <div class=\"media\">\n                                    <div class=\"item-img\"><img loading=\"lazy\" decoding=\"async\" width=\"80\" height=\"80\" src=\"https:\/\/radiocompartiendoesperanza.org\/home\/wp-content\/uploads\/2022\/01\/frank-520x520-1-150x150.png\" class=\"attachment-80x80 size-80x80 wp-post-image\" alt=\"\" srcset=\"https:\/\/radiocompartiendoesperanza.org\/home\/wp-content\/uploads\/2022\/01\/frank-520x520-1-150x150.png 150w, https:\/\/radiocompartiendoesperanza.org\/home\/wp-content\/uploads\/2022\/01\/frank-520x520-1-300x300.png 300w, https:\/\/radiocompartiendoesperanza.org\/home\/wp-content\/uploads\/2022\/01\/frank-520x520-1-320x320.png 320w, https:\/\/radiocompartiendoesperanza.org\/home\/wp-content\/uploads\/2022\/01\/frank-520x520-1-360x360.png 360w, https:\/\/radiocompartiendoesperanza.org\/home\/wp-content\/uploads\/2022\/01\/frank-520x520-1.png 520w\" sizes=\"(max-width: 80px) 100vw, 80px\" \/><\/div>\n                                    <div class=\"media-body\">\n                                        <h3 class=\"item-title\"><a href=\"https:\/\/radiocompartiendoesperanza.org\/home\/show\/pr-frank-gonzalez\/\">La Voz de la Esperanza - Pr. Frank Gonz\u00e1lez<\/a><\/h3>\n                                        <div class=\"item-subtitle\">Alexander Lizardo<\/div>\n                                    <\/div>\n                                <\/div>\n                                <div class=\"show-share\">\n                                                                        <label>Share on<\/label>\n                                    <div class=\"share-icon\">\n\t\t\t\t\t\t\t\t\t\t                                        \t\t\t\t\t\t\t\t\t\t                                        \t\t\t\t\t\t\t\t\t\t                                        \t\t\t\t\t\t\t\t\t\t                                        \t\t\t\t\t\t\t\t\t\t                                        \t\t\t\t\t\t\t\t\t\t                                        \t\t\t\t\t\t\t\t\t\t                                        \t\t\t\t\t\t\t\t\t\t                                    <\/div>\n                                <\/div>\n                            <\/div>\n                        <\/div>\n                                                                <div class=\"col-xl-6\">\n                            <div class=\"show-box\">\n                                <div class=\"show-time\">                                   \n                                    <div class=\"show-hour\"><span>9:00 am<\/span> <span>-<\/span><span>9:30 am<\/span><\/div>\n                                <\/div>\n                                <div class=\"media\">\n                                    <div class=\"item-img\"><img loading=\"lazy\" decoding=\"async\" width=\"80\" height=\"80\" src=\"https:\/\/radiocompartiendoesperanza.org\/home\/wp-content\/uploads\/2023\/06\/pr-juan-ricardo-jorge-1.jpg\" class=\"attachment-80x80 size-80x80 wp-post-image\" alt=\"\" \/><\/div>\n                                    <div class=\"media-body\">\n                                        <h3 class=\"item-title\"><a href=\"https:\/\/radiocompartiendoesperanza.org\/home\/show\/el-primer-lugar-pr-dennys-mercedes\/\">Estudio de la Biblia - Pr. Juan R. Jorge<\/a><\/h3>\n                                        <div class=\"item-subtitle\">Alexander Lizardo<\/div>\n                                    <\/div>\n                                <\/div>\n                                <div class=\"show-share\">\n                                                                        <label>Share on<\/label>\n                                    <div class=\"share-icon\">\n\t\t\t\t\t\t\t\t\t\t                                        \t\t\t\t\t\t\t\t\t\t                                        \t\t\t\t\t\t\t\t\t\t                                        \t\t\t\t\t\t\t\t\t\t                                        \t\t\t\t\t\t\t\t\t\t                                        \t\t\t\t\t\t\t\t\t\t                                        \t\t\t\t\t\t\t\t\t\t                                        \t\t\t\t\t\t\t\t\t\t                                    <\/div>\n                                <\/div>\n                            <\/div>\n                        <\/div>\n                                                                <div class=\"col-xl-6\">\n                            <div class=\"show-box\">\n                                <div class=\"show-time\">                                   \n                                    <div class=\"show-hour\"><span>11:00 am<\/span> <span>-<\/span><span>11:30 am<\/span><\/div>\n                                <\/div>\n                                <div class=\"media\">\n                                    <div class=\"item-img\"><img loading=\"lazy\" decoding=\"async\" width=\"80\" height=\"80\" src=\"https:\/\/radiocompartiendoesperanza.org\/home\/wp-content\/uploads\/2022\/01\/milton-520x520-1-150x150.png\" class=\"attachment-80x80 size-80x80 wp-post-image\" alt=\"\" srcset=\"https:\/\/radiocompartiendoesperanza.org\/home\/wp-content\/uploads\/2022\/01\/milton-520x520-1-150x150.png 150w, https:\/\/radiocompartiendoesperanza.org\/home\/wp-content\/uploads\/2022\/01\/milton-520x520-1-300x300.png 300w, https:\/\/radiocompartiendoesperanza.org\/home\/wp-content\/uploads\/2022\/01\/milton-520x520-1-320x320.png 320w, https:\/\/radiocompartiendoesperanza.org\/home\/wp-content\/uploads\/2022\/01\/milton-520x520-1-360x360.png 360w, https:\/\/radiocompartiendoesperanza.org\/home\/wp-content\/uploads\/2022\/01\/milton-520x520-1.png 520w\" sizes=\"(max-width: 80px) 100vw, 80px\" \/><\/div>\n                                    <div class=\"media-body\">\n                                        <h3 class=\"item-title\"><a href=\"https:\/\/radiocompartiendoesperanza.org\/home\/show\/pr-milton-peverini-garcia\/\">La Voz de la Esperanza - Pr. Milton Peverini Garc\u00eda<\/a><\/h3>\n                                        <div class=\"item-subtitle\">Salvador Demallistre<\/div>\n                                    <\/div>\n                                <\/div>\n                                <div class=\"show-share\">\n                                                                        <label>Share on<\/label>\n                                    <div class=\"share-icon\">\n\t\t\t\t\t\t\t\t\t\t                                        \t\t\t\t\t\t\t\t\t\t                                        \t\t\t\t\t\t\t\t\t\t                                        \t\t\t\t\t\t\t\t\t\t                                        \t\t\t\t\t\t\t\t\t\t                                        \t\t\t\t\t\t\t\t\t\t                                        \t\t\t\t\t\t\t\t\t\t                                        \t\t\t\t\t\t\t\t\t\t                                    <\/div>\n                                <\/div>\n                            <\/div>\n                        <\/div>\n                                                                <div class=\"col-xl-6\">\n                            <div class=\"show-box\">\n                                <div class=\"show-time\">                                   \n                                    <div class=\"show-hour\"><span>1:00 pm<\/span> <span>-<\/span><span>1:30 pm<\/span><\/div>\n                                <\/div>\n                                <div class=\"media\">\n                                    <div class=\"item-img\"><img loading=\"lazy\" decoding=\"async\" width=\"80\" height=\"80\" src=\"https:\/\/radiocompartiendoesperanza.org\/home\/wp-content\/uploads\/2023\/01\/OMAR-MEDINA-1.jpg\" class=\"attachment-80x80 size-80x80 wp-post-image\" alt=\"\" \/><\/div>\n                                    <div class=\"media-body\">\n                                        <h3 class=\"item-title\"><a href=\"https:\/\/radiocompartiendoesperanza.org\/home\/show\/escuela-sabatica-omar-medina\/\">Escuela Sab\u00e1tica - Omar Medina<\/a><\/h3>\n                                        <div class=\"item-subtitle\">Alexander Lizardo<\/div>\n                                    <\/div>\n                                <\/div>\n                                <div class=\"show-share\">\n                                                                        <label>Share on<\/label>\n                                    <div class=\"share-icon\">\n\t\t\t\t\t\t\t\t\t\t                                        \t\t\t\t\t\t\t\t\t\t                                        \t\t\t\t\t\t\t\t\t\t                                        \t\t\t\t\t\t\t\t\t\t                                        \t\t\t\t\t\t\t\t\t\t                                        \t\t\t\t\t\t\t\t\t\t                                        \t\t\t\t\t\t\t\t\t\t                                        \t\t\t\t\t\t\t\t\t\t                                    <\/div>\n                                <\/div>\n                            <\/div>\n                        <\/div>\n                                                                <div class=\"col-xl-6\">\n                            <div class=\"show-box\">\n                                <div class=\"show-time\">                                   \n                                    <div class=\"show-hour\"><span>2:00 pm<\/span> <span>-<\/span><span>2:30 pm<\/span><\/div>\n                                <\/div>\n                                <div class=\"media\">\n                                    <div class=\"item-img\"><img loading=\"lazy\" decoding=\"async\" width=\"80\" height=\"80\" src=\"https:\/\/radiocompartiendoesperanza.org\/home\/wp-content\/uploads\/2021\/10\/tu-historia-preferida-150x150.jpg\" class=\"attachment-80x80 size-80x80 wp-post-image\" alt=\"\" \/><\/div>\n                                    <div class=\"media-body\">\n                                        <h3 class=\"item-title\"><a href=\"https:\/\/radiocompartiendoesperanza.org\/home\/show\/escuela-sabatica-studio7\/\">Tu Historia Preferida<\/a><\/h3>\n                                        <div class=\"item-subtitle\">Alexander Lizardo<\/div>\n                                    <\/div>\n                                <\/div>\n                                <div class=\"show-share\">\n                                                                        <label>Share on<\/label>\n                                    <div class=\"share-icon\">\n\t\t\t\t\t\t\t\t\t\t                                        \t\t\t\t\t\t\t\t\t\t                                        \t\t\t\t\t\t\t\t\t\t                                        \t\t\t\t\t\t\t\t\t\t                                        \t\t\t\t\t\t\t\t\t\t                                        \t\t\t\t\t\t\t\t\t\t                                        \t\t\t\t\t\t\t\t\t\t                                        \t\t\t\t\t\t\t\t\t\t                                    <\/div>\n                                <\/div>\n                            <\/div>\n                        <\/div>\n                                                                <div class=\"col-xl-6\">\n                            <div class=\"show-box\">\n                                <div class=\"show-time\">                                   \n                                    <div class=\"show-hour\"><span>5:00 pm<\/span> <span>-<\/span><span>5:30 pm<\/span><\/div>\n                                <\/div>\n                                <div class=\"media\">\n                                    <div class=\"item-img\"><img loading=\"lazy\" decoding=\"async\" width=\"80\" height=\"80\" src=\"https:\/\/radiocompartiendoesperanza.org\/home\/wp-content\/uploads\/2022\/09\/pr-juan-joaquin.jpg\" class=\"attachment-80x80 size-80x80 wp-post-image\" alt=\"\" \/><\/div>\n                                    <div class=\"media-body\">\n                                        <h3 class=\"item-title\"><a href=\"https:\/\/radiocompartiendoesperanza.org\/home\/show\/ecos-del-paraiso\/\">Ecos del Para\u00edso<\/a><\/h3>\n                                        <div class=\"item-subtitle\">Salvador Demallistre<\/div>\n                                    <\/div>\n                                <\/div>\n                                <div class=\"show-share\">\n                                                                        <label>Share on<\/label>\n                                    <div class=\"share-icon\">\n\t\t\t\t\t\t\t\t\t\t                                        \t\t\t\t\t\t\t\t\t\t                                        \t\t\t\t\t\t\t\t\t\t                                        \t\t\t\t\t\t\t\t\t\t                                        \t\t\t\t\t\t\t\t\t\t                                        \t\t\t\t\t\t\t\t\t\t                                        \t\t\t\t\t\t\t\t\t\t                                        \t\t\t\t\t\t\t\t\t\t                                    <\/div>\n                                <\/div>\n                            <\/div>\n                        <\/div>\n                                                                <div class=\"col-xl-6\">\n                            <div class=\"show-box\">\n                                <div class=\"show-time\">                                   \n                                    <div class=\"show-hour\"><span>9:00 pm<\/span> <span>-<\/span><span>9:30 pm<\/span><\/div>\n                                <\/div>\n                                <div class=\"media\">\n                                    <div class=\"item-img\"><img loading=\"lazy\" decoding=\"async\" width=\"80\" height=\"80\" src=\"https:\/\/radiocompartiendoesperanza.org\/home\/wp-content\/uploads\/2022\/01\/bullon-520x520-1-150x150.png\" class=\"attachment-80x80 size-80x80 wp-post-image\" alt=\"\" srcset=\"https:\/\/radiocompartiendoesperanza.org\/home\/wp-content\/uploads\/2022\/01\/bullon-520x520-1-150x150.png 150w, https:\/\/radiocompartiendoesperanza.org\/home\/wp-content\/uploads\/2022\/01\/bullon-520x520-1-300x300.png 300w, https:\/\/radiocompartiendoesperanza.org\/home\/wp-content\/uploads\/2022\/01\/bullon-520x520-1-320x320.png 320w, https:\/\/radiocompartiendoesperanza.org\/home\/wp-content\/uploads\/2022\/01\/bullon-520x520-1-360x360.png 360w, https:\/\/radiocompartiendoesperanza.org\/home\/wp-content\/uploads\/2022\/01\/bullon-520x520-1.png 520w\" sizes=\"(max-width: 80px) 100vw, 80px\" \/><\/div>\n                                    <div class=\"media-body\">\n                                        <h3 class=\"item-title\"><a href=\"https:\/\/radiocompartiendoesperanza.org\/home\/show\/palabras-de-vida-pr-alejandro-bullon\/\">Palabras de Vida - Pr. Alejandro Bull\u00f3n<\/a><\/h3>\n                                        <div class=\"item-subtitle\">Alexander Lizardo<\/div>\n                                    <\/div>\n                                <\/div>\n                                <div class=\"show-share\">\n                                                                        <label>Share on<\/label>\n                                    <div class=\"share-icon\">\n\t\t\t\t\t\t\t\t\t\t                                        \t\t\t\t\t\t\t\t\t\t                                        \t\t\t\t\t\t\t\t\t\t                                        \t\t\t\t\t\t\t\t\t\t                                        \t\t\t\t\t\t\t\t\t\t                                        \t\t\t\t\t\t\t\t\t\t                                        \t\t\t\t\t\t\t\t\t\t                                        \t\t\t\t\t\t\t\t\t\t                                    <\/div>\n                                <\/div>\n                            <\/div>\n                        <\/div>\n                                                                <div class=\"col-xl-6\">\n                            <div class=\"show-box\">\n                                <div class=\"show-time\">                                   \n                                    <div class=\"show-hour\"><span>10:00 pm<\/span> <span>-<\/span><span>10:30 pm<\/span><\/div>\n                                <\/div>\n                                <div class=\"media\">\n                                    <div class=\"item-img\"><img loading=\"lazy\" decoding=\"async\" width=\"80\" height=\"80\" src=\"https:\/\/radiocompartiendoesperanza.org\/home\/wp-content\/uploads\/2021\/01\/omar-grieve-520x520-1-150x150.png\" class=\"attachment-80x80 size-80x80 wp-post-image\" alt=\"\" srcset=\"https:\/\/radiocompartiendoesperanza.org\/home\/wp-content\/uploads\/2021\/01\/omar-grieve-520x520-1-150x150.png 150w, https:\/\/radiocompartiendoesperanza.org\/home\/wp-content\/uploads\/2021\/01\/omar-grieve-520x520-1-300x300.png 300w, https:\/\/radiocompartiendoesperanza.org\/home\/wp-content\/uploads\/2021\/01\/omar-grieve-520x520-1-320x320.png 320w, https:\/\/radiocompartiendoesperanza.org\/home\/wp-content\/uploads\/2021\/01\/omar-grieve-520x520-1-360x360.png 360w, https:\/\/radiocompartiendoesperanza.org\/home\/wp-content\/uploads\/2021\/01\/omar-grieve-520x520-1.png 520w\" sizes=\"(max-width: 80px) 100vw, 80px\" \/><\/div>\n                                    <div class=\"media-body\">\n                                        <h3 class=\"item-title\"><a href=\"https:\/\/radiocompartiendoesperanza.org\/home\/show\/restaurando-familias\/\">La Voz de la Esperanza - Pr. Omar Grieve<\/a><\/h3>\n                                        <div class=\"item-subtitle\">Alexander Lizardo<\/div>\n                                    <\/div>\n                                <\/div>\n                                <div class=\"show-share\">\n                                                                        <label>Share on<\/label>\n                                    <div class=\"share-icon\">\n\t\t\t\t\t\t\t\t\t\t                                                                                    <a target=\"_blank\" href=\"#\"><i class=\"fab fa-facebook-f\" aria-hidden=\"true\"><\/i><\/a>\n                                        \t\t\t\t\t\t\t\t\t\t                                                                                    <a target=\"_blank\" href=\"#\"><i class=\"fab fa-twitter\" aria-hidden=\"true\"><\/i><\/a>\n                                        \t\t\t\t\t\t\t\t\t\t                                                                                    <a target=\"_blank\" href=\"#\"><i class=\"fab fa-linkedin-in\" aria-hidden=\"true\"><\/i><\/a>\n                                        \t\t\t\t\t\t\t\t\t\t                                        \t\t\t\t\t\t\t\t\t\t                                        \t\t\t\t\t\t\t\t\t\t                                                                                    <a target=\"_blank\" href=\"#\"><i class=\"fab fa-instagram\" aria-hidden=\"true\"><\/i><\/a>\n                                        \t\t\t\t\t\t\t\t\t\t                                        \t\t\t\t\t\t\t\t\t\t                                    <\/div>\n                                <\/div>\n                            <\/div>\n                        <\/div>\n                                    <\/div>\n            <\/div>\n        \n    <\/div>\n\n<\/div>\t\t<\/div>\n\t\t\t\t<\/div>\n\t\t\t\t\t<\/div>\n\t\t<\/div>\n\t\t\t\t\t<\/div>\n\t\t<\/section>\n\t\t\t\t<section class=\"elementor-section elementor-top-section elementor-element elementor-element-577bdebb elementor-section-stretched elementor-section-boxed elementor-section-height-default elementor-section-height-default\" data-id=\"577bdebb\" data-element_type=\"section\" data-settings=\"{&quot;stretch_section&quot;:&quot;section-stretched&quot;,&quot;background_background&quot;:&quot;classic&quot;}\">\n\t\t\t\t\t\t<div class=\"elementor-container elementor-column-gap-default\">\n\t\t\t\t\t<div class=\"elementor-column elementor-col-100 elementor-top-column elementor-element elementor-element-4a566ccf align-items-center\" data-id=\"4a566ccf\" data-element_type=\"column\">\n\t\t\t<div class=\"elementor-widget-wrap elementor-element-populated\">\n\t\t\t\t\t\t<div class=\"elementor-element elementor-element-560b3eb elementor-widget elementor-widget-rt-title\" data-id=\"560b3eb\" data-element_type=\"widget\" data-widget_type=\"rt-title.default\">\n\t\t\t\t<div class=\"elementor-widget-container\">\n\t\t\t<div class=\"section-defauly-style section-heading-1 center\">\n    <div class=\"heading-wrap\">\n        <h2 class=\"heading-title\"> Estamos contigo\n <\/h2>\n        <div class=\"singnal-symbol\">\n            <div class=\"item-circle circle-1\"><\/div>\n            <div class=\"item-circle circle-2\"><\/div>\n            <div class=\"item-circle circle-3\"><\/div>\n        <\/div>\n    <\/div>\n            <p class=\"section-subtitle\">Programaci\u00f3n las 24 horas del d\u00eda. Sin importar donde est\u00e9s, estamos contigo.<\/p>\n    <\/div>\n\t\t<\/div>\n\t\t\t\t<\/div>\n\t\t\t\t\t<\/div>\n\t\t<\/div>\n\t\t\t\t\t<\/div>\n\t\t<\/section>\n\t\t\t\t<section class=\"elementor-section elementor-top-section elementor-element elementor-element-22fdedaa elementor-section-stretched elementor-section-full_width elementor-section-height-default elementor-section-height-default\" data-id=\"22fdedaa\" data-element_type=\"section\" data-settings=\"{&quot;stretch_section&quot;:&quot;section-stretched&quot;,&quot;background_background&quot;:&quot;classic&quot;}\">\n\t\t\t\t\t\t<div class=\"elementor-container elementor-column-gap-default\">\n\t\t\t\t\t<div class=\"elementor-column elementor-col-100 elementor-top-column elementor-element elementor-element-3a0c6020\" data-id=\"3a0c6020\" data-element_type=\"column\">\n\t\t\t<div class=\"elementor-widget-wrap elementor-element-populated\">\n\t\t\t\t\t\t<div class=\"elementor-element elementor-element-f87c7e1 elementor-widget elementor-widget-spacer\" data-id=\"f87c7e1\" data-element_type=\"widget\" data-widget_type=\"spacer.default\">\n\t\t\t\t<div class=\"elementor-widget-container\">\n\t\t\t\t\t<div class=\"elementor-spacer\">\n\t\t\t<div class=\"elementor-spacer-inner\"><\/div>\n\t\t<\/div>\n\t\t\t\t<\/div>\n\t\t\t\t<\/div>\n\t\t\t\t\t<\/div>\n\t\t<\/div>\n\t\t\t\t\t<\/div>\n\t\t<\/section>\n\t\t\t\t<section class=\"elementor-section elementor-top-section elementor-element elementor-element-2834e37 elementor-section-boxed elementor-section-height-default elementor-section-height-default\" data-id=\"2834e37\" data-element_type=\"section\">\n\t\t\t\t\t\t<div class=\"elementor-container elementor-column-gap-default\">\n\t\t\t\t\t<div class=\"elementor-column elementor-col-100 elementor-top-column elementor-element elementor-element-4779736\" data-id=\"4779736\" data-element_type=\"column\">\n\t\t\t<div class=\"elementor-widget-wrap elementor-element-populated\">\n\t\t\t\t\t\t<div class=\"elementor-element elementor-element-9d4b1eb elementor-headline--style-highlight elementor-widget elementor-widget-animated-headline\" data-id=\"9d4b1eb\" data-element_type=\"widget\" data-settings=\"{&quot;highlighted_text&quot;:&quot;esperanza&quot;,&quot;highlight_animation_duration&quot;:1000,&quot;headline_style&quot;:&quot;highlight&quot;,&quot;marker&quot;:&quot;circle&quot;,&quot;loop&quot;:&quot;yes&quot;,&quot;highlight_iteration_delay&quot;:8000}\" data-widget_type=\"animated-headline.default\">\n\t\t\t\t<div class=\"elementor-widget-container\">\n\t\t\t\t\t<h3 class=\"elementor-headline\">\n\t\t\t\t\t<span class=\"elementor-headline-plain-text elementor-headline-text-wrapper\">Construimos puentes de <\/span>\n\t\t\t\t<span class=\"elementor-headline-dynamic-wrapper elementor-headline-text-wrapper\">\n\t\t\t\t\t<span class=\"elementor-headline-dynamic-text elementor-headline-text-active\">esperanza<\/span>\n\t\t\t\t<\/span>\n\t\t\t\t\t<span class=\"elementor-headline-plain-text elementor-headline-text-wrapper\"> que transforman vidas.<\/span>\n\t\t\t\t\t<\/h3>\n\t\t\t\t<\/div>\n\t\t\t\t<\/div>\n\t\t\t\t<div class=\"elementor-element elementor-element-bf4cff5 elementor-widget elementor-widget-text-editor\" data-id=\"bf4cff5\" data-element_type=\"widget\" data-widget_type=\"text-editor.default\">\n\t\t\t\t<div class=\"elementor-widget-container\">\n\t\t\t\t\t\t\t<p style=\"text-align: center;\"><span style=\"font-size: 18pt; color: #4f4f4f;\">Escucha y comparte nuestros contenidos, donde podr\u00e1s encontrar programas culturales con temas de fe, salud, educaci\u00f3n y relaciones familiares.<\/span><\/p>\t\t\t\t\t\t<\/div>\n\t\t\t\t<\/div>\n\t\t\t\t\t<\/div>\n\t\t<\/div>\n\t\t\t\t\t<\/div>\n\t\t<\/section>\n\t\t\t\t<section class=\"elementor-section elementor-top-section elementor-element elementor-element-041474f elementor-section-boxed elementor-section-height-default elementor-section-height-default\" data-id=\"041474f\" data-element_type=\"section\">\n\t\t\t\t\t\t<div class=\"elementor-container elementor-column-gap-default\">\n\t\t\t\t\t<div class=\"elementor-column elementor-col-100 elementor-top-column elementor-element elementor-element-f1416d9\" data-id=\"f1416d9\" data-element_type=\"column\">\n\t\t\t<div class=\"elementor-widget-wrap elementor-element-populated\">\n\t\t\t\t\t\t<section class=\"elementor-section elementor-inner-section elementor-element elementor-element-a0e4487 elementor-section-boxed elementor-section-height-default elementor-section-height-default\" data-id=\"a0e4487\" data-element_type=\"section\">\n\t\t\t\t\t\t<div class=\"elementor-container elementor-column-gap-default\">\n\t\t\t\t\t<div class=\"elementor-column elementor-col-50 elementor-inner-column elementor-element elementor-element-587ddb7\" data-id=\"587ddb7\" data-element_type=\"column\">\n\t\t\t<div class=\"elementor-widget-wrap elementor-element-populated\">\n\t\t\t\t\t\t<div class=\"elementor-element elementor-element-d1d15b0 elementor-cta--skin-cover elementor-animated-content elementor-bg-transform elementor-bg-transform-zoom-in elementor-widget elementor-widget-call-to-action\" data-id=\"d1d15b0\" data-element_type=\"widget\" data-widget_type=\"call-to-action.default\">\n\t\t\t\t<div class=\"elementor-widget-container\">\n\t\t\t\t\t<div class=\"elementor-cta\">\n\t\t\t\t\t<div class=\"elementor-cta__bg-wrapper\">\n\t\t\t\t<div class=\"elementor-cta__bg elementor-bg\" style=\"background-image: url(https:\/\/radiocompartiendoesperanza.org\/home\/wp-content\/uploads\/2021\/10\/banner-song-1024x768.jpg);\"><\/div>\n\t\t\t\t<div class=\"elementor-cta__bg-overlay\"><\/div>\n\t\t\t<\/div>\n\t\t\t\t\t\t\t<div class=\"elementor-cta__content\">\n\t\t\t\t\n\t\t\t\t<h2 class=\"elementor-cta__title elementor-cta__content-item elementor-content-item elementor-animated-item--grow\">A trav\u00e9s de la m\u00fasica cristiana te inspiramos a la adoraci\u00f3n de Dios.<\/h2>\n\t\t\t\t\t\t\t\t\t<div class=\"elementor-cta__description elementor-cta__content-item elementor-content-item elementor-animated-item--grow\">\n\t\t\t\t\t\tFomentamos la comuni\u00f3n con Dios a trav\u00e9s del amor y el servicio a los dem\u00e1s.\t\t\t\t\t<\/div>\n\t\t\t\t\n\t\t\t\t\t\t\t\t\t<div class=\"elementor-cta__button-wrapper elementor-cta__content-item elementor-content-item elementor-animated-item--grow\">\n\t\t\t\t\t<a class=\"elementor-cta__button elementor-button elementor-size-sm\" href=\"https:\/\/radiocompartiendoesperanza.org\/home\/nosotros\/\">\n\t\t\t\t\t\tLeer m\u00e1s\t\t\t\t\t<\/a>\n\t\t\t\t\t<\/div>\n\t\t\t\t\t\t\t<\/div>\n\t\t\t\t\t\t<\/div>\n\t\t\t\t<\/div>\n\t\t\t\t<\/div>\n\t\t\t\t\t<\/div>\n\t\t<\/div>\n\t\t\t\t<div class=\"elementor-column elementor-col-50 elementor-inner-column elementor-element elementor-element-314f44a\" data-id=\"314f44a\" data-element_type=\"column\">\n\t\t\t<div class=\"elementor-widget-wrap elementor-element-populated\">\n\t\t\t\t\t\t<div class=\"elementor-element elementor-element-f038bce elementor-cta--skin-cover elementor-animated-content elementor-bg-transform elementor-bg-transform-zoom-in elementor-widget elementor-widget-call-to-action\" data-id=\"f038bce\" data-element_type=\"widget\" data-widget_type=\"call-to-action.default\">\n\t\t\t\t<div class=\"elementor-widget-container\">\n\t\t\t\t\t<div class=\"elementor-cta\">\n\t\t\t\t\t<div class=\"elementor-cta__bg-wrapper\">\n\t\t\t\t<div class=\"elementor-cta__bg elementor-bg\" style=\"background-image: url(https:\/\/radiocompartiendoesperanza.org\/home\/wp-content\/uploads\/2021\/10\/banner-historia-1024x768.jpg);\"><\/div>\n\t\t\t\t<div class=\"elementor-cta__bg-overlay\"><\/div>\n\t\t\t<\/div>\n\t\t\t\t\t\t\t<div class=\"elementor-cta__content\">\n\t\t\t\t\n\t\t\t\t<h2 class=\"elementor-cta__title elementor-cta__content-item elementor-content-item elementor-animated-item--grow\">Nuestra historia es parte de tu vida<\/h2>\n\t\t\t\t\t\t\t\t\t<div class=\"elementor-cta__description elementor-cta__content-item elementor-content-item elementor-animated-item--grow\">\n\t\t\t\t\t\tSomos parte de la red global de emisoras Adventistas, que te ofrece programas con temas de fe, salud, educaci\u00f3n y relaciones familiares.\t\t\t\t\t<\/div>\n\t\t\t\t\n\t\t\t\t\t\t\t\t\t<div class=\"elementor-cta__button-wrapper elementor-cta__content-item elementor-content-item elementor-animated-item--grow\">\n\t\t\t\t\t<a class=\"elementor-cta__button elementor-button elementor-size-sm\" href=\"https:\/\/radiocompartiendoesperanza.org\/home\/nosotros\/\">\n\t\t\t\t\t\tLeer m\u00e1s\t\t\t\t\t<\/a>\n\t\t\t\t\t<\/div>\n\t\t\t\t\t\t\t<\/div>\n\t\t\t\t\t\t<\/div>\n\t\t\t\t<\/div>\n\t\t\t\t<\/div>\n\t\t\t\t\t<\/div>\n\t\t<\/div>\n\t\t\t\t\t<\/div>\n\t\t<\/section>\n\t\t\t\t\t<\/div>\n\t\t<\/div>\n\t\t\t\t\t<\/div>\n\t\t<\/section>\n\t\t\t\t<\/div>\n\t\t","protected":false},"excerpt":{"rendered":"<p>Escucha en Vivo Radio Compartiendo Esperanza Programaci\u00f3n siguiente Todas El primer Lugar &#8211; Pr. Dennys Mercedes Alexander Lizardo 1:00 pm Escuela Sab\u00e1tica &#8211; Omar Medina Alexander Lizardo Una Luz en el Camino &#8211; Santiago Pavan Alexander Lizardo 5:00 pm Ecos del Para\u00edso Salvador Demallistre 9:00 pm Palabras de Vida &#8211; Pr. Alejandro Bull\u00f3n Alexander Lizardo&#8230;<\/p>\n","protected":false},"author":1,"featured_media":0,"parent":0,"menu_order":0,"comment_status":"closed","ping_status":"closed","template":"elementor_header_footer","meta":{"footnotes":""},"class_list":["post-1276","page","type-page","status-publish","hentry","have-post-thumb"],"_links":{"self":[{"href":"https:\/\/radiocompartiendoesperanza.org\/home\/wp-json\/wp\/v2\/pages\/1276","targetHints":{"allow":["GET"]}}],"collection":[{"href":"https:\/\/radiocompartiendoesperanza.org\/home\/wp-json\/wp\/v2\/pages"}],"about":[{"href":"https:\/\/radiocompartiendoesperanza.org\/home\/wp-json\/wp\/v2\/types\/page"}],"author":[{"embeddable":true,"href":"https:\/\/radiocompartiendoesperanza.org\/home\/wp-json\/wp\/v2\/users\/1"}],"replies":[{"embeddable":true,"href":"https:\/\/radiocompartiendoesperanza.org\/home\/wp-json\/wp\/v2\/comments?post=1276"}],"version-history":[{"count":298,"href":"https:\/\/radiocompartiendoesperanza.org\/home\/wp-json\/wp\/v2\/pages\/1276\/revisions"}],"predecessor-version":[{"id":6209,"href":"https:\/\/radiocompartiendoesperanza.org\/home\/wp-json\/wp\/v2\/pages\/1276\/revisions\/6209"}],"wp:attachment":[{"href":"https:\/\/radiocompartiendoesperanza.org\/home\/wp-json\/wp\/v2\/media?parent=1276"}],"curies":[{"name":"wp","href":"https:\/\/api.w.org\/{rel}","templated":true}]}}